{"id":9383,"date":"2023-01-25T14:33:01","date_gmt":"2023-01-25T13:33:01","guid":{"rendered":"https:\/\/guillemcalatrava.com\/deportes\/"},"modified":"2025-06-27T12:51:09","modified_gmt":"2025-06-27T10:51:09","slug":"esports","status":"publish","type":"page","link":"https:\/\/guillemcalatrava.com\/ca\/esports\/","title":{"rendered":"Esports"},"content":{"rendered":"<p>[et_pb_section fb_built=&#8221;1&#8243; fullwidth=&#8221;on&#8221; _builder_version=&#8221;4.16&#8243; animation_style=&#8221;slide&#8221; animation_direction=&#8221;top&#8221; animation_intensity_slide=&#8221;2%&#8221; animation_starting_opacity=&#8221;100%&#8221; global_colors_info=&#8221;{}&#8221;][et_pb_fullwidth_header title=&#8221;Fotografia i V\u00eddeo d&apos;Esports&#8221; content_max_width=&#8221;700px&#8221; _builder_version=&#8221;4.19.4&#8243; title_font=&#8221;Lato||||||||&#8221; title_font_size=&#8221;59px&#8221; title_line_height=&#8221;1.2em&#8221; content_font=&#8221;||||||||&#8221; content_font_size=&#8221;20px&#8221; content_line_height=&#8221;1.8em&#8221; background_color=&#8221;rgba(255, 255, 255, 0)&#8221; use_background_color_gradient=&#8221;on&#8221; background_color_gradient_direction=&#8221;90deg&#8221; background_color_gradient_stops=&#8221;rgba(0,0,0,0.75) 0%|rgba(0,0,0,0) 100%&#8221; background_color_gradient_overlays_image=&#8221;on&#8221; background_color_gradient_start=&#8221;rgba(0,0,0,0.75)&#8221; background_color_gradient_end=&#8221;rgba(0,0,0,0)&#8221; background_image=&#8221;https:\/\/guillemcalatrava.com\/wp-content\/uploads\/ski-vallnord2-scaled.jpg&#8221; custom_button_one=&#8221;on&#8221; button_one_text_size=&#8221;18px&#8221; button_one_bg_color=&#8221;#02d002&#8243; button_one_border_width=&#8221;8px&#8221; button_one_border_color=&#8221;#02d002&#8243; button_one_border_radius=&#8221;0px&#8221; button_one_letter_spacing=&#8221;1px&#8221; button_one_font=&#8221;Lato|700|||||||&#8221; button_one_use_icon=&#8221;off&#8221; custom_button_two=&#8221;on&#8221; button_two_text_size=&#8221;18px&#8221; button_two_text_color=&#8221;#353740&#8243; button_two_bg_color=&#8221;#ffffff&#8221; button_two_border_width=&#8221;8px&#8221; button_two_border_color=&#8221;#ffffff&#8221; button_two_border_radius=&#8221;0px&#8221; button_two_letter_spacing=&#8221;1px&#8221; button_two_font=&#8221;Lato|700|||||||&#8221; button_two_use_icon=&#8221;off&#8221; custom_margin=&#8221;|||&#8221; custom_padding=&#8221;12%||12%|&#8221; title_font_size_tablet=&#8221;&#8221; title_font_size_phone=&#8221;51px&#8221; title_font_size_last_edited=&#8221;on|phone&#8221; background_last_edited=&#8221;on|phone&#8221; background_position_phone=&#8221;center_right&#8221; background_horizontal_offset_phone=&#8221;27%&#8221; button_one_letter_spacing_hover=&#8221;1px&#8221; button_two_letter_spacing_hover=&#8221;1px&#8221; global_colors_info=&#8221;{}&#8221; button_one_text_size__hover_enabled=&#8221;off&#8221; button_two_text_size__hover_enabled=&#8221;off&#8221; button_one_text_color__hover_enabled=&#8221;off&#8221; button_two_text_color__hover_enabled=&#8221;off&#8221; button_one_border_width__hover_enabled=&#8221;off&#8221; button_two_border_width__hover_enabled=&#8221;off&#8221; button_one_border_color__hover_enabled=&#8221;off&#8221; button_two_border_color__hover_enabled=&#8221;off&#8221; button_one_border_radius__hover_enabled=&#8221;off&#8221; button_two_border_radius__hover_enabled=&#8221;off&#8221; button_one_letter_spacing__hover_enabled=&#8221;on&#8221; button_one_letter_spacing__hover=&#8221;1px&#8221; button_two_letter_spacing__hover_enabled=&#8221;on&#8221; button_two_letter_spacing__hover=&#8221;1px&#8221; button_one_bg_color__hover_enabled=&#8221;off&#8221; button_two_bg_color__hover_enabled=&#8221;off&#8221;]<\/p>\n<p>&nbsp;<\/p>\n<p><\/p>\n<p>La fotografia i el v\u00eddeo s\u00f3n fonamentals per a la documentaci\u00f3 d\u2019esdeveniments esportius.<\/p>\n<p><\/p>\n<p>Les imatges fixes o en moviment permeten reviure els moments m\u00e9s emocionants i recordats de l\u2019esdeveniment.<\/p>\n<p><\/p>\n<p>S\u00f3n eines essencials per a la promoci\u00f3 i difusi\u00f3 d\u2019esdeveniments esportius a nivell mundial, tant en premsa com en xarxes socials.<\/p>\n<p>[\/et_pb_fullwidth_header][\/et_pb_section][et_pb_section fb_built=&#8221;1&#8243; admin_label=&#8221;Text 1&#8243; _builder_version=&#8221;4.19.4&#8243; custom_padding=&#8221;100px||||false|false&#8221; locked=&#8221;off&#8221; collapsed=&#8221;on&#8221; global_colors_info=&#8221;{}&#8221;][et_pb_row _builder_version=&#8221;4.19.4&#8243; _module_preset=&#8221;default&#8221; global_colors_info=&#8221;{}&#8221;][et_pb_column type=&#8221;4_4&#8243; _builder_version=&#8221;4.19.4&#8243; _module_preset=&#8221;default&#8221; global_colors_info=&#8221;{}&#8221;][et_pb_text admin_label=&#8221;Texto&#8221; _builder_version=&#8221;4.27.4&#8243; text_font=&#8221;||||||||&#8221; text_font_size=&#8221;16px&#8221; text_line_height=&#8221;1.8em&#8221; header_font=&#8221;||||||||&#8221; animation_style=&#8221;flip&#8221; animation_direction=&#8221;left&#8221; animation_intensity_flip=&#8221;20%&#8221; animation_starting_opacity=&#8221;100%&#8221; global_colors_info=&#8221;{}&#8221;]<\/p>\n<p>Els esports, tant si es practiquen en plena natura com en un circuit d\u2019alta velocitat, representen un escenari perfecte per a qui busca aventura, superaci\u00f3 i emocions aut\u00e8ntiques.<\/p>\n<p><\/p>\n<p>Capturar aquests moments en fotografies i v\u00eddeos \u00e9s una manera d\u2019immortalitzar la intensitat de cada gest, cada esfor\u00e7 i cada instant irrepetible.<\/p>\n<p><\/p>\n<p>Tant en entorns naturals com en esdeveniments de motor, la fotografia i el v\u00eddeo presenten reptes t\u00e8cnics \u2014com la llum canviant, la climatologia o la velocitat\u2014 que fan que cada captura sigui tan exigent com gratificant.<\/p>\n<p>[\/et_pb_text][\/et_pb_column][\/et_pb_row][et_pb_row admin_label=&#8221;FOTOS MOTORSPORT&#8221; _builder_version=&#8221;4.27.4&#8243; _module_preset=&#8221;default&#8221; width=&#8221;90%&#8221; max_width=&#8221;2560px&#8221; custom_margin=&#8221;||0px||false|false&#8221; custom_padding=&#8221;||0px||false|false&#8221; locked=&#8221;off&#8221; global_colors_info=&#8221;{}&#8221;][et_pb_column type=&#8221;4_4&#8243; _builder_version=&#8221;4.19.4&#8243; _module_preset=&#8221;default&#8221; global_colors_info=&#8221;{}&#8221;][et_pb_text disabled_on=&#8221;on|on|off&#8221; admin_label=&#8221;Fotos Motorsport &#8211; PC&#8221; _builder_version=&#8221;4.27.4&#8243; _module_preset=&#8221;default&#8221; global_colors_info=&#8221;{}&#8221;]<\/p>\n<div id=\"jig1\" class=\"justified-image-grid jig-209efd0800cff041be2b6acd57a8f014 jig-preset-global jig-source-nextgen\"><div class=\"jig-clearfix\"><\/div><noscript id=\"jig1-html\" class=\"justified-image-grid-html\" data-lazy-src=\"skiplazyload\" data-src=\"skipunveillazyload\"><ul><li><a href=\"https:\/\/guillemcalatrava.com\/wp-content\/gallery\/motorsport\/20080607_Circuit_de_Catalunya_MotoGP_2142.jpg\" title=\"20080607_Circuit_de_Catalunya_MotoGP_2142\"><img loading=\"lazy\" decoding=\"async\" src=\"https:\/\/guillemcalatrava.com\/wp-content\/plugins\/justified-image-grid\/timthumb.php?src=https%3A%2F%2Fguillemcalatrava.com%2Fwp-content%2Fgallery%2Fmotorsport%2F20080607_Circuit_de_Catalunya_MotoGP_2142.jpg&amp;h=280&amp;q=90&amp;f=.jpg\" alt=\"Moto GP\" width=\"420\" height=\"280\" \/><\/a><p class=\"jig-HTMLdescription\">Moto GP<br\/>20080607_Circuit_de_Catalunya_MotoGP_2142<\/p><\/li><li><a href=\"https:\/\/guillemcalatrava.com\/wp-content\/gallery\/motorsport\/GCM05059.jpg\" title=\"GCM05059\"><img loading=\"lazy\" decoding=\"async\" src=\"https:\/\/guillemcalatrava.com\/wp-content\/plugins\/justified-image-grid\/timthumb.php?src=https%3A%2F%2Fguillemcalatrava.com%2Fwp-content%2Fgallery%2Fmotorsport%2FGCM05059.jpg&amp;h=280&amp;q=90&amp;f=.jpg\" alt=\"Harley Davidson\" width=\"420\" height=\"280\" \/><\/a><p class=\"jig-HTMLdescription\">Harley Davidson<br\/>GCM05059<\/p><\/li><li><a href=\"https:\/\/guillemcalatrava.com\/wp-content\/gallery\/motorsport\/DSCF7269.jpg\" title=\"DSCF7269\"><img loading=\"lazy\" decoding=\"async\" src=\"https:\/\/guillemcalatrava.com\/wp-content\/plugins\/justified-image-grid\/timthumb.php?src=https%3A%2F%2Fguillemcalatrava.com%2Fwp-content%2Fgallery%2Fmotorsport%2FDSCF7269.jpg&amp;h=280&amp;q=90&amp;f=.jpg\" alt=\"Aprilia All Stars 2025\" width=\"224\" height=\"280\" \/><\/a><p class=\"jig-HTMLdescription\">Aprilia All Stars 2025<br\/>DSCF7269<\/p><\/li><li><a href=\"https:\/\/guillemcalatrava.com\/wp-content\/gallery\/motorsport\/20080607_Circuit_de_Catalunya_MotoGP_2453.jpg\" title=\"20080607_Circuit_de_Catalunya_MotoGP_2453\"><img loading=\"lazy\" decoding=\"async\" src=\"https:\/\/guillemcalatrava.com\/wp-content\/plugins\/justified-image-grid\/timthumb.php?src=https%3A%2F%2Fguillemcalatrava.com%2Fwp-content%2Fgallery%2Fmotorsport%2F20080607_Circuit_de_Catalunya_MotoGP_2453.jpg&amp;h=280&amp;q=90&amp;f=.jpg\" alt=\"Moto GP\" width=\"419\" height=\"280\" \/><\/a><p class=\"jig-HTMLdescription\">Moto GP<br\/>20080607_Circuit_de_Catalunya_MotoGP_2453<\/p><\/li><li><a href=\"https:\/\/guillemcalatrava.com\/wp-content\/gallery\/motorsport\/Ralli_Osona_154.jpg\" title=\"Ralli_Osona_154\"><img loading=\"lazy\" decoding=\"async\" src=\"https:\/\/guillemcalatrava.com\/wp-content\/plugins\/justified-image-grid\/timthumb.php?src=https%3A%2F%2Fguillemcalatrava.com%2Fwp-content%2Fgallery%2Fmotorsport%2FRalli_Osona_154.jpg&amp;h=280&amp;q=90&amp;f=.jpg\" alt=\"Rally Osona\" width=\"420\" height=\"280\" \/><\/a><p class=\"jig-HTMLdescription\">Rally Osona<br\/>Ralli_Osona_154<\/p><\/li><li><a href=\"https:\/\/guillemcalatrava.com\/wp-content\/gallery\/motorsport\/DSCF4889.jpg\" title=\"DSCF4889\"><img loading=\"lazy\" decoding=\"async\" src=\"https:\/\/guillemcalatrava.com\/wp-content\/plugins\/justified-image-grid\/timthumb.php?src=https%3A%2F%2Fguillemcalatrava.com%2Fwp-content%2Fgallery%2Fmotorsport%2FDSCF4889.jpg&amp;h=280&amp;q=90&amp;f=.jpg\" alt=\"Aprilia All Stars 2025\" width=\"350\" height=\"280\" \/><\/a><p class=\"jig-HTMLdescription\">Aprilia All Stars 2025<br\/>DSCF4889<\/p><\/li><li><a href=\"https:\/\/guillemcalatrava.com\/wp-content\/gallery\/motorsport\/GCM04884.jpg\" title=\"GCM04884\"><img loading=\"lazy\" decoding=\"async\" src=\"https:\/\/guillemcalatrava.com\/wp-content\/plugins\/justified-image-grid\/timthumb.php?src=https%3A%2F%2Fguillemcalatrava.com%2Fwp-content%2Fgallery%2Fmotorsport%2FGCM04884.jpg&amp;h=280&amp;q=90&amp;f=.jpg\" alt=\"Harley Davidson\" width=\"420\" height=\"280\" \/><\/a><p class=\"jig-HTMLdescription\">Harley Davidson<br\/>GCM04884<\/p><\/li><li><a href=\"https:\/\/guillemcalatrava.com\/wp-content\/gallery\/motorsport\/20080607_Circuit_de_Catalunya_MotoGP_2424.jpg\" title=\"20080607_Circuit_de_Catalunya_MotoGP_2424\"><img loading=\"lazy\" decoding=\"async\" src=\"https:\/\/guillemcalatrava.com\/wp-content\/plugins\/justified-image-grid\/timthumb.php?src=https%3A%2F%2Fguillemcalatrava.com%2Fwp-content%2Fgallery%2Fmotorsport%2F20080607_Circuit_de_Catalunya_MotoGP_2424.jpg&amp;h=280&amp;q=90&amp;f=.jpg\" alt=\"Moto GP\" width=\"419\" height=\"280\" \/><\/a><p class=\"jig-HTMLdescription\">Moto GP<br\/>20080607_Circuit_de_Catalunya_MotoGP_2424<\/p><\/li><li><a href=\"https:\/\/guillemcalatrava.com\/wp-content\/gallery\/motorsport\/GCM09898.jpg\" title=\"GCM09898\"><img loading=\"lazy\" decoding=\"async\" src=\"https:\/\/guillemcalatrava.com\/wp-content\/plugins\/justified-image-grid\/timthumb.php?src=https%3A%2F%2Fguillemcalatrava.com%2Fwp-content%2Fgallery%2Fmotorsport%2FGCM09898.jpg&amp;h=280&amp;q=90&amp;f=.jpg\" alt=\"Aprilia All Stars 2025\" width=\"224\" height=\"280\" \/><\/a><p class=\"jig-HTMLdescription\">Aprilia All Stars 2025<br\/>GCM09898<\/p><\/li><li><a href=\"https:\/\/guillemcalatrava.com\/wp-content\/gallery\/motorsport\/GCM_3687.jpg\" title=\"GCM_3687\"><img loading=\"lazy\" decoding=\"async\" src=\"https:\/\/guillemcalatrava.com\/wp-content\/plugins\/justified-image-grid\/timthumb.php?src=https%3A%2F%2Fguillemcalatrava.com%2Fwp-content%2Fgallery%2Fmotorsport%2FGCM_3687.jpg&amp;h=280&amp;q=90&amp;f=.jpg\" alt=\"Rally Sant Juli\u00e0 de Vilatorta\" width=\"420\" height=\"280\" \/><\/a><p class=\"jig-HTMLdescription\">Rally Sant Juli\u00e0 de Vilatorta<br\/>GCM_3687<\/p><\/li><li><a href=\"https:\/\/guillemcalatrava.com\/wp-content\/gallery\/motorsport\/GCM05004.jpg\" title=\"GCM05004\"><img loading=\"lazy\" decoding=\"async\" src=\"https:\/\/guillemcalatrava.com\/wp-content\/plugins\/justified-image-grid\/timthumb.php?src=https%3A%2F%2Fguillemcalatrava.com%2Fwp-content%2Fgallery%2Fmotorsport%2FGCM05004.jpg&amp;h=280&amp;q=90&amp;f=.jpg\" alt=\"Harley Davidson\" width=\"420\" height=\"280\" \/><\/a><p class=\"jig-HTMLdescription\">Harley Davidson<br\/>GCM05004<\/p><\/li><li><a href=\"https:\/\/guillemcalatrava.com\/wp-content\/gallery\/motorsport\/20080607_Circuit_de_Catalunya_MotoGP_2238.jpg\" title=\"20080607_Circuit_de_Catalunya_MotoGP_2238\"><img loading=\"lazy\" decoding=\"async\" src=\"https:\/\/guillemcalatrava.com\/wp-content\/plugins\/justified-image-grid\/timthumb.php?src=https%3A%2F%2Fguillemcalatrava.com%2Fwp-content%2Fgallery%2Fmotorsport%2F20080607_Circuit_de_Catalunya_MotoGP_2238.jpg&amp;h=280&amp;q=90&amp;f=.jpg\" alt=\"Moto GP\" width=\"420\" height=\"280\" \/><\/a><p class=\"jig-HTMLdescription\">Moto GP<br\/>20080607_Circuit_de_Catalunya_MotoGP_2238<\/p><\/li><li><a href=\"https:\/\/guillemcalatrava.com\/wp-content\/gallery\/motorsport\/GCM_5238.jpg\" title=\"GCM_5238\"><img loading=\"lazy\" decoding=\"async\" src=\"https:\/\/guillemcalatrava.com\/wp-content\/plugins\/justified-image-grid\/timthumb.php?src=https%3A%2F%2Fguillemcalatrava.com%2Fwp-content%2Fgallery%2Fmotorsport%2FGCM_5238.jpg&amp;h=280&amp;q=90&amp;f=.jpg\" alt=\"Moto GP\" width=\"420\" height=\"280\" \/><\/a><p class=\"jig-HTMLdescription\">Moto GP<br\/>GCM_5238<\/p><\/li><li><a href=\"https:\/\/guillemcalatrava.com\/wp-content\/gallery\/motorsport\/1_DSCF6946.jpg\" title=\"1_DSCF6946\"><img loading=\"lazy\" decoding=\"async\" src=\"https:\/\/guillemcalatrava.com\/wp-content\/plugins\/justified-image-grid\/timthumb.php?src=https%3A%2F%2Fguillemcalatrava.com%2Fwp-content%2Fgallery%2Fmotorsport%2F1_DSCF6946.jpg&amp;h=280&amp;q=90&amp;f=.jpg\" alt=\"Aprilia All Stars 2025\" width=\"224\" height=\"280\" \/><\/a><p class=\"jig-HTMLdescription\">Aprilia All Stars 2025<br\/>1_DSCF6946<\/p><\/li><li><a href=\"https:\/\/guillemcalatrava.com\/wp-content\/gallery\/motorsport\/1_DSCF5720.jpg\" title=\"1_DSCF5720\"><img loading=\"lazy\" decoding=\"async\" src=\"https:\/\/guillemcalatrava.com\/wp-content\/plugins\/justified-image-grid\/timthumb.php?src=https%3A%2F%2Fguillemcalatrava.com%2Fwp-content%2Fgallery%2Fmotorsport%2F1_DSCF5720.jpg&amp;h=280&amp;q=90&amp;f=.jpg\" alt=\"Aprilia All Stars 2025\" width=\"224\" height=\"280\" \/><\/a><p class=\"jig-HTMLdescription\">Aprilia All Stars 2025<br\/>1_DSCF5720<\/p><\/li><li><a href=\"https:\/\/guillemcalatrava.com\/wp-content\/gallery\/motorsport\/Rally_Sant_Julia_1300.jpg\" title=\"Rally_Sant_Julia_1300\"><img loading=\"lazy\" decoding=\"async\" src=\"https:\/\/guillemcalatrava.com\/wp-content\/plugins\/justified-image-grid\/timthumb.php?src=https%3A%2F%2Fguillemcalatrava.com%2Fwp-content%2Fgallery%2Fmotorsport%2FRally_Sant_Julia_1300.jpg&amp;h=280&amp;q=90&amp;f=.jpg\" alt=\"Rally Sant Juli\u00e0 de Vilatorta\" width=\"420\" height=\"280\" \/><\/a><p class=\"jig-HTMLdescription\">Rally Sant Juli\u00e0 de Vilatorta<br\/>Rally_Sant_Julia_1300<\/p><\/li><li><a href=\"https:\/\/guillemcalatrava.com\/wp-content\/gallery\/motorsport\/rally_st_julia_005.jpg\" title=\"rally_st_julia_005\"><img loading=\"lazy\" decoding=\"async\" src=\"https:\/\/guillemcalatrava.com\/wp-content\/plugins\/justified-image-grid\/timthumb.php?src=https%3A%2F%2Fguillemcalatrava.com%2Fwp-content%2Fgallery%2Fmotorsport%2Frally_st_julia_005.jpg&amp;h=280&amp;q=90&amp;f=.jpg\" alt=\"Rally Sant Juli\u00e0 de Vilatorta\" width=\"420\" height=\"280\" \/><\/a><p class=\"jig-HTMLdescription\">Rally Sant Juli\u00e0 de Vilatorta<br\/>rally_st_julia_005<\/p><\/li><li><a href=\"https:\/\/guillemcalatrava.com\/wp-content\/gallery\/motorsport\/rally_st_julia_341.jpg\" title=\"rally_st_julia_341\"><img loading=\"lazy\" decoding=\"async\" src=\"https:\/\/guillemcalatrava.com\/wp-content\/plugins\/justified-image-grid\/timthumb.php?src=https%3A%2F%2Fguillemcalatrava.com%2Fwp-content%2Fgallery%2Fmotorsport%2Frally_st_julia_341.jpg&amp;h=280&amp;q=90&amp;f=.jpg\" alt=\"Rally Sant Juli\u00e0 de Vilatorta\" width=\"419\" height=\"280\" \/><\/a><p class=\"jig-HTMLdescription\">Rally Sant Juli\u00e0 de Vilatorta<br\/>rally_st_julia_341<\/p><\/li><li><a href=\"https:\/\/guillemcalatrava.com\/wp-content\/gallery\/motorsport\/20080607_Circuit_de_Catalunya_MotoGP_2420.jpg\" title=\"20080607_Circuit_de_Catalunya_MotoGP_2420\"><img loading=\"lazy\" decoding=\"async\" src=\"https:\/\/guillemcalatrava.com\/wp-content\/plugins\/justified-image-grid\/timthumb.php?src=https%3A%2F%2Fguillemcalatrava.com%2Fwp-content%2Fgallery%2Fmotorsport%2F20080607_Circuit_de_Catalunya_MotoGP_2420.jpg&amp;h=280&amp;q=90&amp;f=.jpg\" alt=\"Moto GP\" width=\"420\" height=\"280\" \/><\/a><p class=\"jig-HTMLdescription\">Moto GP<br\/>20080607_Circuit_de_Catalunya_MotoGP_2420<\/p><\/li><li><a href=\"https:\/\/guillemcalatrava.com\/wp-content\/gallery\/motorsport\/20080607_Circuit_de_Catalunya_MotoGP_2378.jpg\" title=\"20080607_Circuit_de_Catalunya_MotoGP_2378\"><img loading=\"lazy\" decoding=\"async\" src=\"https:\/\/guillemcalatrava.com\/wp-content\/plugins\/justified-image-grid\/timthumb.php?src=https%3A%2F%2Fguillemcalatrava.com%2Fwp-content%2Fgallery%2Fmotorsport%2F20080607_Circuit_de_Catalunya_MotoGP_2378.jpg&amp;h=280&amp;q=90&amp;f=.jpg\" alt=\"Moto GP\" width=\"419\" height=\"280\" \/><\/a><p class=\"jig-HTMLdescription\">Moto GP<br\/>20080607_Circuit_de_Catalunya_MotoGP_2378<\/p><\/li><li><a href=\"https:\/\/guillemcalatrava.com\/wp-content\/gallery\/motorsport\/GCM_3453.jpg\" title=\"GCM_3453\"><img loading=\"lazy\" decoding=\"async\" src=\"https:\/\/guillemcalatrava.com\/wp-content\/plugins\/justified-image-grid\/timthumb.php?src=https%3A%2F%2Fguillemcalatrava.com%2Fwp-content%2Fgallery%2Fmotorsport%2FGCM_3453.jpg&amp;h=280&amp;q=90&amp;f=.jpg\" alt=\"Rally Sant Juli\u00e0 de Vilatorta\" width=\"420\" height=\"280\" \/><\/a><p class=\"jig-HTMLdescription\">Rally Sant Juli\u00e0 de Vilatorta<br\/>GCM_3453<\/p><\/li><li><a href=\"https:\/\/guillemcalatrava.com\/wp-content\/gallery\/motorsport\/DSCF6664.jpg\" title=\"DSCF6664\"><img loading=\"lazy\" decoding=\"async\" src=\"https:\/\/guillemcalatrava.com\/wp-content\/plugins\/justified-image-grid\/timthumb.php?src=https%3A%2F%2Fguillemcalatrava.com%2Fwp-content%2Fgallery%2Fmotorsport%2FDSCF6664.jpg&amp;h=280&amp;q=90&amp;f=.jpg\" alt=\"Aprilia All Stars 2025\" width=\"224\" height=\"280\" \/><\/a><p class=\"jig-HTMLdescription\">Aprilia All Stars 2025<br\/>DSCF6664<\/p><\/li><li><a href=\"https:\/\/guillemcalatrava.com\/wp-content\/gallery\/motorsport\/MG_9201.jpg\" title=\"MG_9201\"><img loading=\"lazy\" decoding=\"async\" src=\"https:\/\/guillemcalatrava.com\/wp-content\/plugins\/justified-image-grid\/timthumb.php?src=https%3A%2F%2Fguillemcalatrava.com%2Fwp-content%2Fgallery%2Fmotorsport%2FMG_9201.jpg&amp;h=280&amp;q=90&amp;f=.jpg\" alt=\"Moto GP\" width=\"363\" height=\"280\" \/><\/a><p class=\"jig-HTMLdescription\">Moto GP<br\/>MG_9201<\/p><\/li><li><a href=\"https:\/\/guillemcalatrava.com\/wp-content\/gallery\/motorsport\/20080607_Circuit_de_Catalunya_MotoGP_2090.jpg\" title=\"20080607_Circuit_de_Catalunya_MotoGP_2090\"><img loading=\"lazy\" decoding=\"async\" src=\"https:\/\/guillemcalatrava.com\/wp-content\/plugins\/justified-image-grid\/timthumb.php?src=https%3A%2F%2Fguillemcalatrava.com%2Fwp-content%2Fgallery%2Fmotorsport%2F20080607_Circuit_de_Catalunya_MotoGP_2090.jpg&amp;h=280&amp;q=90&amp;f=.jpg\" alt=\"Moto GP\" width=\"420\" height=\"280\" \/><\/a><p class=\"jig-HTMLdescription\">Moto GP<br\/>20080607_Circuit_de_Catalunya_MotoGP_2090<\/p><\/li><li><a href=\"https:\/\/guillemcalatrava.com\/wp-content\/gallery\/motorsport\/MG_9398.jpg\" title=\"MG_9398\"><img loading=\"lazy\" decoding=\"async\" src=\"https:\/\/guillemcalatrava.com\/wp-content\/plugins\/justified-image-grid\/timthumb.php?src=https%3A%2F%2Fguillemcalatrava.com%2Fwp-content%2Fgallery%2Fmotorsport%2FMG_9398.jpg&amp;h=280&amp;q=90&amp;f=.jpg\" alt=\"Moto GP\" width=\"420\" height=\"280\" \/><\/a><p class=\"jig-HTMLdescription\">Moto GP<br\/>MG_9398<\/p><\/li><\/ul><\/noscript><\/div>\n<p>[\/et_pb_text][et_pb_text disabled_on=&#8221;off|off|on&#8221; admin_label=&#8221;Fotos Motorsport &#8211; Phone-Tablet&#8221; _builder_version=&#8221;4.27.4&#8243; _module_preset=&#8221;default&#8221; global_colors_info=&#8221;{}&#8221;]<\/p>\n<div id=\"jig2\" class=\"justified-image-grid jig-3cc0306f7108fdae9f2a3c72cda9f353 jig-preset-global jig-source-nextgen\"><div class=\"jig-clearfix\"><\/div><noscript id=\"jig2-html\" class=\"justified-image-grid-html\" data-lazy-src=\"skiplazyload\" data-src=\"skipunveillazyload\"><ul><li><a href=\"https:\/\/guillemcalatrava.com\/wp-content\/gallery\/motorsport\/Ralli_Osona_154.jpg\" title=\"Ralli_Osona_154\"><img loading=\"lazy\" decoding=\"async\" src=\"https:\/\/guillemcalatrava.com\/wp-content\/plugins\/justified-image-grid\/timthumb.php?src=https%3A%2F%2Fguillemcalatrava.com%2Fwp-content%2Fgallery%2Fmotorsport%2FRalli_Osona_154.jpg&amp;h=280&amp;q=90&amp;f=.jpg\" alt=\"Rally Osona\" width=\"420\" height=\"280\" \/><\/a><p class=\"jig-HTMLdescription\">Rally Osona<br\/>Ralli_Osona_154<\/p><\/li><li><a href=\"https:\/\/guillemcalatrava.com\/wp-content\/gallery\/motorsport\/GCM_3453.jpg\" title=\"GCM_3453\"><img loading=\"lazy\" decoding=\"async\" src=\"https:\/\/guillemcalatrava.com\/wp-content\/plugins\/justified-image-grid\/timthumb.php?src=https%3A%2F%2Fguillemcalatrava.com%2Fwp-content%2Fgallery%2Fmotorsport%2FGCM_3453.jpg&amp;h=280&amp;q=90&amp;f=.jpg\" alt=\"Rally Sant Juli\u00e0 de Vilatorta\" width=\"420\" height=\"280\" \/><\/a><p class=\"jig-HTMLdescription\">Rally Sant Juli\u00e0 de Vilatorta<br\/>GCM_3453<\/p><\/li><li><a href=\"https:\/\/guillemcalatrava.com\/wp-content\/gallery\/motorsport\/20080607_Circuit_de_Catalunya_MotoGP_2102.jpg\" title=\"20080607_Circuit_de_Catalunya_MotoGP_2102\"><img loading=\"lazy\" decoding=\"async\" src=\"https:\/\/guillemcalatrava.com\/wp-content\/plugins\/justified-image-grid\/timthumb.php?src=https%3A%2F%2Fguillemcalatrava.com%2Fwp-content%2Fgallery%2Fmotorsport%2F20080607_Circuit_de_Catalunya_MotoGP_2102.jpg&amp;h=280&amp;q=90&amp;f=.jpg\" alt=\"Moto GP\" width=\"420\" height=\"280\" \/><\/a><p class=\"jig-HTMLdescription\">Moto GP<br\/>20080607_Circuit_de_Catalunya_MotoGP_2102<\/p><\/li><li><a href=\"https:\/\/guillemcalatrava.com\/wp-content\/gallery\/motorsport\/GCM09898.jpg\" title=\"GCM09898\"><img loading=\"lazy\" decoding=\"async\" src=\"https:\/\/guillemcalatrava.com\/wp-content\/plugins\/justified-image-grid\/timthumb.php?src=https%3A%2F%2Fguillemcalatrava.com%2Fwp-content%2Fgallery%2Fmotorsport%2FGCM09898.jpg&amp;h=280&amp;q=90&amp;f=.jpg\" alt=\"Aprilia All Stars 2025\" width=\"224\" height=\"280\" \/><\/a><p class=\"jig-HTMLdescription\">Aprilia All Stars 2025<br\/>GCM09898<\/p><\/li><li><a href=\"https:\/\/guillemcalatrava.com\/wp-content\/gallery\/motorsport\/DSCF4889.jpg\" title=\"DSCF4889\"><img loading=\"lazy\" decoding=\"async\" src=\"https:\/\/guillemcalatrava.com\/wp-content\/plugins\/justified-image-grid\/timthumb.php?src=https%3A%2F%2Fguillemcalatrava.com%2Fwp-content%2Fgallery%2Fmotorsport%2FDSCF4889.jpg&amp;h=280&amp;q=90&amp;f=.jpg\" alt=\"Aprilia All Stars 2025\" width=\"350\" height=\"280\" \/><\/a><p class=\"jig-HTMLdescription\">Aprilia All Stars 2025<br\/>DSCF4889<\/p><\/li><li><a href=\"https:\/\/guillemcalatrava.com\/wp-content\/gallery\/motorsport\/Rally_Sant_Julia_1569.jpg\" title=\"Rally_Sant_Julia_1569\"><img loading=\"lazy\" decoding=\"async\" src=\"https:\/\/guillemcalatrava.com\/wp-content\/plugins\/justified-image-grid\/timthumb.php?src=https%3A%2F%2Fguillemcalatrava.com%2Fwp-content%2Fgallery%2Fmotorsport%2FRally_Sant_Julia_1569.jpg&amp;h=280&amp;q=90&amp;f=.jpg\" alt=\"Rally Sant Juli\u00e0 de Vilatorta\" width=\"420\" height=\"280\" \/><\/a><p class=\"jig-HTMLdescription\">Rally Sant Juli\u00e0 de Vilatorta<br\/>Rally_Sant_Julia_1569<\/p><\/li><li><a href=\"https:\/\/guillemcalatrava.com\/wp-content\/gallery\/motorsport\/rally_st_julia_341.jpg\" title=\"rally_st_julia_341\"><img loading=\"lazy\" decoding=\"async\" src=\"https:\/\/guillemcalatrava.com\/wp-content\/plugins\/justified-image-grid\/timthumb.php?src=https%3A%2F%2Fguillemcalatrava.com%2Fwp-content%2Fgallery%2Fmotorsport%2Frally_st_julia_341.jpg&amp;h=280&amp;q=90&amp;f=.jpg\" alt=\"Rally Sant Juli\u00e0 de Vilatorta\" width=\"419\" height=\"280\" \/><\/a><p class=\"jig-HTMLdescription\">Rally Sant Juli\u00e0 de Vilatorta<br\/>rally_st_julia_341<\/p><\/li><li><a href=\"https:\/\/guillemcalatrava.com\/wp-content\/gallery\/motorsport\/20080607_Circuit_de_Catalunya_MotoGP_2378.jpg\" title=\"20080607_Circuit_de_Catalunya_MotoGP_2378\"><img loading=\"lazy\" decoding=\"async\" src=\"https:\/\/guillemcalatrava.com\/wp-content\/plugins\/justified-image-grid\/timthumb.php?src=https%3A%2F%2Fguillemcalatrava.com%2Fwp-content%2Fgallery%2Fmotorsport%2F20080607_Circuit_de_Catalunya_MotoGP_2378.jpg&amp;h=280&amp;q=90&amp;f=.jpg\" alt=\"Moto GP\" width=\"419\" height=\"280\" \/><\/a><p class=\"jig-HTMLdescription\">Moto GP<br\/>20080607_Circuit_de_Catalunya_MotoGP_2378<\/p><\/li><li><a href=\"https:\/\/guillemcalatrava.com\/wp-content\/gallery\/motorsport\/GCM_5118.jpg\" title=\"GCM_5118\"><img loading=\"lazy\" decoding=\"async\" src=\"https:\/\/guillemcalatrava.com\/wp-content\/plugins\/justified-image-grid\/timthumb.php?src=https%3A%2F%2Fguillemcalatrava.com%2Fwp-content%2Fgallery%2Fmotorsport%2FGCM_5118.jpg&amp;h=280&amp;q=90&amp;f=.jpg\" alt=\"Moto GP\" width=\"420\" height=\"280\" \/><\/a><p class=\"jig-HTMLdescription\">Moto GP<br\/>GCM_5118<\/p><\/li><li><a href=\"https:\/\/guillemcalatrava.com\/wp-content\/gallery\/motorsport\/20080607_Circuit_de_Catalunya_MotoGP_2238.jpg\" title=\"20080607_Circuit_de_Catalunya_MotoGP_2238\"><img loading=\"lazy\" decoding=\"async\" src=\"https:\/\/guillemcalatrava.com\/wp-content\/plugins\/justified-image-grid\/timthumb.php?src=https%3A%2F%2Fguillemcalatrava.com%2Fwp-content%2Fgallery%2Fmotorsport%2F20080607_Circuit_de_Catalunya_MotoGP_2238.jpg&amp;h=280&amp;q=90&amp;f=.jpg\" alt=\"Moto GP\" width=\"420\" height=\"280\" \/><\/a><p class=\"jig-HTMLdescription\">Moto GP<br\/>20080607_Circuit_de_Catalunya_MotoGP_2238<\/p><\/li><li><a href=\"https:\/\/guillemcalatrava.com\/wp-content\/gallery\/motorsport\/DSCF7269.jpg\" title=\"DSCF7269\"><img loading=\"lazy\" decoding=\"async\" src=\"https:\/\/guillemcalatrava.com\/wp-content\/plugins\/justified-image-grid\/timthumb.php?src=https%3A%2F%2Fguillemcalatrava.com%2Fwp-content%2Fgallery%2Fmotorsport%2FDSCF7269.jpg&amp;h=280&amp;q=90&amp;f=.jpg\" alt=\"Aprilia All Stars 2025\" width=\"224\" height=\"280\" \/><\/a><p class=\"jig-HTMLdescription\">Aprilia All Stars 2025<br\/>DSCF7269<\/p><\/li><li><a href=\"https:\/\/guillemcalatrava.com\/wp-content\/gallery\/motorsport\/GCM05059.jpg\" title=\"GCM05059\"><img loading=\"lazy\" decoding=\"async\" src=\"https:\/\/guillemcalatrava.com\/wp-content\/plugins\/justified-image-grid\/timthumb.php?src=https%3A%2F%2Fguillemcalatrava.com%2Fwp-content%2Fgallery%2Fmotorsport%2FGCM05059.jpg&amp;h=280&amp;q=90&amp;f=.jpg\" alt=\"Harley Davidson\" width=\"420\" height=\"280\" \/><\/a><p class=\"jig-HTMLdescription\">Harley Davidson<br\/>GCM05059<\/p><\/li><li><a href=\"https:\/\/guillemcalatrava.com\/wp-content\/gallery\/motorsport\/20080607_Circuit_de_Catalunya_MotoGP_2424.jpg\" title=\"20080607_Circuit_de_Catalunya_MotoGP_2424\"><img loading=\"lazy\" decoding=\"async\" src=\"https:\/\/guillemcalatrava.com\/wp-content\/plugins\/justified-image-grid\/timthumb.php?src=https%3A%2F%2Fguillemcalatrava.com%2Fwp-content%2Fgallery%2Fmotorsport%2F20080607_Circuit_de_Catalunya_MotoGP_2424.jpg&amp;h=280&amp;q=90&amp;f=.jpg\" alt=\"Moto GP\" width=\"419\" height=\"280\" \/><\/a><p class=\"jig-HTMLdescription\">Moto GP<br\/>20080607_Circuit_de_Catalunya_MotoGP_2424<\/p><\/li><li><a href=\"https:\/\/guillemcalatrava.com\/wp-content\/gallery\/motorsport\/GCM_5238.jpg\" title=\"GCM_5238\"><img loading=\"lazy\" decoding=\"async\" src=\"https:\/\/guillemcalatrava.com\/wp-content\/plugins\/justified-image-grid\/timthumb.php?src=https%3A%2F%2Fguillemcalatrava.com%2Fwp-content%2Fgallery%2Fmotorsport%2FGCM_5238.jpg&amp;h=280&amp;q=90&amp;f=.jpg\" alt=\"Moto GP\" width=\"420\" height=\"280\" \/><\/a><p class=\"jig-HTMLdescription\">Moto GP<br\/>GCM_5238<\/p><\/li><li><a href=\"https:\/\/guillemcalatrava.com\/wp-content\/gallery\/motorsport\/GCM05004.jpg\" title=\"GCM05004\"><img loading=\"lazy\" decoding=\"async\" src=\"https:\/\/guillemcalatrava.com\/wp-content\/plugins\/justified-image-grid\/timthumb.php?src=https%3A%2F%2Fguillemcalatrava.com%2Fwp-content%2Fgallery%2Fmotorsport%2FGCM05004.jpg&amp;h=280&amp;q=90&amp;f=.jpg\" alt=\"Harley Davidson\" width=\"420\" height=\"280\" \/><\/a><p class=\"jig-HTMLdescription\">Harley Davidson<br\/>GCM05004<\/p><\/li><li><a href=\"https:\/\/guillemcalatrava.com\/wp-content\/gallery\/motorsport\/rally_st_julia_417.jpg\" title=\"rally_st_julia_417\"><img loading=\"lazy\" decoding=\"async\" src=\"https:\/\/guillemcalatrava.com\/wp-content\/plugins\/justified-image-grid\/timthumb.php?src=https%3A%2F%2Fguillemcalatrava.com%2Fwp-content%2Fgallery%2Fmotorsport%2Frally_st_julia_417.jpg&amp;h=280&amp;q=90&amp;f=.jpg\" alt=\"Rally Sant Juli\u00e0 de Vilatorta\" width=\"420\" height=\"280\" \/><\/a><p class=\"jig-HTMLdescription\">Rally Sant Juli\u00e0 de Vilatorta<br\/>rally_st_julia_417<\/p><\/li><li><a href=\"https:\/\/guillemcalatrava.com\/wp-content\/gallery\/motorsport\/20080607_Circuit_de_Catalunya_MotoGP_2142.jpg\" title=\"20080607_Circuit_de_Catalunya_MotoGP_2142\"><img loading=\"lazy\" decoding=\"async\" src=\"https:\/\/guillemcalatrava.com\/wp-content\/plugins\/justified-image-grid\/timthumb.php?src=https%3A%2F%2Fguillemcalatrava.com%2Fwp-content%2Fgallery%2Fmotorsport%2F20080607_Circuit_de_Catalunya_MotoGP_2142.jpg&amp;h=280&amp;q=90&amp;f=.jpg\" alt=\"Moto GP\" width=\"420\" height=\"280\" \/><\/a><p class=\"jig-HTMLdescription\">Moto GP<br\/>20080607_Circuit_de_Catalunya_MotoGP_2142<\/p><\/li><li><a href=\"https:\/\/guillemcalatrava.com\/wp-content\/gallery\/motorsport\/Ralli_Osona_111.jpg\" title=\"Ralli_Osona_111\"><img loading=\"lazy\" decoding=\"async\" src=\"https:\/\/guillemcalatrava.com\/wp-content\/plugins\/justified-image-grid\/timthumb.php?src=https%3A%2F%2Fguillemcalatrava.com%2Fwp-content%2Fgallery%2Fmotorsport%2FRalli_Osona_111.jpg&amp;h=280&amp;q=90&amp;f=.jpg\" alt=\"Rally Osona\" width=\"420\" height=\"280\" \/><\/a><p class=\"jig-HTMLdescription\">Rally Osona<br\/>Ralli_Osona_111<\/p><\/li><li><a href=\"https:\/\/guillemcalatrava.com\/wp-content\/gallery\/motorsport\/20080607_Circuit_de_Catalunya_MotoGP_2366.jpg\" title=\"20080607_Circuit_de_Catalunya_MotoGP_2366\"><img loading=\"lazy\" decoding=\"async\" src=\"https:\/\/guillemcalatrava.com\/wp-content\/plugins\/justified-image-grid\/timthumb.php?src=https%3A%2F%2Fguillemcalatrava.com%2Fwp-content%2Fgallery%2Fmotorsport%2F20080607_Circuit_de_Catalunya_MotoGP_2366.jpg&amp;h=280&amp;q=90&amp;f=.jpg\" alt=\"Moto GP\" width=\"420\" height=\"280\" \/><\/a><p class=\"jig-HTMLdescription\">Moto GP<br\/>20080607_Circuit_de_Catalunya_MotoGP_2366<\/p><\/li><li><a href=\"https:\/\/guillemcalatrava.com\/wp-content\/gallery\/motorsport\/GCM_3687.jpg\" title=\"GCM_3687\"><img loading=\"lazy\" decoding=\"async\" src=\"https:\/\/guillemcalatrava.com\/wp-content\/plugins\/justified-image-grid\/timthumb.php?src=https%3A%2F%2Fguillemcalatrava.com%2Fwp-content%2Fgallery%2Fmotorsport%2FGCM_3687.jpg&amp;h=280&amp;q=90&amp;f=.jpg\" alt=\"Rally Sant Juli\u00e0 de Vilatorta\" width=\"420\" height=\"280\" \/><\/a><p class=\"jig-HTMLdescription\">Rally Sant Juli\u00e0 de Vilatorta<br\/>GCM_3687<\/p><\/li><li><a href=\"https:\/\/guillemcalatrava.com\/wp-content\/gallery\/motorsport\/MG_9561.jpg\" title=\"MG_9561\"><img loading=\"lazy\" decoding=\"async\" src=\"https:\/\/guillemcalatrava.com\/wp-content\/plugins\/justified-image-grid\/timthumb.php?src=https%3A%2F%2Fguillemcalatrava.com%2Fwp-content%2Fgallery%2Fmotorsport%2FMG_9561.jpg&amp;h=280&amp;q=90&amp;f=.jpg\" alt=\"Moto GP\" width=\"420\" height=\"280\" \/><\/a><p class=\"jig-HTMLdescription\">Moto GP<br\/>MG_9561<\/p><\/li><li><a href=\"https:\/\/guillemcalatrava.com\/wp-content\/gallery\/motorsport\/DSCF6664.jpg\" title=\"DSCF6664\"><img loading=\"lazy\" decoding=\"async\" src=\"https:\/\/guillemcalatrava.com\/wp-content\/plugins\/justified-image-grid\/timthumb.php?src=https%3A%2F%2Fguillemcalatrava.com%2Fwp-content%2Fgallery%2Fmotorsport%2FDSCF6664.jpg&amp;h=280&amp;q=90&amp;f=.jpg\" alt=\"Aprilia All Stars 2025\" width=\"224\" height=\"280\" \/><\/a><p class=\"jig-HTMLdescription\">Aprilia All Stars 2025<br\/>DSCF6664<\/p><\/li><li><a href=\"https:\/\/guillemcalatrava.com\/wp-content\/gallery\/motorsport\/Ralli_Osona_206.jpg\" title=\"Ralli_Osona_206\"><img loading=\"lazy\" decoding=\"async\" src=\"https:\/\/guillemcalatrava.com\/wp-content\/plugins\/justified-image-grid\/timthumb.php?src=https%3A%2F%2Fguillemcalatrava.com%2Fwp-content%2Fgallery%2Fmotorsport%2FRalli_Osona_206.jpg&amp;h=280&amp;q=90&amp;f=.jpg\" alt=\"Rally Osona\" width=\"420\" height=\"280\" \/><\/a><p class=\"jig-HTMLdescription\">Rally Osona<br\/>Ralli_Osona_206<\/p><\/li><li><a href=\"https:\/\/guillemcalatrava.com\/wp-content\/gallery\/motorsport\/GCM00296.jpg\" title=\"GCM00296\"><img loading=\"lazy\" decoding=\"async\" src=\"https:\/\/guillemcalatrava.com\/wp-content\/plugins\/justified-image-grid\/timthumb.php?src=https%3A%2F%2Fguillemcalatrava.com%2Fwp-content%2Fgallery%2Fmotorsport%2FGCM00296.jpg&amp;h=280&amp;q=90&amp;f=.jpg\" alt=\"Aprilia All Stars 2025\" width=\"224\" height=\"280\" \/><\/a><p class=\"jig-HTMLdescription\">Aprilia All Stars 2025<br\/>GCM00296<\/p><\/li><li><a href=\"https:\/\/guillemcalatrava.com\/wp-content\/gallery\/motorsport\/MG_9398.jpg\" title=\"MG_9398\"><img loading=\"lazy\" decoding=\"async\" src=\"https:\/\/guillemcalatrava.com\/wp-content\/plugins\/justified-image-grid\/timthumb.php?src=https%3A%2F%2Fguillemcalatrava.com%2Fwp-content%2Fgallery%2Fmotorsport%2FMG_9398.jpg&amp;h=280&amp;q=90&amp;f=.jpg\" alt=\"Moto GP\" width=\"420\" height=\"280\" \/><\/a><p class=\"jig-HTMLdescription\">Moto GP<br\/>MG_9398<\/p><\/li><\/ul><\/noscript><\/div>\n<p>[\/et_pb_text][et_pb_text admin_label=&#8221;Fotograf\u00eda de deportes de motor&#8221; _builder_version=&#8221;4.27.4&#8243; text_font=&#8221;||||||||&#8221; header_font=&#8221;||||||||&#8221; header_2_font=&#8221;Lato||||||||&#8221; header_2_font_size=&#8221;36px&#8221; header_2_line_height=&#8221;1.5em&#8221; custom_padding=&#8221;|||&#8221; animation_direction=&#8221;left&#8221; global_colors_info=&#8221;{}&#8221;]<\/p>\n<h2>Fotografia d\u2019esports de motor<\/h2>\n<p>[\/et_pb_text][\/et_pb_column][\/et_pb_row][et_pb_row column_structure=&#8221;2_3,1_3&#8243; admin_label=&#8221;Fotograf\u00eda de deportes de motor&#8221; _builder_version=&#8221;4.27.4&#8243; max_width=&#8221;2560px&#8221; custom_padding=&#8221;|0px|40px|0px|false|false&#8221; locked=&#8221;off&#8221; global_colors_info=&#8221;{}&#8221;][et_pb_column type=&#8221;2_3&#8243; _builder_version=&#8221;4.16&#8243; custom_padding=&#8221;|||&#8221; global_colors_info=&#8221;{}&#8221; custom_padding__hover=&#8221;|||&#8221;][et_pb_text _builder_version=&#8221;4.27.4&#8243; text_font=&#8221;||||||||&#8221; text_font_size=&#8221;16px&#8221; text_line_height=&#8221;1.8em&#8221; header_font=&#8221;||||||||&#8221; animation_style=&#8221;flip&#8221; animation_direction=&#8221;left&#8221; animation_intensity_flip=&#8221;20%&#8221; animation_starting_opacity=&#8221;100%&#8221; global_colors_info=&#8221;{}&#8221;]<\/p>\n<p>La meva hist\u00f2ria amb la fotografia esportiva va comen\u00e7ar als 17 anys, c\u00e0mera en m\u00e0, seguint ral\u00b7lis per tot Catalunya. Des de llavors, els esports de motor s\u2019han convertit en el meu h\u00e0bitat natural.<\/p>\n<p><\/p>\n<p>Avui dia, treballo regularment a MotoGP, dins del paddock, el pit lane, la graella de sortida i el VIP Village. Fotografio des de trobades exclusives amb els pilots fins a entrevistes, rodatges promocionals i moments \u00fanics de la temporada. Algunes de les meves imatges s\u2019han publicat a les xarxes oficials de MotoGP o a la premsa especialitzada.<\/p>\n<p><\/p>\n<p>Capturar la intensitat d\u2019aquest esport \u2014la velocitat, la concentraci\u00f3, l\u2019emoci\u00f3 continguda abans de la sortida\u2014 requereix t\u00e8cnica, rapidesa i sensibilitat. \u00c9s una combinaci\u00f3 que em desafia i m\u2019apassiona a parts iguals.<\/p>\n<p>[\/et_pb_text][\/et_pb_column][et_pb_column type=&#8221;1_3&#8243; _builder_version=&#8221;4.16&#8243; custom_padding=&#8221;|||&#8221; global_colors_info=&#8221;{}&#8221; custom_padding__hover=&#8221;|||&#8221;][et_pb_image src=&#8221;https:\/\/guillemcalatrava.com\/wp-content\/uploads\/Rallye-Andorra1-scaled.jpg&#8221; title_text=&#8221;Rallye Andorra1&#8243; _builder_version=&#8221;4.19.4&#8243; _module_preset=&#8221;default&#8221; custom_margin=&#8221;||0px||false|false&#8221; custom_padding=&#8221;||0px||false|false&#8221; global_colors_info=&#8221;{}&#8221;][\/et_pb_image][et_pb_text _builder_version=&#8221;4.19.4&#8243; _module_preset=&#8221;default&#8221; custom_margin=&#8221;0px||||false|false&#8221; custom_padding=&#8221;0px||||false|false&#8221; global_colors_info=&#8221;{}&#8221;]<\/p>\n<p><em>30\u00e8 Rallie Andorra \u2013 Any 2.000<\/em><br \/><em>Jordi Ventura \u2013 Oriol Juli\u00e0 (Seat Ibiza 2.0 Kit Car)<\/em><br \/><em>(la meva primera foto de fotografia d\u2019esports a motor)<\/em><\/p>\n<p>[\/et_pb_text][\/et_pb_column][\/et_pb_row][et_pb_row admin_label=&#8221;FOTOS MOTORSPORT&#8221; _builder_version=&#8221;4.27.4&#8243; _module_preset=&#8221;default&#8221; width=&#8221;90%&#8221; max_width=&#8221;2560px&#8221; custom_margin=&#8221;||0px||false|false&#8221; custom_padding=&#8221;||0px||false|false&#8221; locked=&#8221;off&#8221; global_colors_info=&#8221;{}&#8221;][et_pb_column type=&#8221;4_4&#8243; _builder_version=&#8221;4.19.4&#8243; _module_preset=&#8221;default&#8221; global_colors_info=&#8221;{}&#8221;][et_pb_text disabled_on=&#8221;on|on|off&#8221; admin_label=&#8221;Fotos MotoGP &#8211; PC&#8221; _builder_version=&#8221;4.27.4&#8243; _module_preset=&#8221;default&#8221; global_colors_info=&#8221;{}&#8221;]<\/p>\n<div id=\"jig3\" class=\"justified-image-grid jig-f035ab0b74c302c651a7e7f74365b43a jig-preset-global jig-source-nextgen\"><div class=\"jig-clearfix\"><\/div><noscript id=\"jig3-html\" class=\"justified-image-grid-html\" data-lazy-src=\"skiplazyload\" data-src=\"skipunveillazyload\"><ul><li><a href=\"https:\/\/guillemcalatrava.com\/wp-content\/gallery\/motogp\/MotoGP_010.jpg\" title=\"MotoGP_010\"><img loading=\"lazy\" decoding=\"async\" src=\"https:\/\/guillemcalatrava.com\/wp-content\/plugins\/justified-image-grid\/timthumb.php?src=https%3A%2F%2Fguillemcalatrava.com%2Fwp-content%2Fgallery%2Fmotogp%2FMotoGP_010.jpg&amp;h=280&amp;q=90&amp;f=.jpg\" alt=\"MotoGP 2024\" width=\"224\" height=\"280\" \/><\/a><p class=\"jig-HTMLdescription\">MotoGP 2024<br\/>MotoGP_010<\/p><\/li><li><a href=\"https:\/\/guillemcalatrava.com\/wp-content\/gallery\/motogp\/DSCF5433.jpg\" title=\"DSCF5433\"><img loading=\"lazy\" decoding=\"async\" src=\"https:\/\/guillemcalatrava.com\/wp-content\/plugins\/justified-image-grid\/timthumb.php?src=https%3A%2F%2Fguillemcalatrava.com%2Fwp-content%2Fgallery%2Fmotogp%2FDSCF5433.jpg&amp;h=280&amp;q=90&amp;f=.jpg\" alt=\"MotoGP 2025\" width=\"224\" height=\"280\" \/><\/a><p class=\"jig-HTMLdescription\">MotoGP 2025<br\/>DSCF5433<\/p><\/li><li><a href=\"https:\/\/guillemcalatrava.com\/wp-content\/gallery\/motogp\/GCM02364.jpg\" title=\"GCM02364\"><img loading=\"lazy\" decoding=\"async\" src=\"https:\/\/guillemcalatrava.com\/wp-content\/plugins\/justified-image-grid\/timthumb.php?src=https%3A%2F%2Fguillemcalatrava.com%2Fwp-content%2Fgallery%2Fmotogp%2FGCM02364.jpg&amp;h=280&amp;q=90&amp;f=.jpg\" alt=\"MotoGP 2025\" width=\"224\" height=\"280\" \/><\/a><p class=\"jig-HTMLdescription\">MotoGP 2025<br\/>GCM02364<\/p><\/li><li><a href=\"https:\/\/guillemcalatrava.com\/wp-content\/gallery\/motogp\/GCM06196.jpg\" title=\"GCM06196\"><img loading=\"lazy\" decoding=\"async\" src=\"https:\/\/guillemcalatrava.com\/wp-content\/plugins\/justified-image-grid\/timthumb.php?src=https%3A%2F%2Fguillemcalatrava.com%2Fwp-content%2Fgallery%2Fmotogp%2FGCM06196.jpg&amp;h=280&amp;q=90&amp;f=.jpg\" alt=\"MotoGP 2024\" width=\"420\" height=\"280\" \/><\/a><p class=\"jig-HTMLdescription\">MotoGP 2024<br\/>GCM06196<\/p><\/li><li><a href=\"https:\/\/guillemcalatrava.com\/wp-content\/gallery\/motogp\/DSCF8782.jpg\" title=\"DSCF8782\"><img loading=\"lazy\" decoding=\"async\" src=\"https:\/\/guillemcalatrava.com\/wp-content\/plugins\/justified-image-grid\/timthumb.php?src=https%3A%2F%2Fguillemcalatrava.com%2Fwp-content%2Fgallery%2Fmotogp%2FDSCF8782.jpg&amp;h=280&amp;q=90&amp;f=.jpg\" alt=\"MotoGP 2025\" width=\"224\" height=\"280\" \/><\/a><p class=\"jig-HTMLdescription\">MotoGP 2025<br\/>DSCF8782<\/p><\/li><li><a href=\"https:\/\/guillemcalatrava.com\/wp-content\/gallery\/motogp\/GCM03342.jpg\" title=\"GCM03342\"><img loading=\"lazy\" decoding=\"async\" src=\"https:\/\/guillemcalatrava.com\/wp-content\/plugins\/justified-image-grid\/timthumb.php?src=https%3A%2F%2Fguillemcalatrava.com%2Fwp-content%2Fgallery%2Fmotogp%2FGCM03342.jpg&amp;h=280&amp;q=90&amp;f=.jpg\" alt=\"MotoGP 2024\" width=\"420\" height=\"280\" \/><\/a><p class=\"jig-HTMLdescription\">MotoGP 2024<br\/>GCM03342<\/p><\/li><li><a href=\"https:\/\/guillemcalatrava.com\/wp-content\/gallery\/motogp\/GCM06632.jpg\" title=\"GCM06632\"><img loading=\"lazy\" decoding=\"async\" src=\"https:\/\/guillemcalatrava.com\/wp-content\/plugins\/justified-image-grid\/timthumb.php?src=https%3A%2F%2Fguillemcalatrava.com%2Fwp-content%2Fgallery%2Fmotogp%2FGCM06632.jpg&amp;h=280&amp;q=90&amp;f=.jpg\" alt=\"MotoGP 2024\" width=\"420\" height=\"280\" \/><\/a><p class=\"jig-HTMLdescription\">MotoGP 2024<br\/>GCM06632<\/p><\/li><li><a href=\"https:\/\/guillemcalatrava.com\/wp-content\/gallery\/motogp\/GCM05414.jpg\" title=\"GCM05414\"><img loading=\"lazy\" decoding=\"async\" src=\"https:\/\/guillemcalatrava.com\/wp-content\/plugins\/justified-image-grid\/timthumb.php?src=https%3A%2F%2Fguillemcalatrava.com%2Fwp-content%2Fgallery%2Fmotogp%2FGCM05414.jpg&amp;h=280&amp;q=90&amp;f=.jpg\" alt=\"MotoGP 2024\" width=\"420\" height=\"280\" \/><\/a><p class=\"jig-HTMLdescription\">MotoGP 2024<br\/>GCM05414<\/p><\/li><li><a href=\"https:\/\/guillemcalatrava.com\/wp-content\/gallery\/motogp\/DSCF3896.jpg\" title=\"DSCF3896\"><img loading=\"lazy\" decoding=\"async\" src=\"https:\/\/guillemcalatrava.com\/wp-content\/plugins\/justified-image-grid\/timthumb.php?src=https%3A%2F%2Fguillemcalatrava.com%2Fwp-content%2Fgallery%2Fmotogp%2FDSCF3896.jpg&amp;h=280&amp;q=90&amp;f=.jpg\" alt=\"MotoGP 2025\" width=\"224\" height=\"280\" \/><\/a><p class=\"jig-HTMLdescription\">MotoGP 2025<br\/>DSCF3896<\/p><\/li><li><a href=\"https:\/\/guillemcalatrava.com\/wp-content\/gallery\/motogp\/MotoGP_008.jpg\" title=\"MotoGP_008\"><img loading=\"lazy\" decoding=\"async\" src=\"https:\/\/guillemcalatrava.com\/wp-content\/plugins\/justified-image-grid\/timthumb.php?src=https%3A%2F%2Fguillemcalatrava.com%2Fwp-content%2Fgallery%2Fmotogp%2FMotoGP_008.jpg&amp;h=280&amp;q=90&amp;f=.jpg\" alt=\"MotoGP 2023\" width=\"420\" height=\"280\" \/><\/a><p class=\"jig-HTMLdescription\">MotoGP 2023<br\/>MotoGP_008<\/p><\/li><li><a href=\"https:\/\/guillemcalatrava.com\/wp-content\/gallery\/motogp\/DSCF5824.jpg\" title=\"DSCF5824\"><img loading=\"lazy\" decoding=\"async\" src=\"https:\/\/guillemcalatrava.com\/wp-content\/plugins\/justified-image-grid\/timthumb.php?src=https%3A%2F%2Fguillemcalatrava.com%2Fwp-content%2Fgallery%2Fmotogp%2FDSCF5824.jpg&amp;h=280&amp;q=90&amp;f=.jpg\" alt=\"MotoGP 2025\" width=\"224\" height=\"280\" \/><\/a><p class=\"jig-HTMLdescription\">MotoGP 2025<br\/>DSCF5824<\/p><\/li><li><a href=\"https:\/\/guillemcalatrava.com\/wp-content\/gallery\/motogp\/GCM00236.jpg\" title=\"GCM00236\"><img loading=\"lazy\" decoding=\"async\" src=\"https:\/\/guillemcalatrava.com\/wp-content\/plugins\/justified-image-grid\/timthumb.php?src=https%3A%2F%2Fguillemcalatrava.com%2Fwp-content%2Fgallery%2Fmotogp%2FGCM00236.jpg&amp;h=280&amp;q=90&amp;f=.jpg\" alt=\"MotoGP 2025\" width=\"224\" height=\"280\" \/><\/a><p class=\"jig-HTMLdescription\">MotoGP 2025<br\/>GCM00236<\/p><\/li><li><a href=\"https:\/\/guillemcalatrava.com\/wp-content\/gallery\/motogp\/GCM06340.jpg\" title=\"GCM06340\"><img loading=\"lazy\" decoding=\"async\" src=\"https:\/\/guillemcalatrava.com\/wp-content\/plugins\/justified-image-grid\/timthumb.php?src=https%3A%2F%2Fguillemcalatrava.com%2Fwp-content%2Fgallery%2Fmotogp%2FGCM06340.jpg&amp;h=280&amp;q=90&amp;f=.jpg\" alt=\"MotoGP 2024\" width=\"420\" height=\"280\" \/><\/a><p class=\"jig-HTMLdescription\">MotoGP 2024<br\/>GCM06340<\/p><\/li><li><a href=\"https:\/\/guillemcalatrava.com\/wp-content\/gallery\/motogp\/P2030232.jpg\" title=\"P2030232\"><img loading=\"lazy\" decoding=\"async\" src=\"https:\/\/guillemcalatrava.com\/wp-content\/plugins\/justified-image-grid\/timthumb.php?src=https%3A%2F%2Fguillemcalatrava.com%2Fwp-content%2Fgallery%2Fmotogp%2FP2030232.jpg&amp;h=280&amp;q=90&amp;f=.jpg\" alt=\"MotoGP 2025\" width=\"224\" height=\"280\" \/><\/a><p class=\"jig-HTMLdescription\">MotoGP 2025<br\/>P2030232<\/p><\/li><li><a href=\"https:\/\/guillemcalatrava.com\/wp-content\/gallery\/motogp\/GCM06484.jpg\" title=\"GCM06484\"><img loading=\"lazy\" decoding=\"async\" src=\"https:\/\/guillemcalatrava.com\/wp-content\/plugins\/justified-image-grid\/timthumb.php?src=https%3A%2F%2Fguillemcalatrava.com%2Fwp-content%2Fgallery%2Fmotogp%2FGCM06484.jpg&amp;h=280&amp;q=90&amp;f=.jpg\" alt=\"MotoGP 2025\" width=\"224\" height=\"280\" \/><\/a><p class=\"jig-HTMLdescription\">MotoGP 2025<br\/>GCM06484<\/p><\/li><li><a href=\"https:\/\/guillemcalatrava.com\/wp-content\/gallery\/motogp\/GCM06259.jpg\" title=\"GCM06259\"><img loading=\"lazy\" decoding=\"async\" src=\"https:\/\/guillemcalatrava.com\/wp-content\/plugins\/justified-image-grid\/timthumb.php?src=https%3A%2F%2Fguillemcalatrava.com%2Fwp-content%2Fgallery%2Fmotogp%2FGCM06259.jpg&amp;h=280&amp;q=90&amp;f=.jpg\" alt=\"MotoGP 2024\" width=\"420\" height=\"280\" \/><\/a><p class=\"jig-HTMLdescription\">MotoGP 2024<br\/>GCM06259<\/p><\/li><li><a href=\"https:\/\/guillemcalatrava.com\/wp-content\/gallery\/motogp\/GCM02494.jpg\" title=\"GCM02494\"><img loading=\"lazy\" decoding=\"async\" src=\"https:\/\/guillemcalatrava.com\/wp-content\/plugins\/justified-image-grid\/timthumb.php?src=https%3A%2F%2Fguillemcalatrava.com%2Fwp-content%2Fgallery%2Fmotogp%2FGCM02494.jpg&amp;h=280&amp;q=90&amp;f=.jpg\" alt=\"MotoGP 2025\" width=\"448\" height=\"280\" \/><\/a><p class=\"jig-HTMLdescription\">MotoGP 2025<br\/>GCM02494<\/p><\/li><li><a href=\"https:\/\/guillemcalatrava.com\/wp-content\/gallery\/motogp\/GCM06954.jpg\" title=\"GCM06954\"><img loading=\"lazy\" decoding=\"async\" src=\"https:\/\/guillemcalatrava.com\/wp-content\/plugins\/justified-image-grid\/timthumb.php?src=https%3A%2F%2Fguillemcalatrava.com%2Fwp-content%2Fgallery%2Fmotogp%2FGCM06954.jpg&amp;h=280&amp;q=90&amp;f=.jpg\" alt=\"MotoGP 2024\" width=\"420\" height=\"280\" \/><\/a><p class=\"jig-HTMLdescription\">MotoGP 2024<br\/>GCM06954<\/p><\/li><li><a href=\"https:\/\/guillemcalatrava.com\/wp-content\/gallery\/motogp\/P2040199.jpg\" title=\"P2040199\"><img loading=\"lazy\" decoding=\"async\" src=\"https:\/\/guillemcalatrava.com\/wp-content\/plugins\/justified-image-grid\/timthumb.php?src=https%3A%2F%2Fguillemcalatrava.com%2Fwp-content%2Fgallery%2Fmotogp%2FP2040199.jpg&amp;h=280&amp;q=90&amp;f=.jpg\" alt=\"MotoGP 2025\" width=\"224\" height=\"280\" \/><\/a><p class=\"jig-HTMLdescription\">MotoGP 2025<br\/>P2040199<\/p><\/li><li><a href=\"https:\/\/guillemcalatrava.com\/wp-content\/gallery\/motogp\/GCM05520-Mejorado-NR.jpg\"><img loading=\"lazy\" decoding=\"async\" src=\"https:\/\/guillemcalatrava.com\/wp-content\/plugins\/justified-image-grid\/timthumb.php?src=https%3A%2F%2Fguillemcalatrava.com%2Fwp-content%2Fgallery%2Fmotogp%2FGCM05520-Mejorado-NR.jpg&amp;h=280&amp;q=90&amp;f=.jpg\" alt=\"MotoGP 2024\" width=\"420\" height=\"280\" \/><\/a><p class=\"jig-HTMLdescription\">MotoGP 2024<\/p><\/li><li><a href=\"https:\/\/guillemcalatrava.com\/wp-content\/gallery\/motogp\/MotoGP_006.jpg\" title=\"MotoGP_006\"><img loading=\"lazy\" decoding=\"async\" src=\"https:\/\/guillemcalatrava.com\/wp-content\/plugins\/justified-image-grid\/timthumb.php?src=https%3A%2F%2Fguillemcalatrava.com%2Fwp-content%2Fgallery%2Fmotogp%2FMotoGP_006.jpg&amp;h=280&amp;q=90&amp;f=.jpg\" alt=\"MotoGP 2023\" width=\"420\" height=\"280\" \/><\/a><p class=\"jig-HTMLdescription\">MotoGP 2023<br\/>MotoGP_006<\/p><\/li><li><a href=\"https:\/\/guillemcalatrava.com\/wp-content\/gallery\/motogp\/GCM06440.jpg\" title=\"GCM06440\"><img loading=\"lazy\" decoding=\"async\" src=\"https:\/\/guillemcalatrava.com\/wp-content\/plugins\/justified-image-grid\/timthumb.php?src=https%3A%2F%2Fguillemcalatrava.com%2Fwp-content%2Fgallery%2Fmotogp%2FGCM06440.jpg&amp;h=280&amp;q=90&amp;f=.jpg\" alt=\"MotoGP 2024\" width=\"420\" height=\"280\" \/><\/a><p class=\"jig-HTMLdescription\">MotoGP 2024<br\/>GCM06440<\/p><\/li><li><a href=\"https:\/\/guillemcalatrava.com\/wp-content\/gallery\/motogp\/GCM02480.jpg\" title=\"GCM02480\"><img loading=\"lazy\" decoding=\"async\" src=\"https:\/\/guillemcalatrava.com\/wp-content\/plugins\/justified-image-grid\/timthumb.php?src=https%3A%2F%2Fguillemcalatrava.com%2Fwp-content%2Fgallery%2Fmotogp%2FGCM02480.jpg&amp;h=280&amp;q=90&amp;f=.jpg\" alt=\"MotoGP 2025\" width=\"224\" height=\"280\" \/><\/a><p class=\"jig-HTMLdescription\">MotoGP 2025<br\/>GCM02480<\/p><\/li><li><a href=\"https:\/\/guillemcalatrava.com\/wp-content\/gallery\/motogp\/GCM05265.jpg\" title=\"GCM05265\"><img loading=\"lazy\" decoding=\"async\" src=\"https:\/\/guillemcalatrava.com\/wp-content\/plugins\/justified-image-grid\/timthumb.php?src=https%3A%2F%2Fguillemcalatrava.com%2Fwp-content%2Fgallery%2Fmotogp%2FGCM05265.jpg&amp;h=280&amp;q=90&amp;f=.jpg\" alt=\"MotoGP 2024\" width=\"420\" height=\"280\" \/><\/a><p class=\"jig-HTMLdescription\">MotoGP 2024<br\/>GCM05265<\/p><\/li><li><a href=\"https:\/\/guillemcalatrava.com\/wp-content\/gallery\/motogp\/GCM05442-Mejorado-NR.jpg\"><img loading=\"lazy\" decoding=\"async\" src=\"https:\/\/guillemcalatrava.com\/wp-content\/plugins\/justified-image-grid\/timthumb.php?src=https%3A%2F%2Fguillemcalatrava.com%2Fwp-content%2Fgallery%2Fmotogp%2FGCM05442-Mejorado-NR.jpg&amp;h=280&amp;q=90&amp;f=.jpg\" alt=\"MotoGP 2024\" width=\"420\" height=\"280\" \/><\/a><p class=\"jig-HTMLdescription\">MotoGP 2024<\/p><\/li><\/ul><\/noscript><\/div>\n<p>[\/et_pb_text][et_pb_text disabled_on=&#8221;off|off|on&#8221; admin_label=&#8221;Fotos MotoGP &#8211; Phone-Tablet&#8221; _builder_version=&#8221;4.27.4&#8243; _module_preset=&#8221;default&#8221; global_colors_info=&#8221;{}&#8221;]<\/p>\n<div id=\"jig4\" class=\"justified-image-grid jig-9e8a522daf4b33ecb638c78495cec2f0 jig-preset-global jig-source-nextgen\"><div class=\"jig-clearfix\"><\/div><noscript id=\"jig4-html\" class=\"justified-image-grid-html\" data-lazy-src=\"skiplazyload\" data-src=\"skipunveillazyload\"><ul><li><a href=\"https:\/\/guillemcalatrava.com\/wp-content\/gallery\/motogp\/GCM06196.jpg\" title=\"GCM06196\"><img loading=\"lazy\" decoding=\"async\" src=\"https:\/\/guillemcalatrava.com\/wp-content\/plugins\/justified-image-grid\/timthumb.php?src=https%3A%2F%2Fguillemcalatrava.com%2Fwp-content%2Fgallery%2Fmotogp%2FGCM06196.jpg&amp;h=280&amp;q=90&amp;f=.jpg\" alt=\"MotoGP 2024\" width=\"420\" height=\"280\" \/><\/a><p class=\"jig-HTMLdescription\">MotoGP 2024<br\/>GCM06196<\/p><\/li><li><a href=\"https:\/\/guillemcalatrava.com\/wp-content\/gallery\/motogp\/GCM05417-Mejorado-NR.jpg\"><img loading=\"lazy\" decoding=\"async\" src=\"https:\/\/guillemcalatrava.com\/wp-content\/plugins\/justified-image-grid\/timthumb.php?src=https%3A%2F%2Fguillemcalatrava.com%2Fwp-content%2Fgallery%2Fmotogp%2FGCM05417-Mejorado-NR.jpg&amp;h=280&amp;q=90&amp;f=.jpg\" alt=\"MotoGP 2024\" width=\"420\" height=\"280\" \/><\/a><p class=\"jig-HTMLdescription\">MotoGP 2024<\/p><\/li><li><a href=\"https:\/\/guillemcalatrava.com\/wp-content\/gallery\/motogp\/DSCF5637.jpg\" title=\"DSCF5637\"><img loading=\"lazy\" decoding=\"async\" src=\"https:\/\/guillemcalatrava.com\/wp-content\/plugins\/justified-image-grid\/timthumb.php?src=https%3A%2F%2Fguillemcalatrava.com%2Fwp-content%2Fgallery%2Fmotogp%2FDSCF5637.jpg&amp;h=280&amp;q=90&amp;f=.jpg\" alt=\"MotoGP 2025\" width=\"224\" height=\"280\" \/><\/a><p class=\"jig-HTMLdescription\">MotoGP 2025<br\/>DSCF5637<\/p><\/li><li><a href=\"https:\/\/guillemcalatrava.com\/wp-content\/gallery\/motogp\/DSCF5824.jpg\" title=\"DSCF5824\"><img loading=\"lazy\" decoding=\"async\" src=\"https:\/\/guillemcalatrava.com\/wp-content\/plugins\/justified-image-grid\/timthumb.php?src=https%3A%2F%2Fguillemcalatrava.com%2Fwp-content%2Fgallery%2Fmotogp%2FDSCF5824.jpg&amp;h=280&amp;q=90&amp;f=.jpg\" alt=\"MotoGP 2025\" width=\"224\" height=\"280\" \/><\/a><p class=\"jig-HTMLdescription\">MotoGP 2025<br\/>DSCF5824<\/p><\/li><li><a href=\"https:\/\/guillemcalatrava.com\/wp-content\/gallery\/motogp\/GCM01828.jpg\" title=\"GCM01828\"><img loading=\"lazy\" decoding=\"async\" src=\"https:\/\/guillemcalatrava.com\/wp-content\/plugins\/justified-image-grid\/timthumb.php?src=https%3A%2F%2Fguillemcalatrava.com%2Fwp-content%2Fgallery%2Fmotogp%2FGCM01828.jpg&amp;h=280&amp;q=90&amp;f=.jpg\" alt=\"MotoGP 2025\" width=\"224\" height=\"280\" \/><\/a><p class=\"jig-HTMLdescription\">MotoGP 2025<br\/>GCM01828<\/p><\/li><li><a href=\"https:\/\/guillemcalatrava.com\/wp-content\/gallery\/motogp\/GCM00727.jpg\" title=\"GCM00727\"><img loading=\"lazy\" decoding=\"async\" src=\"https:\/\/guillemcalatrava.com\/wp-content\/plugins\/justified-image-grid\/timthumb.php?src=https%3A%2F%2Fguillemcalatrava.com%2Fwp-content%2Fgallery%2Fmotogp%2FGCM00727.jpg&amp;h=280&amp;q=90&amp;f=.jpg\" alt=\"MotoGP 2024\" width=\"420\" height=\"280\" \/><\/a><p class=\"jig-HTMLdescription\">MotoGP 2024<br\/>GCM00727<\/p><\/li><li><a href=\"https:\/\/guillemcalatrava.com\/wp-content\/gallery\/motogp\/GCM04650.jpg\" title=\"GCM04650\"><img loading=\"lazy\" decoding=\"async\" src=\"https:\/\/guillemcalatrava.com\/wp-content\/plugins\/justified-image-grid\/timthumb.php?src=https%3A%2F%2Fguillemcalatrava.com%2Fwp-content%2Fgallery%2Fmotogp%2FGCM04650.jpg&amp;h=280&amp;q=90&amp;f=.jpg\" alt=\"MotoGP 2024\" width=\"420\" height=\"280\" \/><\/a><p class=\"jig-HTMLdescription\">MotoGP 2024<br\/>GCM04650<\/p><\/li><li><a href=\"https:\/\/guillemcalatrava.com\/wp-content\/gallery\/motogp\/GCM06787.jpg\" title=\"GCM06787\"><img loading=\"lazy\" decoding=\"async\" src=\"https:\/\/guillemcalatrava.com\/wp-content\/plugins\/justified-image-grid\/timthumb.php?src=https%3A%2F%2Fguillemcalatrava.com%2Fwp-content%2Fgallery%2Fmotogp%2FGCM06787.jpg&amp;h=280&amp;q=90&amp;f=.jpg\" alt=\"MotoGP 2024\" width=\"420\" height=\"280\" \/><\/a><p class=\"jig-HTMLdescription\">MotoGP 2024<br\/>GCM06787<\/p><\/li><li><a href=\"https:\/\/guillemcalatrava.com\/wp-content\/gallery\/motogp\/GCM06340.jpg\" title=\"GCM06340\"><img loading=\"lazy\" decoding=\"async\" src=\"https:\/\/guillemcalatrava.com\/wp-content\/plugins\/justified-image-grid\/timthumb.php?src=https%3A%2F%2Fguillemcalatrava.com%2Fwp-content%2Fgallery%2Fmotogp%2FGCM06340.jpg&amp;h=280&amp;q=90&amp;f=.jpg\" alt=\"MotoGP 2024\" width=\"420\" height=\"280\" \/><\/a><p class=\"jig-HTMLdescription\">MotoGP 2024<br\/>GCM06340<\/p><\/li><li><a href=\"https:\/\/guillemcalatrava.com\/wp-content\/gallery\/motogp\/GCM02275.jpg\" title=\"GCM02275\"><img loading=\"lazy\" decoding=\"async\" src=\"https:\/\/guillemcalatrava.com\/wp-content\/plugins\/justified-image-grid\/timthumb.php?src=https%3A%2F%2Fguillemcalatrava.com%2Fwp-content%2Fgallery%2Fmotogp%2FGCM02275.jpg&amp;h=280&amp;q=90&amp;f=.jpg\" alt=\"MotoGP 2025\" width=\"224\" height=\"280\" \/><\/a><p class=\"jig-HTMLdescription\">MotoGP 2025<br\/>GCM02275<\/p><\/li><li><a href=\"https:\/\/guillemcalatrava.com\/wp-content\/gallery\/motogp\/P2040113.jpg\" title=\"P2040113\"><img loading=\"lazy\" decoding=\"async\" src=\"https:\/\/guillemcalatrava.com\/wp-content\/plugins\/justified-image-grid\/timthumb.php?src=https%3A%2F%2Fguillemcalatrava.com%2Fwp-content%2Fgallery%2Fmotogp%2FP2040113.jpg&amp;h=280&amp;q=90&amp;f=.jpg\" alt=\"MotoGP 2025\" width=\"373\" height=\"280\" \/><\/a><p class=\"jig-HTMLdescription\">MotoGP 2025<br\/>P2040113<\/p><\/li><li><a href=\"https:\/\/guillemcalatrava.com\/wp-content\/gallery\/motogp\/1_GCM05045.jpg\" title=\"1_GCM05045\"><img loading=\"lazy\" decoding=\"async\" src=\"https:\/\/guillemcalatrava.com\/wp-content\/plugins\/justified-image-grid\/timthumb.php?src=https%3A%2F%2Fguillemcalatrava.com%2Fwp-content%2Fgallery%2Fmotogp%2F1_GCM05045.jpg&amp;h=280&amp;q=90&amp;f=.jpg\" alt=\"MotoGP 2024\" width=\"423\" height=\"280\" \/><\/a><p class=\"jig-HTMLdescription\">MotoGP 2024<br\/>1_GCM05045<\/p><\/li><li><a href=\"https:\/\/guillemcalatrava.com\/wp-content\/gallery\/motogp\/GCM04543.jpg\" title=\"GCM04543\"><img loading=\"lazy\" decoding=\"async\" src=\"https:\/\/guillemcalatrava.com\/wp-content\/plugins\/justified-image-grid\/timthumb.php?src=https%3A%2F%2Fguillemcalatrava.com%2Fwp-content%2Fgallery%2Fmotogp%2FGCM04543.jpg&amp;h=280&amp;q=90&amp;f=.jpg\" alt=\"MotoGP 2024\" width=\"420\" height=\"280\" \/><\/a><p class=\"jig-HTMLdescription\">MotoGP 2024<br\/>GCM04543<\/p><\/li><li><a href=\"https:\/\/guillemcalatrava.com\/wp-content\/gallery\/motogp\/GCM06181.jpg\" title=\"GCM06181\"><img loading=\"lazy\" decoding=\"async\" src=\"https:\/\/guillemcalatrava.com\/wp-content\/plugins\/justified-image-grid\/timthumb.php?src=https%3A%2F%2Fguillemcalatrava.com%2Fwp-content%2Fgallery%2Fmotogp%2FGCM06181.jpg&amp;h=280&amp;q=90&amp;f=.jpg\" alt=\"MotoGP 2024\" width=\"420\" height=\"280\" \/><\/a><p class=\"jig-HTMLdescription\">MotoGP 2024<br\/>GCM06181<\/p><\/li><li><a href=\"https:\/\/guillemcalatrava.com\/wp-content\/gallery\/motogp\/GCM06632.jpg\" title=\"GCM06632\"><img loading=\"lazy\" decoding=\"async\" src=\"https:\/\/guillemcalatrava.com\/wp-content\/plugins\/justified-image-grid\/timthumb.php?src=https%3A%2F%2Fguillemcalatrava.com%2Fwp-content%2Fgallery%2Fmotogp%2FGCM06632.jpg&amp;h=280&amp;q=90&amp;f=.jpg\" alt=\"MotoGP 2024\" width=\"420\" height=\"280\" \/><\/a><p class=\"jig-HTMLdescription\">MotoGP 2024<br\/>GCM06632<\/p><\/li><li><a href=\"https:\/\/guillemcalatrava.com\/wp-content\/gallery\/motogp\/MotoGP_004.jpg\" title=\"MotoGP_004\"><img loading=\"lazy\" decoding=\"async\" src=\"https:\/\/guillemcalatrava.com\/wp-content\/plugins\/justified-image-grid\/timthumb.php?src=https%3A%2F%2Fguillemcalatrava.com%2Fwp-content%2Fgallery%2Fmotogp%2FMotoGP_004.jpg&amp;h=280&amp;q=90&amp;f=.jpg\" alt=\"MotoGP 2023\" width=\"420\" height=\"280\" \/><\/a><p class=\"jig-HTMLdescription\">MotoGP 2023<br\/>MotoGP_004<\/p><\/li><li><a href=\"https:\/\/guillemcalatrava.com\/wp-content\/gallery\/motogp\/GCM01973.jpg\" title=\"GCM01973\"><img loading=\"lazy\" decoding=\"async\" src=\"https:\/\/guillemcalatrava.com\/wp-content\/plugins\/justified-image-grid\/timthumb.php?src=https%3A%2F%2Fguillemcalatrava.com%2Fwp-content%2Fgallery%2Fmotogp%2FGCM01973.jpg&amp;h=280&amp;q=90&amp;f=.jpg\" alt=\"MotoGP 2025\" width=\"224\" height=\"280\" \/><\/a><p class=\"jig-HTMLdescription\">MotoGP 2025<br\/>GCM01973<\/p><\/li><li><a href=\"https:\/\/guillemcalatrava.com\/wp-content\/gallery\/motogp\/MotoGP_011.jpg\" title=\"MotoGP_011\"><img loading=\"lazy\" decoding=\"async\" src=\"https:\/\/guillemcalatrava.com\/wp-content\/plugins\/justified-image-grid\/timthumb.php?src=https%3A%2F%2Fguillemcalatrava.com%2Fwp-content%2Fgallery%2Fmotogp%2FMotoGP_011.jpg&amp;h=280&amp;q=90&amp;f=.jpg\" alt=\"MotoGP 2024\" width=\"224\" height=\"280\" \/><\/a><p class=\"jig-HTMLdescription\">MotoGP 2024<br\/>MotoGP_011<\/p><\/li><li><a href=\"https:\/\/guillemcalatrava.com\/wp-content\/gallery\/motogp\/GCM06393.jpg\" title=\"GCM06393\"><img loading=\"lazy\" decoding=\"async\" src=\"https:\/\/guillemcalatrava.com\/wp-content\/plugins\/justified-image-grid\/timthumb.php?src=https%3A%2F%2Fguillemcalatrava.com%2Fwp-content%2Fgallery%2Fmotogp%2FGCM06393.jpg&amp;h=280&amp;q=90&amp;f=.jpg\" alt=\"MotoGP 2025\" width=\"224\" height=\"280\" \/><\/a><p class=\"jig-HTMLdescription\">MotoGP 2025<br\/>GCM06393<\/p><\/li><li><a href=\"https:\/\/guillemcalatrava.com\/wp-content\/gallery\/motogp\/MotoGP_015.jpg\" title=\"MotoGP_015\"><img loading=\"lazy\" decoding=\"async\" src=\"https:\/\/guillemcalatrava.com\/wp-content\/plugins\/justified-image-grid\/timthumb.php?src=https%3A%2F%2Fguillemcalatrava.com%2Fwp-content%2Fgallery%2Fmotogp%2FMotoGP_015.jpg&amp;h=280&amp;q=90&amp;f=.jpg\" alt=\"MotoGP 2024\" width=\"186\" height=\"280\" \/><\/a><p class=\"jig-HTMLdescription\">MotoGP 2024<br\/>MotoGP_015<\/p><\/li><li><a href=\"https:\/\/guillemcalatrava.com\/wp-content\/gallery\/motogp\/GCM05414.jpg\" title=\"GCM05414\"><img loading=\"lazy\" decoding=\"async\" src=\"https:\/\/guillemcalatrava.com\/wp-content\/plugins\/justified-image-grid\/timthumb.php?src=https%3A%2F%2Fguillemcalatrava.com%2Fwp-content%2Fgallery%2Fmotogp%2FGCM05414.jpg&amp;h=280&amp;q=90&amp;f=.jpg\" alt=\"MotoGP 2024\" width=\"420\" height=\"280\" \/><\/a><p class=\"jig-HTMLdescription\">MotoGP 2024<br\/>GCM05414<\/p><\/li><li><a href=\"https:\/\/guillemcalatrava.com\/wp-content\/gallery\/motogp\/GCM07766.jpg\" title=\"GCM07766\"><img loading=\"lazy\" decoding=\"async\" src=\"https:\/\/guillemcalatrava.com\/wp-content\/plugins\/justified-image-grid\/timthumb.php?src=https%3A%2F%2Fguillemcalatrava.com%2Fwp-content%2Fgallery%2Fmotogp%2FGCM07766.jpg&amp;h=280&amp;q=90&amp;f=.jpg\" alt=\"MotoGP 2025\" width=\"224\" height=\"280\" \/><\/a><p class=\"jig-HTMLdescription\">MotoGP 2025<br\/>GCM07766<\/p><\/li><li><a href=\"https:\/\/guillemcalatrava.com\/wp-content\/gallery\/motogp\/GCM06440.jpg\" title=\"GCM06440\"><img loading=\"lazy\" decoding=\"async\" src=\"https:\/\/guillemcalatrava.com\/wp-content\/plugins\/justified-image-grid\/timthumb.php?src=https%3A%2F%2Fguillemcalatrava.com%2Fwp-content%2Fgallery%2Fmotogp%2FGCM06440.jpg&amp;h=280&amp;q=90&amp;f=.jpg\" alt=\"MotoGP 2024\" width=\"420\" height=\"280\" \/><\/a><p class=\"jig-HTMLdescription\">MotoGP 2024<br\/>GCM06440<\/p><\/li><li><a href=\"https:\/\/guillemcalatrava.com\/wp-content\/gallery\/motogp\/GCM02169.jpg\" title=\"GCM02169\"><img loading=\"lazy\" decoding=\"async\" src=\"https:\/\/guillemcalatrava.com\/wp-content\/plugins\/justified-image-grid\/timthumb.php?src=https%3A%2F%2Fguillemcalatrava.com%2Fwp-content%2Fgallery%2Fmotogp%2FGCM02169.jpg&amp;h=280&amp;q=90&amp;f=.jpg\" alt=\"MotoGP 2024\" width=\"420\" height=\"280\" \/><\/a><p class=\"jig-HTMLdescription\">MotoGP 2024<br\/>GCM02169<\/p><\/li><li><a href=\"https:\/\/guillemcalatrava.com\/wp-content\/gallery\/motogp\/GCM06259.jpg\" title=\"GCM06259\"><img loading=\"lazy\" decoding=\"async\" src=\"https:\/\/guillemcalatrava.com\/wp-content\/plugins\/justified-image-grid\/timthumb.php?src=https%3A%2F%2Fguillemcalatrava.com%2Fwp-content%2Fgallery%2Fmotogp%2FGCM06259.jpg&amp;h=280&amp;q=90&amp;f=.jpg\" alt=\"MotoGP 2024\" width=\"420\" height=\"280\" \/><\/a><p class=\"jig-HTMLdescription\">MotoGP 2024<br\/>GCM06259<\/p><\/li><\/ul><\/noscript><\/div>\n<p>[\/et_pb_text][et_pb_text admin_label=&#8221;Deporte Motor y Marcas&#8221; _builder_version=&#8221;4.27.4&#8243; text_font=&#8221;||||||||&#8221; header_font=&#8221;||||||||&#8221; header_2_font=&#8221;Lato||||||||&#8221; header_2_font_size=&#8221;36px&#8221; header_2_line_height=&#8221;1.5em&#8221; custom_padding=&#8221;|||&#8221; animation_direction=&#8221;left&#8221; global_colors_info=&#8221;{}&#8221;]<\/p>\n<h2>Esport, motor i marques<\/h2>\n<p>[\/et_pb_text][\/et_pb_column][\/et_pb_row][et_pb_row column_structure=&#8221;1_2,1_2&#8243; admin_label=&#8221;Fotografia i v\u00eddeo d\u2019esdeveniments relacionats amb l\u2019esport&#8221; _builder_version=&#8221;4.27.4&#8243; max_width=&#8221;2560px&#8221; custom_margin=&#8221;||0px||false|false&#8221; custom_padding=&#8221;40px|0px|0px|0px|false|false&#8221; collapsed=&#8221;off&#8221; global_colors_info=&#8221;{}&#8221;][et_pb_column type=&#8221;1_2&#8243; _builder_version=&#8221;4.16&#8243; custom_padding=&#8221;|||&#8221; global_colors_info=&#8221;{}&#8221; custom_padding__hover=&#8221;|||&#8221;][et_pb_text _builder_version=&#8221;4.27.4&#8243; text_font=&#8221;||||||||&#8221; text_font_size=&#8221;16px&#8221; text_line_height=&#8221;1.8em&#8221; header_font=&#8221;||||||||&#8221; animation_style=&#8221;flip&#8221; animation_direction=&#8221;left&#8221; animation_intensity_flip=&#8221;20%&#8221; animation_starting_opacity=&#8221;100%&#8221; global_colors_info=&#8221;{}&#8221;]<\/p>\n<p>La meva traject\u00f2ria tamb\u00e9 inclou col\u00b7laboracions amb marques l\u00edders de l\u2019esport i el motor. Com a fot\u00f2graf oficial en esdeveniments conjunts d\u2019Audi i el FC Barcelona, vaig documentar entregues de vehicles als jugadors, presentacions al Camp Nou i campanyes de m\u00e0rqueting, fusionant imatge de marca i emoci\u00f3 esportiva.<\/p>\n<p><\/p>\n<p>Aquesta experi\u00e8ncia m\u2019ha perm\u00e8s explicar hist\u00f2ries que connecten persones, equips i emocions a trav\u00e9s de la imatge. Treballar amb entitats d\u2019aquest nivell exigeix precisi\u00f3, capacitat d\u2019adaptaci\u00f3 r\u00e0pida i una mirada creativa capa\u00e7 de captar tant all\u00f2 visible com all\u00f2 simb\u00f2lic. Cada esdeveniment ha estat una oportunitat per cr\u00e9ixer professionalment i refor\u00e7ar el meu comprom\u00eds amb una narrativa visual aut\u00e8ntica i acurada.<\/p>\n<p>[\/et_pb_text][\/et_pb_column][et_pb_column type=&#8221;1_2&#8243; _builder_version=&#8221;4.16&#8243; custom_padding=&#8221;|||&#8221; global_colors_info=&#8221;{}&#8221; custom_padding__hover=&#8221;|||&#8221;][et_pb_video src=&#8221;https:\/\/vimeo.com\/792548409&#8243; image_src=&#8221;\/\/i.vimeocdn.com\/video\/1595316938-2934d420e72f70b09f4607549266db3a15f7fd8abd2107ac728205474dbdb798-d_960&#8243; _builder_version=&#8221;4.19.4&#8243; _module_preset=&#8221;default&#8221; custom_margin=&#8221;||0px||false|false&#8221; custom_padding=&#8221;||0px||false|false&#8221; global_colors_info=&#8221;{}&#8221;][\/et_pb_video][et_pb_text _builder_version=&#8221;4.19.4&#8243; _module_preset=&#8221;default&#8221; header_6_font=&#8221;|300|||||||&#8221; header_6_text_color=&#8221;#878787&#8243; header_6_font_size=&#8221;12px&#8221; header_6_line_height=&#8221;0em&#8221; custom_margin=&#8221;0px||||false|false&#8221; custom_padding=&#8221;0px||||false|false&#8221; global_colors_info=&#8221;{}&#8221;]<em>Audi Driving Experience @ Baqueira Beret<br \/>\n<\/em><\/p>\n<p>&#x1f3a5; <em>Guillem Calatrava<\/em><br \/>\n&#x1f5a5; <em>Guillem Calatrava<\/em><\/p>\n<h6 style=\"text-align: right;\">AUDI \/ WWP Weirather-Wenzel &amp; Partner AG<\/h6>\n<p><em>&nbsp;<\/em>[\/et_pb_text][\/et_pb_column][\/et_pb_row][et_pb_row admin_label=&#8221;Galeria Fotograf\u00eda y v\u00eddeo de Deportes Motor y Marcas&#8221; _builder_version=&#8221;4.27.4&#8243; _module_preset=&#8221;default&#8221; width=&#8221;90%&#8221; max_width=&#8221;2560px&#8221; custom_margin=&#8221;||0px||false|false&#8221; custom_padding=&#8221;||0px||false|false&#8221; collapsed=&#8221;off&#8221; global_colors_info=&#8221;{}&#8221;][et_pb_column type=&#8221;4_4&#8243; _builder_version=&#8221;4.19.4&#8243; _module_preset=&#8221;default&#8221; global_colors_info=&#8221;{}&#8221;][et_pb_text disabled_on=&#8221;on|on|off&#8221; _builder_version=&#8221;4.19.4&#8243; _module_preset=&#8221;default&#8221; global_colors_info=&#8221;{}&#8221;]<\/p>\n<div id=\"jig5\" class=\"justified-image-grid jig-29e8f17ec5467803d1d5ce797853a05e jig-preset-global jig-source-nextgen\"><div class=\"jig-clearfix\"><\/div><noscript id=\"jig5-html\" class=\"justified-image-grid-html\" data-lazy-src=\"skiplazyload\" data-src=\"skipunveillazyload\"><ul><li><a href=\"https:\/\/guillemcalatrava.com\/wp-content\/gallery\/audi-fcb-1\/Audi-Baqueira_007.jpg\"><img loading=\"lazy\" decoding=\"async\" src=\"https:\/\/guillemcalatrava.com\/wp-content\/plugins\/justified-image-grid\/timthumb.php?src=https%3A%2F%2Fguillemcalatrava.com%2Fwp-content%2Fgallery%2Faudi-fcb-1%2FAudi-Baqueira_007.jpg&amp;h=280&amp;q=90&amp;f=.jpg\" alt=\"Audi driving experience @ Bequeira Beret\" width=\"420\" height=\"280\" \/><\/a><p class=\"jig-HTMLdescription\">Audi driving experience @ Bequeira Beret<\/p><\/li><li><a href=\"https:\/\/guillemcalatrava.com\/wp-content\/gallery\/audi-fcb-1\/Audi-Campions_001.jpg\"><img loading=\"lazy\" decoding=\"async\" src=\"https:\/\/guillemcalatrava.com\/wp-content\/plugins\/justified-image-grid\/timthumb.php?src=https%3A%2F%2Fguillemcalatrava.com%2Fwp-content%2Fgallery%2Faudi-fcb-1%2FAudi-Campions_001.jpg&amp;h=280&amp;q=90&amp;f=.jpg\" alt=\"Audi Rua Campeones Temporada 2017-18\" width=\"420\" height=\"280\" \/><\/a><p class=\"jig-HTMLdescription\">Audi Rua Campeones Temporada 2017-18<\/p><\/li><li><a href=\"https:\/\/guillemcalatrava.com\/wp-content\/gallery\/audi-fcb-1\/Audi-Baqueira_006.jpg\"><img loading=\"lazy\" decoding=\"async\" src=\"https:\/\/guillemcalatrava.com\/wp-content\/plugins\/justified-image-grid\/timthumb.php?src=https%3A%2F%2Fguillemcalatrava.com%2Fwp-content%2Fgallery%2Faudi-fcb-1%2FAudi-Baqueira_006.jpg&amp;h=280&amp;q=90&amp;f=.jpg\" alt=\"Audi driving experience @ Bequeira Beret\" width=\"420\" height=\"280\" \/><\/a><p class=\"jig-HTMLdescription\">Audi driving experience @ Bequeira Beret<\/p><\/li><li><a href=\"https:\/\/guillemcalatrava.com\/wp-content\/gallery\/audi-fcb-1\/Audi-FCB-Madrid_004.jpg\"><img loading=\"lazy\" decoding=\"async\" src=\"https:\/\/guillemcalatrava.com\/wp-content\/plugins\/justified-image-grid\/timthumb.php?src=https%3A%2F%2Fguillemcalatrava.com%2Fwp-content%2Fgallery%2Faudi-fcb-1%2FAudi-FCB-Madrid_004.jpg&amp;h=280&amp;q=90&amp;f=.jpg\" alt=\"Stand Audi durante partido FCB - R. Madrid\" width=\"420\" height=\"280\" \/><\/a><p class=\"jig-HTMLdescription\">Stand Audi durante partido FCB - R. Madrid<\/p><\/li><li><a href=\"https:\/\/guillemcalatrava.com\/wp-content\/gallery\/audi-fcb-1\/Audi-Baqueira_005.jpg\"><img loading=\"lazy\" decoding=\"async\" src=\"https:\/\/guillemcalatrava.com\/wp-content\/plugins\/justified-image-grid\/timthumb.php?src=https%3A%2F%2Fguillemcalatrava.com%2Fwp-content%2Fgallery%2Faudi-fcb-1%2FAudi-Baqueira_005.jpg&amp;h=280&amp;q=90&amp;f=.jpg\" alt=\"Audi driving experience @ Bequeira Beret\" width=\"420\" height=\"280\" \/><\/a><p class=\"jig-HTMLdescription\">Audi driving experience @ Bequeira Beret<\/p><\/li><li><a href=\"https:\/\/guillemcalatrava.com\/wp-content\/gallery\/audi-fcb-1\/Entrega-coches-fcb-temporada-15-16_002.jpg\"><img loading=\"lazy\" decoding=\"async\" src=\"https:\/\/guillemcalatrava.com\/wp-content\/plugins\/justified-image-grid\/timthumb.php?src=https%3A%2F%2Fguillemcalatrava.com%2Fwp-content%2Fgallery%2Faudi-fcb-1%2FEntrega-coches-fcb-temporada-15-16_002.jpg&amp;h=280&amp;q=90&amp;f=.jpg\" alt=\"Entrega coches Audi a la plantilla del FCB Temporada 2015-16\" width=\"420\" height=\"280\" \/><\/a><p class=\"jig-HTMLdescription\">Entrega coches Audi a la plantilla del FCB Temporada 2015-16<\/p><\/li><li><a href=\"https:\/\/guillemcalatrava.com\/wp-content\/gallery\/audi-fcb-1\/Audi-Baqueira_001.jpg\"><img loading=\"lazy\" decoding=\"async\" src=\"https:\/\/guillemcalatrava.com\/wp-content\/plugins\/justified-image-grid\/timthumb.php?src=https%3A%2F%2Fguillemcalatrava.com%2Fwp-content%2Fgallery%2Faudi-fcb-1%2FAudi-Baqueira_001.jpg&amp;h=280&amp;q=90&amp;f=.jpg\" alt=\"Audi driving experience @ Bequeira Beret\" width=\"420\" height=\"280\" \/><\/a><p class=\"jig-HTMLdescription\">Audi driving experience @ Bequeira Beret<\/p><\/li><li><a href=\"https:\/\/guillemcalatrava.com\/wp-content\/gallery\/audi-fcb-1\/Audi-Montmelo_004.jpg\"><img loading=\"lazy\" decoding=\"async\" src=\"https:\/\/guillemcalatrava.com\/wp-content\/plugins\/justified-image-grid\/timthumb.php?src=https%3A%2F%2Fguillemcalatrava.com%2Fwp-content%2Fgallery%2Faudi-fcb-1%2FAudi-Montmelo_004.jpg&amp;h=280&amp;q=90&amp;f=.jpg\" alt=\"Audi driving experience @ Montmel\u00f3 - Circuit de Catalunya\" width=\"420\" height=\"280\" \/><\/a><p class=\"jig-HTMLdescription\">Audi driving experience @ Montmel\u00f3 - Circuit de Catalunya<\/p><\/li><li><a href=\"https:\/\/guillemcalatrava.com\/wp-content\/gallery\/audi-fcb-1\/Adui-Making-Of_009.jpg\"><img loading=\"lazy\" decoding=\"async\" src=\"https:\/\/guillemcalatrava.com\/wp-content\/plugins\/justified-image-grid\/timthumb.php?src=https%3A%2F%2Fguillemcalatrava.com%2Fwp-content%2Fgallery%2Faudi-fcb-1%2FAdui-Making-Of_009.jpg&amp;h=280&amp;q=90&amp;f=.jpg\" alt=\"Making Of de anuncio de Audi y FCB\" width=\"420\" height=\"280\" \/><\/a><p class=\"jig-HTMLdescription\">Making Of de anuncio de Audi y FCB<\/p><\/li><li><a href=\"https:\/\/guillemcalatrava.com\/wp-content\/gallery\/audi-fcb-1\/Adui-Making-Of_007.jpg\"><img loading=\"lazy\" decoding=\"async\" src=\"https:\/\/guillemcalatrava.com\/wp-content\/plugins\/justified-image-grid\/timthumb.php?src=https%3A%2F%2Fguillemcalatrava.com%2Fwp-content%2Fgallery%2Faudi-fcb-1%2FAdui-Making-Of_007.jpg&amp;h=280&amp;q=90&amp;f=.jpg\" alt=\"Making Of de anuncio de Audi y FCB\" width=\"420\" height=\"280\" \/><\/a><p class=\"jig-HTMLdescription\">Making Of de anuncio de Audi y FCB<\/p><\/li><li><a href=\"https:\/\/guillemcalatrava.com\/wp-content\/gallery\/audi-fcb-1\/Entrega-coches-fcb-temporada-15-16_004.jpg\"><img loading=\"lazy\" decoding=\"async\" src=\"https:\/\/guillemcalatrava.com\/wp-content\/plugins\/justified-image-grid\/timthumb.php?src=https%3A%2F%2Fguillemcalatrava.com%2Fwp-content%2Fgallery%2Faudi-fcb-1%2FEntrega-coches-fcb-temporada-15-16_004.jpg&amp;h=280&amp;q=90&amp;f=.jpg\" alt=\"Entrega coches Audi a la plantilla del FCB Temporada 2015-16\" width=\"420\" height=\"280\" \/><\/a><p class=\"jig-HTMLdescription\">Entrega coches Audi a la plantilla del FCB Temporada 2015-16<\/p><\/li><li><a href=\"https:\/\/guillemcalatrava.com\/wp-content\/gallery\/audi-fcb-1\/Adui-Making-Of_004.jpg\"><img loading=\"lazy\" decoding=\"async\" src=\"https:\/\/guillemcalatrava.com\/wp-content\/plugins\/justified-image-grid\/timthumb.php?src=https%3A%2F%2Fguillemcalatrava.com%2Fwp-content%2Fgallery%2Faudi-fcb-1%2FAdui-Making-Of_004.jpg&amp;h=280&amp;q=90&amp;f=.jpg\" alt=\"Making Of de anuncio de Audi y FCB\" width=\"420\" height=\"280\" \/><\/a><p class=\"jig-HTMLdescription\">Making Of de anuncio de Audi y FCB<\/p><\/li><li><a href=\"https:\/\/guillemcalatrava.com\/wp-content\/gallery\/audi-fcb-1\/Adui-Making-Of_010.jpg\"><img loading=\"lazy\" decoding=\"async\" src=\"https:\/\/guillemcalatrava.com\/wp-content\/plugins\/justified-image-grid\/timthumb.php?src=https%3A%2F%2Fguillemcalatrava.com%2Fwp-content%2Fgallery%2Faudi-fcb-1%2FAdui-Making-Of_010.jpg&amp;h=280&amp;q=90&amp;f=.jpg\" alt=\"Making Of de anuncio de Audi y FCB\" width=\"534\" height=\"280\" \/><\/a><p class=\"jig-HTMLdescription\">Making Of de anuncio de Audi y FCB<\/p><\/li><li><a href=\"https:\/\/guillemcalatrava.com\/wp-content\/gallery\/audi-fcb-1\/Entrega-coches-fcb-temporada-15-16_007.jpg\"><img loading=\"lazy\" decoding=\"async\" src=\"https:\/\/guillemcalatrava.com\/wp-content\/plugins\/justified-image-grid\/timthumb.php?src=https%3A%2F%2Fguillemcalatrava.com%2Fwp-content%2Fgallery%2Faudi-fcb-1%2FEntrega-coches-fcb-temporada-15-16_007.jpg&amp;h=280&amp;q=90&amp;f=.jpg\" alt=\"Entrega coches Audi a la plantilla del FCB Temporada 2015-16\" width=\"420\" height=\"280\" \/><\/a><p class=\"jig-HTMLdescription\">Entrega coches Audi a la plantilla del FCB Temporada 2015-16<\/p><\/li><li><a href=\"https:\/\/guillemcalatrava.com\/wp-content\/gallery\/audi-fcb-1\/Audi-Baqueira_008.jpg\"><img loading=\"lazy\" decoding=\"async\" src=\"https:\/\/guillemcalatrava.com\/wp-content\/plugins\/justified-image-grid\/timthumb.php?src=https%3A%2F%2Fguillemcalatrava.com%2Fwp-content%2Fgallery%2Faudi-fcb-1%2FAudi-Baqueira_008.jpg&amp;h=280&amp;q=90&amp;f=.jpg\" alt=\"Audi driving experience @ Bequeira Beret\" width=\"420\" height=\"280\" \/><\/a><p class=\"jig-HTMLdescription\">Audi driving experience @ Bequeira Beret<\/p><\/li><li><a href=\"https:\/\/guillemcalatrava.com\/wp-content\/gallery\/audi-fcb-1\/Audi-Dembele-FCB_002.jpg\"><img loading=\"lazy\" decoding=\"async\" src=\"https:\/\/guillemcalatrava.com\/wp-content\/plugins\/justified-image-grid\/timthumb.php?src=https%3A%2F%2Fguillemcalatrava.com%2Fwp-content%2Fgallery%2Faudi-fcb-1%2FAudi-Dembele-FCB_002.jpg&amp;h=280&amp;q=90&amp;f=.jpg\" alt=\"Entrega Audi al jugador del FCB Ousmane Demb\u00e9l\u00e9\" width=\"420\" height=\"280\" \/><\/a><p class=\"jig-HTMLdescription\">Entrega Audi al jugador del FCB Ousmane Demb\u00e9l\u00e9<\/p><\/li><li><a href=\"https:\/\/guillemcalatrava.com\/wp-content\/gallery\/audi-fcb-1\/Audi-FCB-Alcacer_003.jpg\"><img loading=\"lazy\" decoding=\"async\" src=\"https:\/\/guillemcalatrava.com\/wp-content\/plugins\/justified-image-grid\/timthumb.php?src=https%3A%2F%2Fguillemcalatrava.com%2Fwp-content%2Fgallery%2Faudi-fcb-1%2FAudi-FCB-Alcacer_003.jpg&amp;h=280&amp;q=90&amp;f=.jpg\" alt=\"Entrega Audi al jugador del FCB Paco Alc\u00e1cer\" width=\"420\" height=\"280\" \/><\/a><p class=\"jig-HTMLdescription\">Entrega Audi al jugador del FCB Paco Alc\u00e1cer<\/p><\/li><li><a href=\"https:\/\/guillemcalatrava.com\/wp-content\/gallery\/audi-fcb-1\/Audi-Baqueira_010.jpg\"><img loading=\"lazy\" decoding=\"async\" src=\"https:\/\/guillemcalatrava.com\/wp-content\/plugins\/justified-image-grid\/timthumb.php?src=https%3A%2F%2Fguillemcalatrava.com%2Fwp-content%2Fgallery%2Faudi-fcb-1%2FAudi-Baqueira_010.jpg&amp;h=280&amp;q=90&amp;f=.jpg\" alt=\"Audi driving experience @ Bequeira Beret\" width=\"420\" height=\"280\" \/><\/a><p class=\"jig-HTMLdescription\">Audi driving experience @ Bequeira Beret<\/p><\/li><li><a href=\"https:\/\/guillemcalatrava.com\/wp-content\/gallery\/audi-fcb-1\/Adui-Making-Of_002.jpg\"><img loading=\"lazy\" decoding=\"async\" src=\"https:\/\/guillemcalatrava.com\/wp-content\/plugins\/justified-image-grid\/timthumb.php?src=https%3A%2F%2Fguillemcalatrava.com%2Fwp-content%2Fgallery%2Faudi-fcb-1%2FAdui-Making-Of_002.jpg&amp;h=280&amp;q=90&amp;f=.jpg\" alt=\"Making Of de anuncio de Audi y FCB\" width=\"420\" height=\"280\" \/><\/a><p class=\"jig-HTMLdescription\">Making Of de anuncio de Audi y FCB<\/p><\/li><li><a href=\"https:\/\/guillemcalatrava.com\/wp-content\/gallery\/audi-fcb-1\/Audi-Montmelo_005.jpg\"><img loading=\"lazy\" decoding=\"async\" src=\"https:\/\/guillemcalatrava.com\/wp-content\/plugins\/justified-image-grid\/timthumb.php?src=https%3A%2F%2Fguillemcalatrava.com%2Fwp-content%2Fgallery%2Faudi-fcb-1%2FAudi-Montmelo_005.jpg&amp;h=280&amp;q=90&amp;f=.jpg\" alt=\"Audi driving experience @ Montmel\u00f3 - Circuit de Catalunya\" width=\"420\" height=\"280\" \/><\/a><p class=\"jig-HTMLdescription\">Audi driving experience @ Montmel\u00f3 - Circuit de Catalunya<\/p><\/li><li><a href=\"https:\/\/guillemcalatrava.com\/wp-content\/gallery\/audi-fcb-1\/Adui-Making-Of_001.jpg\"><img loading=\"lazy\" decoding=\"async\" src=\"https:\/\/guillemcalatrava.com\/wp-content\/plugins\/justified-image-grid\/timthumb.php?src=https%3A%2F%2Fguillemcalatrava.com%2Fwp-content%2Fgallery%2Faudi-fcb-1%2FAdui-Making-Of_001.jpg&amp;h=280&amp;q=90&amp;f=.jpg\" alt=\"Making Of de anuncio de Audi y FCB\" width=\"420\" height=\"280\" \/><\/a><p class=\"jig-HTMLdescription\">Making Of de anuncio de Audi y FCB<\/p><\/li><li><a href=\"https:\/\/guillemcalatrava.com\/wp-content\/gallery\/audi-fcb-1\/Adui-Making-Of_006.jpg\"><img loading=\"lazy\" decoding=\"async\" src=\"https:\/\/guillemcalatrava.com\/wp-content\/plugins\/justified-image-grid\/timthumb.php?src=https%3A%2F%2Fguillemcalatrava.com%2Fwp-content%2Fgallery%2Faudi-fcb-1%2FAdui-Making-Of_006.jpg&amp;h=280&amp;q=90&amp;f=.jpg\" alt=\"Making Of de anuncio de Audi y FCB\" width=\"420\" height=\"280\" \/><\/a><p class=\"jig-HTMLdescription\">Making Of de anuncio de Audi y FCB<\/p><\/li><li><a href=\"https:\/\/guillemcalatrava.com\/wp-content\/gallery\/audi-fcb-1\/Audi-Arthur_005.jpg\"><img loading=\"lazy\" decoding=\"async\" src=\"https:\/\/guillemcalatrava.com\/wp-content\/plugins\/justified-image-grid\/timthumb.php?src=https%3A%2F%2Fguillemcalatrava.com%2Fwp-content%2Fgallery%2Faudi-fcb-1%2FAudi-Arthur_005.jpg&amp;h=280&amp;q=90&amp;f=.jpg\" alt=\"Entrega Audi al jugador del FCB Arthur Melo\" width=\"420\" height=\"280\" \/><\/a><p class=\"jig-HTMLdescription\">Entrega Audi al jugador del FCB Arthur Melo<\/p><\/li><li><a href=\"https:\/\/guillemcalatrava.com\/wp-content\/gallery\/audi-fcb-1\/Adui-FCB-Madrid-16_003.jpg\"><img loading=\"lazy\" decoding=\"async\" src=\"https:\/\/guillemcalatrava.com\/wp-content\/plugins\/justified-image-grid\/timthumb.php?src=https%3A%2F%2Fguillemcalatrava.com%2Fwp-content%2Fgallery%2Faudi-fcb-1%2FAdui-FCB-Madrid-16_003.jpg&amp;h=280&amp;q=90&amp;f=.jpg\" alt=\"Stand Audi durante partido FCB - R. Madrid\" width=\"420\" height=\"280\" \/><\/a><p class=\"jig-HTMLdescription\">Stand Audi durante partido FCB - R. Madrid<\/p><\/li><li><a href=\"https:\/\/guillemcalatrava.com\/wp-content\/gallery\/audi-fcb-1\/Entrega-coches-fcb-temporada-15-16_003.jpg\"><img loading=\"lazy\" decoding=\"async\" src=\"https:\/\/guillemcalatrava.com\/wp-content\/plugins\/justified-image-grid\/timthumb.php?src=https%3A%2F%2Fguillemcalatrava.com%2Fwp-content%2Fgallery%2Faudi-fcb-1%2FEntrega-coches-fcb-temporada-15-16_003.jpg&amp;h=280&amp;q=90&amp;f=.jpg\" alt=\"Entrega coches Audi a la plantilla del FCB Temporada 2015-16\" width=\"420\" height=\"280\" \/><\/a><p class=\"jig-HTMLdescription\">Entrega coches Audi a la plantilla del FCB Temporada 2015-16<\/p><\/li><\/ul><\/noscript><\/div>\n<p>[\/et_pb_text][et_pb_text disabled_on=&#8221;off|off|on&#8221; _builder_version=&#8221;4.19.4&#8243; _module_preset=&#8221;default&#8221; global_colors_info=&#8221;{}&#8221;]<\/p>\n<div id=\"jig6\" class=\"justified-image-grid jig-2797ed8d7c0e08c70720436bb5611f9f jig-preset-global jig-source-nextgen\"><div class=\"jig-clearfix\"><\/div><noscript id=\"jig6-html\" class=\"justified-image-grid-html\" data-lazy-src=\"skiplazyload\" data-src=\"skipunveillazyload\"><ul><li><a href=\"https:\/\/guillemcalatrava.com\/wp-content\/gallery\/audi-fcb-1\/Audi-FCB-Madrid_004.jpg\"><img loading=\"lazy\" decoding=\"async\" src=\"https:\/\/guillemcalatrava.com\/wp-content\/plugins\/justified-image-grid\/timthumb.php?src=https%3A%2F%2Fguillemcalatrava.com%2Fwp-content%2Fgallery%2Faudi-fcb-1%2FAudi-FCB-Madrid_004.jpg&amp;h=280&amp;q=90&amp;f=.jpg\" alt=\"Stand Audi durante partido FCB - R. Madrid\" width=\"420\" height=\"280\" \/><\/a><p class=\"jig-HTMLdescription\">Stand Audi durante partido FCB - R. Madrid<\/p><\/li><li><a href=\"https:\/\/guillemcalatrava.com\/wp-content\/gallery\/audi-fcb-1\/Audi-Montmelo_001.jpg\"><img loading=\"lazy\" decoding=\"async\" src=\"https:\/\/guillemcalatrava.com\/wp-content\/plugins\/justified-image-grid\/timthumb.php?src=https%3A%2F%2Fguillemcalatrava.com%2Fwp-content%2Fgallery%2Faudi-fcb-1%2FAudi-Montmelo_001.jpg&amp;h=280&amp;q=90&amp;f=.jpg\" alt=\"Audi driving experience @ Montmel\u00f3 - Circuit de Catalunya\" width=\"420\" height=\"280\" \/><\/a><p class=\"jig-HTMLdescription\">Audi driving experience @ Montmel\u00f3 - Circuit de Catalunya<\/p><\/li><li><a href=\"https:\/\/guillemcalatrava.com\/wp-content\/gallery\/audi-fcb-1\/Adui-Making-Of_008.jpg\"><img loading=\"lazy\" decoding=\"async\" src=\"https:\/\/guillemcalatrava.com\/wp-content\/plugins\/justified-image-grid\/timthumb.php?src=https%3A%2F%2Fguillemcalatrava.com%2Fwp-content%2Fgallery%2Faudi-fcb-1%2FAdui-Making-Of_008.jpg&amp;h=280&amp;q=90&amp;f=.jpg\" alt=\"Making Of de anuncio de Audi y FCB\" width=\"420\" height=\"280\" \/><\/a><p class=\"jig-HTMLdescription\">Making Of de anuncio de Audi y FCB<\/p><\/li><li><a href=\"https:\/\/guillemcalatrava.com\/wp-content\/gallery\/audi-fcb-1\/Audi-Montmelo_005.jpg\"><img loading=\"lazy\" decoding=\"async\" src=\"https:\/\/guillemcalatrava.com\/wp-content\/plugins\/justified-image-grid\/timthumb.php?src=https%3A%2F%2Fguillemcalatrava.com%2Fwp-content%2Fgallery%2Faudi-fcb-1%2FAudi-Montmelo_005.jpg&amp;h=280&amp;q=90&amp;f=.jpg\" alt=\"Audi driving experience @ Montmel\u00f3 - Circuit de Catalunya\" width=\"420\" height=\"280\" \/><\/a><p class=\"jig-HTMLdescription\">Audi driving experience @ Montmel\u00f3 - Circuit de Catalunya<\/p><\/li><li><a href=\"https:\/\/guillemcalatrava.com\/wp-content\/gallery\/audi-fcb-1\/Audi-Montmelo_008.jpg\"><img loading=\"lazy\" decoding=\"async\" src=\"https:\/\/guillemcalatrava.com\/wp-content\/plugins\/justified-image-grid\/timthumb.php?src=https%3A%2F%2Fguillemcalatrava.com%2Fwp-content%2Fgallery%2Faudi-fcb-1%2FAudi-Montmelo_008.jpg&amp;h=280&amp;q=90&amp;f=.jpg\" alt=\"Audi driving experience @ Montmel\u00f3 - Circuit de Catalunya\" width=\"420\" height=\"280\" \/><\/a><p class=\"jig-HTMLdescription\">Audi driving experience @ Montmel\u00f3 - Circuit de Catalunya<\/p><\/li><li><a href=\"https:\/\/guillemcalatrava.com\/wp-content\/gallery\/audi-fcb-1\/Audi-FCB-Alcacer_003.jpg\"><img loading=\"lazy\" decoding=\"async\" src=\"https:\/\/guillemcalatrava.com\/wp-content\/plugins\/justified-image-grid\/timthumb.php?src=https%3A%2F%2Fguillemcalatrava.com%2Fwp-content%2Fgallery%2Faudi-fcb-1%2FAudi-FCB-Alcacer_003.jpg&amp;h=280&amp;q=90&amp;f=.jpg\" alt=\"Entrega Audi al jugador del FCB Paco Alc\u00e1cer\" width=\"420\" height=\"280\" \/><\/a><p class=\"jig-HTMLdescription\">Entrega Audi al jugador del FCB Paco Alc\u00e1cer<\/p><\/li><li><a href=\"https:\/\/guillemcalatrava.com\/wp-content\/gallery\/audi-fcb-1\/Adui-Making-Of_002.jpg\"><img loading=\"lazy\" decoding=\"async\" src=\"https:\/\/guillemcalatrava.com\/wp-content\/plugins\/justified-image-grid\/timthumb.php?src=https%3A%2F%2Fguillemcalatrava.com%2Fwp-content%2Fgallery%2Faudi-fcb-1%2FAdui-Making-Of_002.jpg&amp;h=280&amp;q=90&amp;f=.jpg\" alt=\"Making Of de anuncio de Audi y FCB\" width=\"420\" height=\"280\" \/><\/a><p class=\"jig-HTMLdescription\">Making Of de anuncio de Audi y FCB<\/p><\/li><li><a href=\"https:\/\/guillemcalatrava.com\/wp-content\/gallery\/audi-fcb-1\/Adui-Making-Of_001.jpg\"><img loading=\"lazy\" decoding=\"async\" src=\"https:\/\/guillemcalatrava.com\/wp-content\/plugins\/justified-image-grid\/timthumb.php?src=https%3A%2F%2Fguillemcalatrava.com%2Fwp-content%2Fgallery%2Faudi-fcb-1%2FAdui-Making-Of_001.jpg&amp;h=280&amp;q=90&amp;f=.jpg\" alt=\"Making Of de anuncio de Audi y FCB\" width=\"420\" height=\"280\" \/><\/a><p class=\"jig-HTMLdescription\">Making Of de anuncio de Audi y FCB<\/p><\/li><li><a href=\"https:\/\/guillemcalatrava.com\/wp-content\/gallery\/audi-fcb-1\/Adui-Making-Of_010.jpg\"><img loading=\"lazy\" decoding=\"async\" src=\"https:\/\/guillemcalatrava.com\/wp-content\/plugins\/justified-image-grid\/timthumb.php?src=https%3A%2F%2Fguillemcalatrava.com%2Fwp-content%2Fgallery%2Faudi-fcb-1%2FAdui-Making-Of_010.jpg&amp;h=280&amp;q=90&amp;f=.jpg\" alt=\"Making Of de anuncio de Audi y FCB\" width=\"534\" height=\"280\" \/><\/a><p class=\"jig-HTMLdescription\">Making Of de anuncio de Audi y FCB<\/p><\/li><li><a href=\"https:\/\/guillemcalatrava.com\/wp-content\/gallery\/audi-fcb-1\/Entrega-coches-fcb-temporada-15-16_010.jpg\"><img loading=\"lazy\" decoding=\"async\" src=\"https:\/\/guillemcalatrava.com\/wp-content\/plugins\/justified-image-grid\/timthumb.php?src=https%3A%2F%2Fguillemcalatrava.com%2Fwp-content%2Fgallery%2Faudi-fcb-1%2FEntrega-coches-fcb-temporada-15-16_010.jpg&amp;h=280&amp;q=90&amp;f=.jpg\" alt=\"Entrega coches Audi a la plantilla del FCB Temporada 2015-16\" width=\"420\" height=\"280\" \/><\/a><p class=\"jig-HTMLdescription\">Entrega coches Audi a la plantilla del FCB Temporada 2015-16<\/p><\/li><li><a href=\"https:\/\/guillemcalatrava.com\/wp-content\/gallery\/audi-fcb-1\/Adui-Making-Of_007.jpg\"><img loading=\"lazy\" decoding=\"async\" src=\"https:\/\/guillemcalatrava.com\/wp-content\/plugins\/justified-image-grid\/timthumb.php?src=https%3A%2F%2Fguillemcalatrava.com%2Fwp-content%2Fgallery%2Faudi-fcb-1%2FAdui-Making-Of_007.jpg&amp;h=280&amp;q=90&amp;f=.jpg\" alt=\"Making Of de anuncio de Audi y FCB\" width=\"420\" height=\"280\" \/><\/a><p class=\"jig-HTMLdescription\">Making Of de anuncio de Audi y FCB<\/p><\/li><li><a href=\"https:\/\/guillemcalatrava.com\/wp-content\/gallery\/audi-fcb-1\/Adui-Making-Of_006.jpg\"><img loading=\"lazy\" decoding=\"async\" src=\"https:\/\/guillemcalatrava.com\/wp-content\/plugins\/justified-image-grid\/timthumb.php?src=https%3A%2F%2Fguillemcalatrava.com%2Fwp-content%2Fgallery%2Faudi-fcb-1%2FAdui-Making-Of_006.jpg&amp;h=280&amp;q=90&amp;f=.jpg\" alt=\"Making Of de anuncio de Audi y FCB\" width=\"420\" height=\"280\" \/><\/a><p class=\"jig-HTMLdescription\">Making Of de anuncio de Audi y FCB<\/p><\/li><li><a href=\"https:\/\/guillemcalatrava.com\/wp-content\/gallery\/audi-fcb-1\/Audi-Campions_001.jpg\"><img loading=\"lazy\" decoding=\"async\" src=\"https:\/\/guillemcalatrava.com\/wp-content\/plugins\/justified-image-grid\/timthumb.php?src=https%3A%2F%2Fguillemcalatrava.com%2Fwp-content%2Fgallery%2Faudi-fcb-1%2FAudi-Campions_001.jpg&amp;h=280&amp;q=90&amp;f=.jpg\" alt=\"Audi Rua Campeones Temporada 2017-18\" width=\"420\" height=\"280\" \/><\/a><p class=\"jig-HTMLdescription\">Audi Rua Campeones Temporada 2017-18<\/p><\/li><li><a href=\"https:\/\/guillemcalatrava.com\/wp-content\/gallery\/audi-fcb-1\/Audi-FCB-Madrid_005.jpg\"><img loading=\"lazy\" decoding=\"async\" src=\"https:\/\/guillemcalatrava.com\/wp-content\/plugins\/justified-image-grid\/timthumb.php?src=https%3A%2F%2Fguillemcalatrava.com%2Fwp-content%2Fgallery%2Faudi-fcb-1%2FAudi-FCB-Madrid_005.jpg&amp;h=280&amp;q=90&amp;f=.jpg\" alt=\"Stand Audi durante partido FCB - R. Madrid\" width=\"420\" height=\"280\" \/><\/a><p class=\"jig-HTMLdescription\">Stand Audi durante partido FCB - R. Madrid<\/p><\/li><li><a href=\"https:\/\/guillemcalatrava.com\/wp-content\/gallery\/audi-fcb-1\/Adui-Making-Of_005.jpg\"><img loading=\"lazy\" decoding=\"async\" src=\"https:\/\/guillemcalatrava.com\/wp-content\/plugins\/justified-image-grid\/timthumb.php?src=https%3A%2F%2Fguillemcalatrava.com%2Fwp-content%2Fgallery%2Faudi-fcb-1%2FAdui-Making-Of_005.jpg&amp;h=280&amp;q=90&amp;f=.jpg\" alt=\"Making Of de anuncio de Audi y FCB\" width=\"420\" height=\"280\" \/><\/a><p class=\"jig-HTMLdescription\">Making Of de anuncio de Audi y FCB<\/p><\/li><li><a href=\"https:\/\/guillemcalatrava.com\/wp-content\/gallery\/audi-fcb-1\/Audi-Paulinho-FCB_003.jpg\"><img loading=\"lazy\" decoding=\"async\" src=\"https:\/\/guillemcalatrava.com\/wp-content\/plugins\/justified-image-grid\/timthumb.php?src=https%3A%2F%2Fguillemcalatrava.com%2Fwp-content%2Fgallery%2Faudi-fcb-1%2FAudi-Paulinho-FCB_003.jpg&amp;h=280&amp;q=90&amp;f=.jpg\" alt=\"Entrega Audi al jugador del FCB Paulinho\" width=\"420\" height=\"280\" \/><\/a><p class=\"jig-HTMLdescription\">Entrega Audi al jugador del FCB Paulinho<\/p><\/li><li><a href=\"https:\/\/guillemcalatrava.com\/wp-content\/gallery\/audi-fcb-1\/Adui-FCB-Madrid-16_003.jpg\"><img loading=\"lazy\" decoding=\"async\" src=\"https:\/\/guillemcalatrava.com\/wp-content\/plugins\/justified-image-grid\/timthumb.php?src=https%3A%2F%2Fguillemcalatrava.com%2Fwp-content%2Fgallery%2Faudi-fcb-1%2FAdui-FCB-Madrid-16_003.jpg&amp;h=280&amp;q=90&amp;f=.jpg\" alt=\"Stand Audi durante partido FCB - R. Madrid\" width=\"420\" height=\"280\" \/><\/a><p class=\"jig-HTMLdescription\">Stand Audi durante partido FCB - R. Madrid<\/p><\/li><li><a href=\"https:\/\/guillemcalatrava.com\/wp-content\/gallery\/audi-fcb-1\/Audi-Baqueira_006.jpg\"><img loading=\"lazy\" decoding=\"async\" src=\"https:\/\/guillemcalatrava.com\/wp-content\/plugins\/justified-image-grid\/timthumb.php?src=https%3A%2F%2Fguillemcalatrava.com%2Fwp-content%2Fgallery%2Faudi-fcb-1%2FAudi-Baqueira_006.jpg&amp;h=280&amp;q=90&amp;f=.jpg\" alt=\"Audi driving experience @ Bequeira Beret\" width=\"420\" height=\"280\" \/><\/a><p class=\"jig-HTMLdescription\">Audi driving experience @ Bequeira Beret<\/p><\/li><li><a href=\"https:\/\/guillemcalatrava.com\/wp-content\/gallery\/audi-fcb-1\/Audi-Baqueira_002.jpg\"><img loading=\"lazy\" decoding=\"async\" src=\"https:\/\/guillemcalatrava.com\/wp-content\/plugins\/justified-image-grid\/timthumb.php?src=https%3A%2F%2Fguillemcalatrava.com%2Fwp-content%2Fgallery%2Faudi-fcb-1%2FAudi-Baqueira_002.jpg&amp;h=280&amp;q=90&amp;f=.jpg\" alt=\"Audi driving experience @ Bequeira Beret\" width=\"420\" height=\"280\" \/><\/a><p class=\"jig-HTMLdescription\">Audi driving experience @ Bequeira Beret<\/p><\/li><li><a href=\"https:\/\/guillemcalatrava.com\/wp-content\/gallery\/audi-fcb-1\/Entrega-coches-fcb-temporada-15-16_002.jpg\"><img loading=\"lazy\" decoding=\"async\" src=\"https:\/\/guillemcalatrava.com\/wp-content\/plugins\/justified-image-grid\/timthumb.php?src=https%3A%2F%2Fguillemcalatrava.com%2Fwp-content%2Fgallery%2Faudi-fcb-1%2FEntrega-coches-fcb-temporada-15-16_002.jpg&amp;h=280&amp;q=90&amp;f=.jpg\" alt=\"Entrega coches Audi a la plantilla del FCB Temporada 2015-16\" width=\"420\" height=\"280\" \/><\/a><p class=\"jig-HTMLdescription\">Entrega coches Audi a la plantilla del FCB Temporada 2015-16<\/p><\/li><li><a href=\"https:\/\/guillemcalatrava.com\/wp-content\/gallery\/audi-fcb-1\/Entrega-coches-fcb-temporada-15-16_007.jpg\"><img loading=\"lazy\" decoding=\"async\" src=\"https:\/\/guillemcalatrava.com\/wp-content\/plugins\/justified-image-grid\/timthumb.php?src=https%3A%2F%2Fguillemcalatrava.com%2Fwp-content%2Fgallery%2Faudi-fcb-1%2FEntrega-coches-fcb-temporada-15-16_007.jpg&amp;h=280&amp;q=90&amp;f=.jpg\" alt=\"Entrega coches Audi a la plantilla del FCB Temporada 2015-16\" width=\"420\" height=\"280\" \/><\/a><p class=\"jig-HTMLdescription\">Entrega coches Audi a la plantilla del FCB Temporada 2015-16<\/p><\/li><li><a href=\"https:\/\/guillemcalatrava.com\/wp-content\/gallery\/audi-fcb-1\/Audi-FCB-Umtiti_002.jpg\"><img loading=\"lazy\" decoding=\"async\" src=\"https:\/\/guillemcalatrava.com\/wp-content\/plugins\/justified-image-grid\/timthumb.php?src=https%3A%2F%2Fguillemcalatrava.com%2Fwp-content%2Fgallery%2Faudi-fcb-1%2FAudi-FCB-Umtiti_002.jpg&amp;h=280&amp;q=90&amp;f=.jpg\" alt=\"Entrega Audi al jugador del FCB Sammuel Umtiti\" width=\"420\" height=\"280\" \/><\/a><p class=\"jig-HTMLdescription\">Entrega Audi al jugador del FCB Sammuel Umtiti<\/p><\/li><li><a href=\"https:\/\/guillemcalatrava.com\/wp-content\/gallery\/audi-fcb-1\/Entrega-coches-fcb-temporada-15-16_013.jpg\"><img loading=\"lazy\" decoding=\"async\" src=\"https:\/\/guillemcalatrava.com\/wp-content\/plugins\/justified-image-grid\/timthumb.php?src=https%3A%2F%2Fguillemcalatrava.com%2Fwp-content%2Fgallery%2Faudi-fcb-1%2FEntrega-coches-fcb-temporada-15-16_013.jpg&amp;h=280&amp;q=90&amp;f=.jpg\" alt=\"Entrega coches Audi a la plantilla del FCB Temporada 2015-16\" width=\"420\" height=\"280\" \/><\/a><p class=\"jig-HTMLdescription\">Entrega coches Audi a la plantilla del FCB Temporada 2015-16<\/p><\/li><li><a href=\"https:\/\/guillemcalatrava.com\/wp-content\/gallery\/audi-fcb-1\/Audi-Dembele-FCB_001.jpg\"><img loading=\"lazy\" decoding=\"async\" src=\"https:\/\/guillemcalatrava.com\/wp-content\/plugins\/justified-image-grid\/timthumb.php?src=https%3A%2F%2Fguillemcalatrava.com%2Fwp-content%2Fgallery%2Faudi-fcb-1%2FAudi-Dembele-FCB_001.jpg&amp;h=280&amp;q=90&amp;f=.jpg\" alt=\"Entrega Audi al jugador del FCB Ousmane Demb\u00e9l\u00e9\" width=\"420\" height=\"280\" \/><\/a><p class=\"jig-HTMLdescription\">Entrega Audi al jugador del FCB Ousmane Demb\u00e9l\u00e9<\/p><\/li><li><a href=\"https:\/\/guillemcalatrava.com\/wp-content\/gallery\/audi-fcb-1\/Audi-Baqueira_001.jpg\"><img loading=\"lazy\" decoding=\"async\" src=\"https:\/\/guillemcalatrava.com\/wp-content\/plugins\/justified-image-grid\/timthumb.php?src=https%3A%2F%2Fguillemcalatrava.com%2Fwp-content%2Fgallery%2Faudi-fcb-1%2FAudi-Baqueira_001.jpg&amp;h=280&amp;q=90&amp;f=.jpg\" alt=\"Audi driving experience @ Bequeira Beret\" width=\"420\" height=\"280\" \/><\/a><p class=\"jig-HTMLdescription\">Audi driving experience @ Bequeira Beret<\/p><\/li><\/ul><\/noscript><\/div>\n<p>[\/et_pb_text][et_pb_text admin_label=&#8221;Fotograf\u00eda y v\u00eddeo en deportes outdoor&#8221; _builder_version=&#8221;4.27.4&#8243; text_font=&#8221;||||||||&#8221; header_font=&#8221;||||||||&#8221; header_2_font=&#8221;Lato||||||||&#8221; header_2_font_size=&#8221;36px&#8221; header_2_line_height=&#8221;1.5em&#8221; custom_padding=&#8221;|||&#8221; animation_direction=&#8221;left&#8221; global_colors_info=&#8221;{}&#8221;]<\/p>\n<h2>Fotografia i v\u00eddeo en esports outdoor<\/h2>\n<p>[\/et_pb_text][\/et_pb_column][\/et_pb_row][et_pb_row admin_label=&#8221;Fotograf\u00eda y v\u00eddeo en deportes outdoor&#8221; _builder_version=&#8221;4.27.4&#8243; max_width=&#8221;2560px&#8221; custom_margin=&#8221;||0px||false|false&#8221; custom_padding=&#8221;40px|0px|0px|0px|false|false&#8221; collapsed=&#8221;off&#8221; global_colors_info=&#8221;{}&#8221;][et_pb_column type=&#8221;4_4&#8243; _builder_version=&#8221;4.16&#8243; custom_padding=&#8221;|||&#8221; global_colors_info=&#8221;{}&#8221; custom_padding__hover=&#8221;|||&#8221;][et_pb_text _builder_version=&#8221;4.27.4&#8243; text_font=&#8221;||||||||&#8221; text_font_size=&#8221;16px&#8221; text_line_height=&#8221;1.8em&#8221; header_font=&#8221;||||||||&#8221; animation_style=&#8221;flip&#8221; animation_direction=&#8221;left&#8221; animation_intensity_flip=&#8221;20%&#8221; animation_starting_opacity=&#8221;100%&#8221; global_colors_info=&#8221;{}&#8221;]<\/p>\n<p>M\u00e9s enll\u00e0 del motor, la muntanya ha estat una altra de les meves grans passions. Des de petit, esquiar i fer senderisme m\u2019han ajudat a connectar amb la natura i amb mi mateix.<\/p>\n<p><\/p>\n<p>Durant diverses temporades he treballat amb la FEDME (Federaci\u00f3 Espanyola d\u2019Esports de Muntanya i Escalada), cobrint la Copa i el Campionat d\u2019Espanya de curses per muntanya i Skimo. En acabar cada cursa, lliuro v\u00eddeos resum que recullen el millor de la competici\u00f3: emoci\u00f3, esfor\u00e7 i paisatges inoblidables.<\/p>\n<p><\/p>\n<p>Treballar a l\u2019exterior, en condicions canviants de llum i clima, \u00e9s un repte constant, per\u00f2 tamb\u00e9 un dels aspectes m\u00e9s gratificants de la meva feina.<\/p>\n<p>[\/et_pb_text][\/et_pb_column][\/et_pb_row][\/et_pb_section][et_pb_section fb_built=&#8221;1&#8243; admin_label=&#8221;Video Deporte y monta\u00f1a&#8221; module_class=&#8221;et-show-more-container&#8221; _builder_version=&#8221;4.19.4&#8243; _module_preset=&#8221;default&#8221; custom_margin=&#8221;0px||||false|false&#8221; custom_padding=&#8221;0px||||false|false&#8221; locked=&#8221;off&#8221; collapsed=&#8221;on&#8221; global_colors_info=&#8221;{}&#8221;][et_pb_row column_structure=&#8221;1_3,1_3,1_3&#8243; disabled_on=&#8221;off|off|off&#8221; module_class=&#8221; et_pb_row_fullwidth et_pb_row_fullwidth et_pb_row_fullwidth et_pb_row_fullwidth et_pb_row_fullwidth et_pb_row_fullwidth et_pb_row_fullwidth et_pb_row_fullwidth et_pb_row_fullwidth et_pb_row_fullwidth&#8221; _builder_version=&#8221;4.19.4&#8243; width=&#8221;89%&#8221; width_tablet=&#8221;80%&#8221; width_phone=&#8221;&#8221; width_last_edited=&#8221;on|desktop&#8221; max_width=&#8221;89%&#8221; max_width_tablet=&#8221;80%&#8221; max_width_phone=&#8221;&#8221; max_width_last_edited=&#8221;on|desktop&#8221; custom_margin=&#8221;||0px||false|false&#8221; custom_padding=&#8221;||0px||false|false&#8221; make_fullwidth=&#8221;on&#8221; global_colors_info=&#8221;{}&#8221;][et_pb_column type=&#8221;1_3&#8243; module_class=&#8221;dfc-fedme&#8221; _builder_version=&#8221;4.19.4&#8243; custom_padding=&#8221;0px||0px||false|false&#8221; global_colors_info=&#8221;{}&#8221; custom_padding__hover=&#8221;|||&#8221;][et_pb_video src=&#8221;https:\/\/vimeo.com\/933203517?share=copy&#8221; image_src=&#8221;\/\/i.vimeocdn.com\/video\/1831555739-bca90bfa3efae4a003499c241f597f8652d85490d2b8fd9c68b571cd55239d13-d_960&#8243; _builder_version=&#8221;4.24.3&#8243; _module_preset=&#8221;default&#8221; custom_margin=&#8221;||0px||false|false&#8221; custom_padding=&#8221;||0px||false|false&#8221; global_colors_info=&#8221;{}&#8221;][\/et_pb_video][et_pb_text _builder_version=&#8221;4.24.3&#8243; _module_preset=&#8221;default&#8221; header_6_text_color=&#8221;#b5b5b5&#8243; header_6_font_size=&#8221;11px&#8221; custom_margin=&#8221;10px||0px||false|false&#8221; custom_padding=&#8221;||0px||false|false&#8221; global_colors_info=&#8221;{}&#8221; custom_padding__hover=&#8221;|||&#8221;]<\/p>\n<h4><strong>Desafio Urbi\u00f3n 2023 &#8211; V\u00eddeo para TV<br \/><\/strong><\/h4>\n<p>&#x1f3a5; Guillem Calatrava \/ David Grau<br \/>&#x1f5a5; Guillem Calatrava<\/p>\n<h6 style=\"text-align: right;\">Desafio Urbi\u00f3n<\/h6>\n<p>[\/et_pb_text][\/et_pb_column][et_pb_column type=&#8221;1_3&#8243; module_class=&#8221;dfc-fedme&#8221; _builder_version=&#8221;4.19.4&#8243; custom_padding=&#8221;0px||0px||false|false&#8221; global_colors_info=&#8221;{}&#8221; custom_padding__hover=&#8221;|||&#8221;][et_pb_video src=&#8221;https:\/\/vimeo.com\/933203744?share=copy&#8221; image_src=&#8221;\/\/i.vimeocdn.com\/video\/1831560091-3f900882eb62a82199cfae9705a4210a0d510d30b5d3171e5a13d6fd8352ac39-d_960&#8243; _builder_version=&#8221;4.24.3&#8243; _module_preset=&#8221;default&#8221; custom_margin=&#8221;||0px||false|false&#8221; custom_padding=&#8221;||0px||false|false&#8221; global_colors_info=&#8221;{}&#8221;][\/et_pb_video][et_pb_text _builder_version=&#8221;4.24.3&#8243; _module_preset=&#8221;default&#8221; header_6_text_color=&#8221;#b5b5b5&#8243; header_6_font_size=&#8221;11px&#8221; custom_margin=&#8221;10px||0px||false|false&#8221; custom_padding=&#8221;||0px||false|false&#8221; global_colors_info=&#8221;{}&#8221; custom_padding__hover=&#8221;|||&#8221;]<\/p>\n<h4><strong>Desafio Urbi\u00f3n 2023 &#8211; Teaser<br \/><\/strong><\/h4>\n<p>&#x1f3a5; Guillem Calatrava \/ David Grau<br \/>&#x1f5a5; Guillem Calatrava<\/p>\n<h6 style=\"text-align: right;\">Desafio Urbi\u00f3n<\/h6>\n<p>[\/et_pb_text][\/et_pb_column][et_pb_column type=&#8221;1_3&#8243; module_class=&#8221;dfc-fedme&#8221; _builder_version=&#8221;4.18.0&#8243; custom_padding=&#8221;0px||0px||false|false&#8221; global_colors_info=&#8221;{}&#8221; custom_padding__hover=&#8221;|||&#8221;][et_pb_video src=&#8221;https:\/\/vimeo.com\/761019793&#8243; image_src=&#8221;https:\/\/guillemcalatrava.com\/wp-content\/uploads\/1528569532-5303d9848ad261ad70cf41d5ced768b47f32ccf215c88b5a44415b70259179f4-d_960.jpg&#8221; _builder_version=&#8221;4.19.4&#8243; _module_preset=&#8221;default&#8221; custom_margin=&#8221;||0px||false|false&#8221; custom_padding=&#8221;||0px||false|false&#8221; global_colors_info=&#8221;{}&#8221;][\/et_pb_video][et_pb_text _builder_version=&#8221;4.19.4&#8243; _module_preset=&#8221;default&#8221; header_6_text_color=&#8221;#b5b5b5&#8243; header_6_font_size=&#8221;11px&#8221; custom_margin=&#8221;10px||0px||false|false&#8221; custom_padding=&#8221;||0px||false|false&#8221; global_colors_info=&#8221;{}&#8221; custom_padding__hover=&#8221;|||&#8221;]<\/p>\n<h4><strong>CxM &#8211; Campeonato de Espa\u00f1a Ultra por Etapas<br \/>Ultra Sanabria &#8211; Etapa 2<br \/>(San Mart\u00edn de Casta\u00f1eda, Zamora)<\/strong><\/h4>\n<p>&#x1f3a5; Guillem Calatrava \/ David Grau<br \/>&#x1f5a5; Guillem Calatrava<\/p>\n<h6 style=\"text-align: right;\">FEDME \/ Playground Visual Movement<\/h6>\n<p>[\/et_pb_text][\/et_pb_column][\/et_pb_row][et_pb_row column_structure=&#8221;1_3,1_3,1_3&#8243; disabled_on=&#8221;off|off|off&#8221; module_class=&#8221; et_pb_row_fullwidth et_pb_row_fullwidth et_pb_row_fullwidth et_pb_row_fullwidth et_pb_row_fullwidth et_pb_row_fullwidth et_pb_row_fullwidth et_pb_row_fullwidth et_pb_row_fullwidth et_pb_row_fullwidth&#8221; _builder_version=&#8221;4.19.4&#8243; width=&#8221;89%&#8221; width_tablet=&#8221;80%&#8221; width_phone=&#8221;&#8221; width_last_edited=&#8221;on|desktop&#8221; max_width=&#8221;89%&#8221; max_width_tablet=&#8221;80%&#8221; max_width_phone=&#8221;&#8221; max_width_last_edited=&#8221;on|desktop&#8221; custom_margin=&#8221;||0px||false|false&#8221; custom_padding=&#8221;||0px||false|false&#8221; make_fullwidth=&#8221;on&#8221; global_colors_info=&#8221;{}&#8221;][et_pb_column type=&#8221;1_3&#8243; module_class=&#8221;dfc-fedme&#8221; _builder_version=&#8221;4.19.4&#8243; custom_padding=&#8221;0px||0px||false|false&#8221; global_colors_info=&#8221;{}&#8221; custom_padding__hover=&#8221;|||&#8221;][et_pb_video src=&#8221;https:\/\/vimeo.com\/761019649?share=copy&#8221; image_src=&#8221;\/\/i.vimeocdn.com\/video\/1528570962-ad183fdea40527170c4a7a8166e90461b03fc3d508b940fbcdf6e32a06b07b4b-d_960&#8243; _builder_version=&#8221;4.24.3&#8243; _module_preset=&#8221;default&#8221; custom_margin=&#8221;||0px||false|false&#8221; custom_padding=&#8221;||0px||false|false&#8221; global_colors_info=&#8221;{}&#8221;][\/et_pb_video][et_pb_text _builder_version=&#8221;4.24.3&#8243; _module_preset=&#8221;default&#8221; header_6_text_color=&#8221;#b5b5b5&#8243; header_6_font_size=&#8221;11px&#8221; custom_margin=&#8221;10px||0px||false|false&#8221; custom_padding=&#8221;||0px||false|false&#8221; global_colors_info=&#8221;{}&#8221; custom_padding__hover=&#8221;|||&#8221;]<\/p>\n<h4><strong>CxM &#8211; Campeonato de Espa\u00f1a Ultra por Etapas<br \/>Ultra Sanabria &#8211; Etapa 1<br \/>(San Mart\u00edn de Casta\u00f1eda, Zamora)<\/strong><\/h4>\n<p>&#x1f3a5; Guillem Calatrava \/ David Grau<br \/>&#x1f5a5; Guillem Calatrava<\/p>\n<h6 style=\"text-align: right;\">FEDME \/ Playground Visual Movement<\/h6>\n<p>[\/et_pb_text][\/et_pb_column][et_pb_column type=&#8221;1_3&#8243; module_class=&#8221;dfc-fedme&#8221; _builder_version=&#8221;4.19.4&#8243; custom_padding=&#8221;0px||0px||false|false&#8221; global_colors_info=&#8221;{}&#8221; custom_padding__hover=&#8221;|||&#8221;][et_pb_video src=&#8221;https:\/\/vimeo.com\/754216711&#8243; image_src=&#8221;\/\/i.vimeocdn.com\/video\/1515530259-5829111dc1de998ca73e96779b0dbd26376eaeacf93992b092e9bed46501a09c-d_960&#8243; _builder_version=&#8221;4.18.0&#8243; _module_preset=&#8221;default&#8221; custom_margin=&#8221;||0px||false|false&#8221; custom_padding=&#8221;||0px||false|false&#8221; global_colors_info=&#8221;{}&#8221;][\/et_pb_video][et_pb_text _builder_version=&#8221;4.19.4&#8243; _module_preset=&#8221;default&#8221; header_6_text_color=&#8221;#b5b5b5&#8243; header_6_font_size=&#8221;11px&#8221; custom_margin=&#8221;10px||0px||false|false&#8221; custom_padding=&#8221;||0px||false|false&#8221; global_colors_info=&#8221;{}&#8221; custom_padding__hover=&#8221;|||&#8221;]<\/p>\n<h4><strong>Desafio Urbi\u00f3n 2022 &#8211; Resumen<br \/>\n<\/strong><\/h4>\n<p>&#x1f3a5; Guillem Calatrava \/ Juan L\u00f3pez<br \/>\n&#x1f5a5; Guillem Calatrava<\/p>\n<h6 style=\"text-align: right;\">Desafio Urbi\u00f3n \/ Playground Visual Movement<\/h6>\n<p>[\/et_pb_text][\/et_pb_column][et_pb_column type=&#8221;1_3&#8243; module_class=&#8221;dfc-fedme&#8221; _builder_version=&#8221;4.18.0&#8243; custom_padding=&#8221;0px||0px||false|false&#8221; global_colors_info=&#8221;{}&#8221; custom_padding__hover=&#8221;|||&#8221;][et_pb_video src=&#8221;https:\/\/vimeo.com\/729512594&#8243; image_src=&#8221;\/\/i.vimeocdn.com\/video\/1468322477-a62517f35ad5a72515de1c4f57fc7315647ea4094ff8d042bc026a1e40ed045c-d_960&#8243; _builder_version=&#8221;4.17.5&#8243; _module_preset=&#8221;default&#8221; custom_margin=&#8221;||0px||false|false&#8221; custom_padding=&#8221;||0px||false|false&#8221; global_colors_info=&#8221;{}&#8221;][\/et_pb_video][et_pb_text _builder_version=&#8221;4.19.4&#8243; _module_preset=&#8221;default&#8221; header_6_text_color=&#8221;#b5b5b5&#8243; header_6_font_size=&#8221;11px&#8221; custom_margin=&#8221;10px||0px||false|false&#8221; custom_padding=&#8221;||0px||false|false&#8221; global_colors_info=&#8221;{}&#8221; custom_padding__hover=&#8221;|||&#8221;]<\/p>\n<h4><strong>BTT Urbi\u00f3n By Stages 2022 &#8211; Resumen para TV<br \/>\n<\/strong><\/h4>\n<p>&#x1f3a5; Guillem Calatrava \/ Juan L\u00f3pez \/ Playground<br \/>\n&#x1f5a5; Guillem Calatrava<\/p>\n<h6 style=\"text-align: right;\">BTT Urbi\u00f3n \/ Playground Visual Movement<\/h6>\n<p>[\/et_pb_text][\/et_pb_column][\/et_pb_row][et_pb_row column_structure=&#8221;1_3,1_3,1_3&#8243; disabled_on=&#8221;off|off|off&#8221; module_class=&#8221;et-show-more-content&#8221; _builder_version=&#8221;4.24.3&#8243; width=&#8221;89%&#8221; width_tablet=&#8221;80%&#8221; width_phone=&#8221;&#8221; width_last_edited=&#8221;on|desktop&#8221; max_width=&#8221;89%&#8221; max_width_tablet=&#8221;80%&#8221; max_width_phone=&#8221;&#8221; max_width_last_edited=&#8221;on|desktop&#8221; custom_margin=&#8221;||0px||false|false&#8221; custom_padding=&#8221;||0px||false|false&#8221; make_fullwidth=&#8221;on&#8221; global_colors_info=&#8221;{}&#8221;][et_pb_column type=&#8221;1_3&#8243; module_class=&#8221;dfc-fedme&#8221; _builder_version=&#8221;4.17.4&#8243; custom_padding=&#8221;0px||0px||false|false&#8221; global_colors_info=&#8221;{}&#8221; custom_padding__hover=&#8221;|||&#8221;][et_pb_video src=&#8221;https:\/\/vimeo.com\/723030516&#8243; image_src=&#8221;\/\/i.vimeocdn.com\/video\/1455941794-9410fabef82d90a9af38ab6479fa4e23b3332faa3d3d11762c8b0537db8ee24b-d_960&#8243; _builder_version=&#8221;4.17.4&#8243; _module_preset=&#8221;default&#8221; custom_margin=&#8221;||0px||false|false&#8221; custom_padding=&#8221;||0px||false|false&#8221; global_colors_info=&#8221;{}&#8221;][\/et_pb_video][et_pb_text _builder_version=&#8221;4.17.4&#8243; _module_preset=&#8221;default&#8221; header_6_text_color=&#8221;#b5b5b5&#8243; header_6_font_size=&#8221;11px&#8221; custom_margin=&#8221;10px||0px||false|false&#8221; custom_padding=&#8221;||0px||false|false&#8221; global_colors_info=&#8221;{}&#8221; custom_padding__hover=&#8221;|||&#8221;]<\/p>\n<h4><strong>CxM Copa de Espa\u00f1a de L\u00ednea<br \/>\n(Sant Esteve de Palautordera, Barcelona)<br \/>\nV\u00eddeo para Teledeporte (RTVE)<\/strong><\/h4>\n<p>&#x1f3a5; Guillem Calatrava \/ David Grau<br \/>\n&#x1f5a5; Guillem Calatrava<\/p>\n<h6 style=\"text-align: right;\">FEDME \/ Playground Visual Movement<\/h6>\n<p>[\/et_pb_text][\/et_pb_column][et_pb_column type=&#8221;1_3&#8243; module_class=&#8221;dfc-fedme&#8221; _builder_version=&#8221;4.17.4&#8243; custom_padding=&#8221;0px||0px||false|false&#8221; global_colors_info=&#8221;{}&#8221; custom_padding__hover=&#8221;|||&#8221;][et_pb_video src=&#8221;https:\/\/vimeo.com\/712754365&#8243; image_src=&#8221;\/\/i.vimeocdn.com\/video\/1437089921-3720a8829d64a1cd632f4996b53dc9875ff01c6b08817d0615720444c6bc68f6-d_960&#8243; _builder_version=&#8221;4.17.4&#8243; _module_preset=&#8221;default&#8221; custom_margin=&#8221;||0px||false|false&#8221; custom_padding=&#8221;||0px||false|false&#8221; global_colors_info=&#8221;{}&#8221;][\/et_pb_video][et_pb_text _builder_version=&#8221;4.17.4&#8243; _module_preset=&#8221;default&#8221; header_6_text_color=&#8221;#b5b5b5&#8243; header_6_font_size=&#8221;11px&#8221; custom_margin=&#8221;10px||0px||false|false&#8221; custom_padding=&#8221;||0px||false|false&#8221; global_colors_info=&#8221;{}&#8221; custom_padding__hover=&#8221;|||&#8221;]<\/p>\n<h4><strong>CxM Copa de Espa\u00f1a de Verticales, KM Vertical de Castro Valnera<\/strong><\/h4>\n<p>&#x1f3a5; Guillem Calatrava \/ David Grau<br \/>\n&#x1f5a5; Guillem Calatrava<\/p>\n<h6 style=\"text-align: right;\">FEDME \/ Playground Visual Movement<\/h6>\n<p>[\/et_pb_text][\/et_pb_column][et_pb_column type=&#8221;1_3&#8243; module_class=&#8221;dfc-fedme&#8221; _builder_version=&#8221;4.17.4&#8243; custom_padding=&#8221;0px||0px||false|false&#8221; global_colors_info=&#8221;{}&#8221; custom_padding__hover=&#8221;|||&#8221;][et_pb_video src=&#8221;https:\/\/vimeo.com\/710304264&#8243; image_src=&#8221;\/\/i.vimeocdn.com\/video\/1432751065-b04c831a477c5843c6a71f5948d31c0055dab9f7e38a34dc51a862065ab14697-d_960&#8243; _builder_version=&#8221;4.17.4&#8243; _module_preset=&#8221;default&#8221; custom_margin=&#8221;||0px||false|false&#8221; custom_padding=&#8221;||0px||false|false&#8221; global_colors_info=&#8221;{}&#8221;][\/et_pb_video][et_pb_text _builder_version=&#8221;4.17.4&#8243; _module_preset=&#8221;default&#8221; header_6_text_color=&#8221;#b5b5b5&#8243; header_6_font_size=&#8221;11px&#8221; custom_margin=&#8221;10px||0px||false|false&#8221; custom_padding=&#8221;||0px||false|false&#8221; global_colors_info=&#8221;{}&#8221; custom_padding__hover=&#8221;|||&#8221;]<\/p>\n<h4><strong>CxM Copa de Espa\u00f1a de Verticales, KM Vertical de Roquetes<\/strong><\/h4>\n<p>&#x1f3a5; Guillem Calatrava \/ Jos\u00e9 Tom\u00e1s<br \/>\n&#x1f5a5; Guillem Calatrava<\/p>\n<h6 style=\"text-align: right;\">FEDME \/ Playground Visual Movement<\/h6>\n<p>[\/et_pb_text][\/et_pb_column][\/et_pb_row][et_pb_row column_structure=&#8221;1_3,1_3,1_3&#8243; disabled_on=&#8221;off|off|off&#8221; module_class=&#8221;et-show-more-content&#8221; _builder_version=&#8221;4.19.4&#8243; _module_preset=&#8221;default&#8221; width=&#8221;89%&#8221; width_tablet=&#8221;80%&#8221; width_phone=&#8221;80%&#8221; width_last_edited=&#8221;on|desktop&#8221; max_width=&#8221;89%&#8221; max_width_tablet=&#8221;80%&#8221; max_width_phone=&#8221;80%&#8221; max_width_last_edited=&#8221;on|desktop&#8221; custom_margin=&#8221;||0px||false|false&#8221; custom_padding=&#8221;||0px||false|false&#8221; global_colors_info=&#8221;{}&#8221;][et_pb_column type=&#8221;1_3&#8243; module_class=&#8221;et-show-more-container &#8221; _builder_version=&#8221;4.16&#8243; _module_preset=&#8221;default&#8221; global_colors_info=&#8221;{}&#8221;][et_pb_video src=&#8221;https:\/\/vimeo.com\/703194390&#8243; image_src=&#8221;\/\/i.vimeocdn.com\/video\/1420562568-d1a5a96c059bbf1467591234b4746de80a768aaa35fab6eb5082a99e283f7e73-d_960&#8243; _builder_version=&#8221;4.17.3&#8243; _module_preset=&#8221;default&#8221; custom_margin=&#8221;||0px||false|false&#8221; custom_padding=&#8221;||0px||false|false&#8221; global_colors_info=&#8221;{}&#8221;][\/et_pb_video][et_pb_text _builder_version=&#8221;4.17.3&#8243; _module_preset=&#8221;default&#8221; header_6_text_color=&#8221;#b5b5b5&#8243; header_6_font_size=&#8221;11px&#8221; custom_margin=&#8221;10px||0px||false|false&#8221; custom_padding=&#8221;||0px||false|false&#8221; global_colors_info=&#8221;{}&#8221; custom_padding__hover=&#8221;|||&#8221;]<\/p>\n<h4><strong>CxM Campeonato de Espa\u00f1a de CxM Individual y por Selecciones &#8211; CAMOVI &#8211; Viveiro (Lugo)<\/strong><\/h4>\n<p>&#x1f3a5; Guillem Calatrava \/ David Grau<br \/>\n&#x1f5a5; Guillem Calatrava<\/p>\n<h6 style=\"text-align: right;\">FEDME \/ Playground Visual Movement<\/h6>\n<p>[\/et_pb_text][\/et_pb_column][et_pb_column type=&#8221;1_3&#8243; module_class=&#8221;et-show-more-container &#8221; _builder_version=&#8221;4.16&#8243; _module_preset=&#8221;default&#8221; global_colors_info=&#8221;{}&#8221;][et_pb_video src=&#8221;https:\/\/vimeo.com\/691765905&#8243; image_src=&#8221;\/\/i.vimeocdn.com\/video\/1400281889-0600c43170669a351244289db51f06bf270687046e30fbc96e2ca1a0219f0037-d_960&#8243; _builder_version=&#8221;4.16&#8243; _module_preset=&#8221;default&#8221; custom_margin=&#8221;||0px||false|false&#8221; custom_padding=&#8221;||0px||false|false&#8221; global_colors_info=&#8221;{}&#8221;][\/et_pb_video][et_pb_text _builder_version=&#8221;4.16&#8243; _module_preset=&#8221;default&#8221; header_6_text_color=&#8221;#b5b5b5&#8243; header_6_font_size=&#8221;11px&#8221; custom_margin=&#8221;10px||0px||false|false&#8221; custom_padding=&#8221;||0px||false|false&#8221; global_colors_info=&#8221;{}&#8221; custom_padding__hover=&#8221;|||&#8221;]<\/p>\n<h4><strong>CxM Campeonato de Espa\u00f1a de Ultra<br \/>\n(Sierra de Cazorla &#8211; Quesada, Ja\u00e9n)<\/strong><\/h4>\n<p>&#x1f3a5; Guillem Calatrava \/ Jos\u00e9 Tom\u00e1s<br \/>\n&#x1f5a5; Guillem Calatrava<\/p>\n<h6 style=\"text-align: right;\">FEDME \/ Playground Visual Movement<\/h6>\n<p>[\/et_pb_text][\/et_pb_column][et_pb_column type=&#8221;1_3&#8243; module_class=&#8221;et-show-more-container &#8221; _builder_version=&#8221;4.16&#8243; _module_preset=&#8221;default&#8221; global_colors_info=&#8221;{}&#8221;][et_pb_video src=&#8221;https:\/\/vimeo.com\/687986996&#8243; image_src=&#8221;\/\/i.vimeocdn.com\/video\/1393671862-5ad3455da4adc080797e97b5b8c90fe3f1b196a0a8904d86f735373b375f587d-d_960&#8243; _builder_version=&#8221;4.16&#8243; _module_preset=&#8221;default&#8221; custom_margin=&#8221;||0px||false|false&#8221; custom_padding=&#8221;||0px||false|false&#8221; global_colors_info=&#8221;{}&#8221;][\/et_pb_video][et_pb_text _builder_version=&#8221;4.16&#8243; _module_preset=&#8221;default&#8221; header_6_text_color=&#8221;#b5b5b5&#8243; header_6_font_size=&#8221;11px&#8221; custom_margin=&#8221;10px||0px||false|false&#8221; custom_padding=&#8221;||0px||false|false&#8221; global_colors_info=&#8221;{}&#8221; custom_padding__hover=&#8221;|||&#8221;]<\/p>\n<h4><strong>CxM &#8211; Campeonato de Espa\u00f1a de Kil\u00f3metro Vertical<\/strong><br \/>\n<strong>Las Huredes (Ladrillar, C\u00e1ceres)<\/strong><\/h4>\n<p>&#x1f3a5; Guillem Calatrava \/ Jos\u00e9 Tom\u00e1s<br \/>\n&#x1f5a5; Guillem Calatrava<\/p>\n<h6 style=\"text-align: right;\">FEDME \/ Playground Visual Movement<\/h6>\n<p>[\/et_pb_text][\/et_pb_column][\/et_pb_row][et_pb_row column_structure=&#8221;1_3,1_3,1_3&#8243; disabled_on=&#8221;off|off|off&#8221; module_class=&#8221;et-show-more-content&#8221; _builder_version=&#8221;4.19.4&#8243; width=&#8221;89%&#8221; width_tablet=&#8221;80%&#8221; width_phone=&#8221;&#8221; width_last_edited=&#8221;on|desktop&#8221; max_width=&#8221;89%&#8221; max_width_tablet=&#8221;80%&#8221; max_width_phone=&#8221;&#8221; max_width_last_edited=&#8221;on|desktop&#8221; custom_margin=&#8221;||0px||false|false&#8221; custom_padding=&#8221;||0px||false|false&#8221; make_fullwidth=&#8221;on&#8221; global_colors_info=&#8221;{}&#8221;][et_pb_column type=&#8221;1_3&#8243; module_class=&#8221;dfc-fedme&#8221; _builder_version=&#8221;4.16&#8243; custom_padding=&#8221;0px||0px||false|false&#8221; global_colors_info=&#8221;{}&#8221; custom_padding__hover=&#8221;|||&#8221;][et_pb_video src=&#8221;https:\/\/vimeo.com\/686356871&#8243; image_src=&#8221;\/\/i.vimeocdn.com\/video\/1390712348-29324a31ab740f0736f6163ca78c18d7c13c80cae50ec25013a7311aeab0e0dc-d_960&#8243; _builder_version=&#8221;4.16&#8243; _module_preset=&#8221;default&#8221; custom_margin=&#8221;||0px||false|false&#8221; custom_padding=&#8221;||0px||false|false&#8221; global_colors_info=&#8221;{}&#8221;][\/et_pb_video][et_pb_text _builder_version=&#8221;4.16&#8243; _module_preset=&#8221;default&#8221; header_6_text_color=&#8221;#b5b5b5&#8243; header_6_font_size=&#8221;11px&#8221; custom_margin=&#8221;10px||0px||false|false&#8221; custom_padding=&#8221;||0px||false|false&#8221; global_colors_info=&#8221;{}&#8221; custom_padding__hover=&#8221;|||&#8221;]<\/p>\n<h4><strong>SKIMO &#8211; Campeonato de Espa\u00f1a de Cronoescalada<\/strong><br \/>\n<strong>(Sierra Nevada, Granada)<\/strong><\/h4>\n<p>&#x1f3a5; Guillem Calatrava \/ Jos\u00e9 Tom\u00e1s<br \/>\n&#x1f5a5; Guillem Calatrava<\/p>\n<h6 style=\"text-align: right;\">FEDME \/ Playground Visual Movement<\/h6>\n<p>[\/et_pb_text][\/et_pb_column][et_pb_column type=&#8221;1_3&#8243; module_class=&#8221;dfc-fedme&#8221; _builder_version=&#8221;4.16&#8243; custom_padding=&#8221;0px||0px||false|false&#8221; global_colors_info=&#8221;{}&#8221; custom_padding__hover=&#8221;|||&#8221;][et_pb_video src=&#8221;https:\/\/vimeo.com\/686356637&#8243; image_src=&#8221;\/\/i.vimeocdn.com\/video\/1391134353-ad44f554485474e508227f6600ff6ac9caa01d88340740bcc9691d6c9626db84-d_960&#8243; _builder_version=&#8221;4.16&#8243; _module_preset=&#8221;default&#8221; custom_margin=&#8221;||0px||false|false&#8221; custom_padding=&#8221;||0px||false|false&#8221; global_colors_info=&#8221;{}&#8221;][\/et_pb_video][et_pb_text _builder_version=&#8221;4.16&#8243; _module_preset=&#8221;default&#8221; header_6_text_color=&#8221;#b5b5b5&#8243; header_6_font_size=&#8221;11px&#8221; custom_margin=&#8221;10px||0px||false|false&#8221; custom_padding=&#8221;||0px||false|false&#8221; global_colors_info=&#8221;{}&#8221; custom_padding__hover=&#8221;|||&#8221;]<\/p>\n<h4><strong>SKIMO &#8211; Campeonato de Espa\u00f1a de Individual<\/strong><br \/>\n<strong>(Sierra Nevada, Granada)<\/strong><\/h4>\n<p>&#x1f3a5; Guillem Calatrava \/ Jos\u00e9 Tom\u00e1s<br \/>\n&#x1f5a5; Guillem Calatrava<\/p>\n<h6 style=\"text-align: right;\">FEDME \/ Playground Visual Movement<\/h6>\n<p>[\/et_pb_text][\/et_pb_column][et_pb_column type=&#8221;1_3&#8243; module_class=&#8221;dfc-fedme&#8221; _builder_version=&#8221;4.16&#8243; custom_padding=&#8221;0px||0px||false|false&#8221; global_colors_info=&#8221;{}&#8221; custom_padding__hover=&#8221;|||&#8221;][et_pb_video src=&#8221;https:\/\/vimeo.com\/686356230&#8243; image_src=&#8221;\/\/i.vimeocdn.com\/video\/1391135140-25b8e6c0829988cf7713a60903ff430aff7cddbd92daf3ce59a58a7a20af500c-d_960&#8243; _builder_version=&#8221;4.16&#8243; _module_preset=&#8221;default&#8221; custom_margin=&#8221;||0px||false|false&#8221; custom_padding=&#8221;||0px||false|false&#8221; global_colors_info=&#8221;{}&#8221;][\/et_pb_video][et_pb_text _builder_version=&#8221;4.16&#8243; _module_preset=&#8221;default&#8221; header_6_text_color=&#8221;#b5b5b5&#8243; header_6_font_size=&#8221;11px&#8221; custom_margin=&#8221;10px||0px||false|false&#8221; custom_padding=&#8221;||0px||false|false&#8221; global_colors_info=&#8221;{}&#8221; custom_padding__hover=&#8221;|||&#8221;]<\/p>\n<h4><strong>SKIMO &#8211; Campeonato de Espa\u00f1a de Sprint<\/strong><br \/>\n<strong>(Sierra Nevada, Granada)<\/strong><\/h4>\n<p>&#x1f3a5; Guillem Calatrava \/ Jos\u00e9 Tom\u00e1s<br \/>\n&#x1f5a5; Guillem Calatrava<\/p>\n<h6 style=\"text-align: right;\">FEDME \/ Playground Visual Movement<\/h6>\n<p>[\/et_pb_text][\/et_pb_column][\/et_pb_row][et_pb_row column_structure=&#8221;1_3,1_3,1_3&#8243; disabled_on=&#8221;off|off|off&#8221; module_class=&#8221;et-show-more-content&#8221; _builder_version=&#8221;4.19.4&#8243; width=&#8221;89%&#8221; width_tablet=&#8221;80%&#8221; width_phone=&#8221;&#8221; width_last_edited=&#8221;on|desktop&#8221; max_width=&#8221;89%&#8221; max_width_tablet=&#8221;80%&#8221; max_width_phone=&#8221;&#8221; max_width_last_edited=&#8221;on|desktop&#8221; custom_margin=&#8221;||0px||false|false&#8221; custom_padding=&#8221;||0px||false|false&#8221; make_fullwidth=&#8221;on&#8221; global_colors_info=&#8221;{}&#8221;][et_pb_column type=&#8221;1_3&#8243; module_class=&#8221;dfc-fedme&#8221; _builder_version=&#8221;4.16&#8243; custom_padding=&#8221;0px||0px||false|false&#8221; global_colors_info=&#8221;{}&#8221; custom_padding__hover=&#8221;|||&#8221;][et_pb_video src=&#8221;https:\/\/vimeo.com\/670671623&#8243; image_src=&#8221;\/\/i.vimeocdn.com\/video\/1358611624-eb01ba89a78f6a9f065a67e2329706709227f0f85f1b628cbd3cdf164af5d2d4-d_960&#8243; _builder_version=&#8221;4.16&#8243; _module_preset=&#8221;default&#8221; custom_margin=&#8221;||0px||false|false&#8221; custom_padding=&#8221;||0px||false|false&#8221; global_colors_info=&#8221;{}&#8221;][\/et_pb_video][et_pb_text _builder_version=&#8221;4.16&#8243; _module_preset=&#8221;default&#8221; header_6_text_color=&#8221;#b5b5b5&#8243; header_6_font_size=&#8221;11px&#8221; custom_margin=&#8221;10px||0px||false|false&#8221; custom_padding=&#8221;||0px||false|false&#8221; global_colors_info=&#8221;{}&#8221; custom_padding__hover=&#8221;|||&#8221;]<\/p>\n<h4><strong>SKIMO &#8211; Copa de Espa\u00f1a de Individual<\/strong><br \/>\n<strong>(Panticosa, Huesca)<\/strong><\/h4>\n<p>&#x1f3a5; Guillem Calatrava \/ David Grau<br \/>\n&#x1f5a5; Guillem Calatrava<\/p>\n<h6 style=\"text-align: right;\">FEDME \/ Playground Visual Movement<\/h6>\n<p>[\/et_pb_text][\/et_pb_column][et_pb_column type=&#8221;1_3&#8243; module_class=&#8221;dfc-fedme&#8221; _builder_version=&#8221;4.16&#8243; custom_padding=&#8221;0px||0px||false|false&#8221; global_colors_info=&#8221;{}&#8221; custom_padding__hover=&#8221;|||&#8221;][et_pb_video src=&#8221;https:\/\/vimeo.com\/670671033&#8243; image_src=&#8221;\/\/i.vimeocdn.com\/video\/1358613775-6db433d5df3598455b3271ee3f6feaa84e9662dedb439d07e37fab13dc02c40b-d_960&#8243; _builder_version=&#8221;4.16&#8243; _module_preset=&#8221;default&#8221; custom_margin=&#8221;||0px||false|false&#8221; custom_padding=&#8221;||0px||false|false&#8221; global_colors_info=&#8221;{}&#8221;][\/et_pb_video][et_pb_text _builder_version=&#8221;4.16&#8243; _module_preset=&#8221;default&#8221; header_6_text_color=&#8221;#b5b5b5&#8243; header_6_font_size=&#8221;11px&#8221; custom_margin=&#8221;10px||0px||false|false&#8221; custom_padding=&#8221;||0px||false|false&#8221; global_colors_info=&#8221;{}&#8221; custom_padding__hover=&#8221;|||&#8221;]<\/p>\n<h4><strong>SKIMO &#8211; Copa de Espa\u00f1a de Sprint<\/strong><br \/>\n<strong>(Panticosa, Huesca)<\/strong><\/h4>\n<p>&#x1f3a5; Guillem Calatrava \/ David Grau<br \/>\n&#x1f5a5; Guillem Calatrava<\/p>\n<h6 style=\"text-align: right;\">FEDME \/ Playground Visual Movement<\/h6>\n<p>[\/et_pb_text][\/et_pb_column][et_pb_column type=&#8221;1_3&#8243; module_class=&#8221;dfc-fedme&#8221; _builder_version=&#8221;4.16&#8243; custom_padding=&#8221;0px||0px||false|false&#8221; global_colors_info=&#8221;{}&#8221; custom_padding__hover=&#8221;|||&#8221;][et_pb_video src=&#8221;https:\/\/vimeo.com\/660212429&#8243; image_src=&#8221;\/\/i.vimeocdn.com\/video\/1334160267-5fc1d86f7258cb55bbe6d3b14b9d38df89b884cf77b4eb4bbb395a266bca9a18-d_960&#8243; _builder_version=&#8221;4.16&#8243; _module_preset=&#8221;default&#8221; custom_margin=&#8221;||0px||false|false&#8221; custom_padding=&#8221;||0px||false|false&#8221; global_colors_info=&#8221;{}&#8221;][\/et_pb_video][et_pb_text _builder_version=&#8221;4.16&#8243; _module_preset=&#8221;default&#8221; header_6_text_color=&#8221;#b5b5b5&#8243; header_6_font_size=&#8221;11px&#8221; custom_margin=&#8221;10px||0px||false|false&#8221; custom_padding=&#8221;||0px||false|false&#8221; global_colors_info=&#8221;{}&#8221; custom_padding__hover=&#8221;|||&#8221;]<\/p>\n<h4><strong>SKIMO &#8211; Copa de Espa\u00f1a de Cronoescalada<\/strong><br \/>\n<strong>(Sierra Nevada, Granada)<\/strong><\/h4>\n<p>&#x1f3a5; Guillem Calatrava \/ Juan L\u00f3pez<br \/>\n&#x1f5a5; Guillem Calatrava<\/p>\n<h6 style=\"text-align: right;\">FEDME \/ Playground Visual Movement<\/h6>\n<p>[\/et_pb_text][\/et_pb_column][\/et_pb_row][et_pb_row column_structure=&#8221;1_3,1_3,1_3&#8243; disabled_on=&#8221;off|off|off&#8221; module_class=&#8221;et-show-more-content&#8221; _builder_version=&#8221;4.24.3&#8243; width=&#8221;89%&#8221; width_tablet=&#8221;80%&#8221; width_phone=&#8221;&#8221; width_last_edited=&#8221;on|desktop&#8221; max_width=&#8221;89%&#8221; max_width_tablet=&#8221;80%&#8221; max_width_phone=&#8221;&#8221; max_width_last_edited=&#8221;on|desktop&#8221; custom_margin=&#8221;||0px||false|false&#8221; custom_padding=&#8221;||0px||false|false&#8221; make_fullwidth=&#8221;on&#8221; global_colors_info=&#8221;{}&#8221;][et_pb_column type=&#8221;1_3&#8243; module_class=&#8221;dfc-fedme&#8221; _builder_version=&#8221;4.16&#8243; custom_padding=&#8221;0px||0px||false|false&#8221; global_colors_info=&#8221;{}&#8221; custom_padding__hover=&#8221;|||&#8221;][et_pb_video src=&#8221;https:\/\/vimeo.com\/660212653&#8243; image_src=&#8221;\/\/i.vimeocdn.com\/video\/1334160715-38d437ea71f88183ceb6f0da3e23b180a9277abea8fb442ec8f651c9baf495f4-d_960&#8243; _builder_version=&#8221;4.16&#8243; _module_preset=&#8221;default&#8221; custom_margin=&#8221;||0px||false|false&#8221; custom_padding=&#8221;||0px||false|false&#8221; global_colors_info=&#8221;{}&#8221;][\/et_pb_video][et_pb_text _builder_version=&#8221;4.16&#8243; _module_preset=&#8221;default&#8221; header_6_text_color=&#8221;#b5b5b5&#8243; header_6_font_size=&#8221;11px&#8221; custom_margin=&#8221;10px||0px||false|false&#8221; custom_padding=&#8221;||0px||false|false&#8221; global_colors_info=&#8221;{}&#8221; custom_padding__hover=&#8221;|||&#8221;]<\/p>\n<h4><strong>SKIMO &#8211; Copa de Espa\u00f1a de Sprint<\/strong><br \/>\n<strong>(Sierra Nevada, Granada)<\/strong><\/h4>\n<p>&#x1f3a5; Guillem Calatrava \/ Juan L\u00f3pez<br \/>\n&#x1f5a5; Guillem Calatrava<\/p>\n<h6 style=\"text-align: right;\">FEDME \/ Playground Visual Movement<\/h6>\n<p>[\/et_pb_text][\/et_pb_column][et_pb_column type=&#8221;1_3&#8243; module_class=&#8221;dfc-fedme&#8221; _builder_version=&#8221;4.16&#8243; custom_padding=&#8221;0px||0px||false|false&#8221; global_colors_info=&#8221;{}&#8221; custom_padding__hover=&#8221;|||&#8221;][et_pb_video src=&#8221;https:\/\/vimeo.com\/560320370&#8243; image_src=&#8221;\/\/i.vimeocdn.com\/video\/1158293865-96e402464109f15ea4a9c7e11d40b1fdc9b7d2b86f75ebd8c880e0d19e8cc27f-d_960&#8243; _builder_version=&#8221;4.16&#8243; _module_preset=&#8221;default&#8221; custom_margin=&#8221;||0px||false|false&#8221; custom_padding=&#8221;||0px||false|false&#8221; global_colors_info=&#8221;{}&#8221;][\/et_pb_video][et_pb_text _builder_version=&#8221;4.16&#8243; _module_preset=&#8221;default&#8221; header_6_text_color=&#8221;#b5b5b5&#8243; header_6_font_size=&#8221;11px&#8221; custom_margin=&#8221;10px||0px||false|false&#8221; custom_padding=&#8221;||0px||false|false&#8221; global_colors_info=&#8221;{}&#8221; custom_padding__hover=&#8221;|||&#8221;]<\/p>\n<h4><strong>CxM &#8211; Campeonato de Espa\u00f1a de Ultra<\/strong><br \/>\n<strong>(Tenerife, Santa Cruz de Tenerife)<\/strong><\/h4>\n<p>&#x1f3a5; Guillem Calatrava \/ David Grau<br \/>\n&#x1f5a5; Guillem Calatrava<\/p>\n<h6 style=\"text-align: right;\">FEDME \/ Playground Visual Movement<\/h6>\n<p>[\/et_pb_text][\/et_pb_column][et_pb_column type=&#8221;1_3&#8243; module_class=&#8221;dfc-fedme&#8221; _builder_version=&#8221;4.16&#8243; custom_padding=&#8221;0px||0px||false|false&#8221; global_colors_info=&#8221;{}&#8221; custom_padding__hover=&#8221;|||&#8221;][et_pb_video src=&#8221;https:\/\/vimeo.com\/594737591&#8243; image_src=&#8221;\/\/i.vimeocdn.com\/video\/1228361426-8d5e48117f32f5326a381457598444597f876681c0693fdc54333dccda803d8d-d_960&#8243; _builder_version=&#8221;4.16&#8243; _module_preset=&#8221;default&#8221; custom_margin=&#8221;||0px||false|false&#8221; custom_padding=&#8221;||0px||false|false&#8221; global_colors_info=&#8221;{}&#8221;][\/et_pb_video][et_pb_text _builder_version=&#8221;4.16&#8243; _module_preset=&#8221;default&#8221; header_6_text_color=&#8221;#b5b5b5&#8243; header_6_font_size=&#8221;11px&#8221; custom_margin=&#8221;10px||0px||false|false&#8221; custom_padding=&#8221;||0px||false|false&#8221; global_colors_info=&#8221;{}&#8221; custom_padding__hover=&#8221;|||&#8221;]<\/p>\n<h4><strong>CxM &#8211; Copa de Espa\u00f1a en l\u00ednea<\/strong><br \/>\n<strong>(Teror, Las Palmas)<\/strong><\/h4>\n<p>&#x1f3a5; Guillem Calatrava \/ David Grau<br \/>\n&#x1f5a5; Guillem Calatrava<\/p>\n<h6 style=\"text-align: right;\">FEDME \/ Playground Visual Movement<\/h6>\n<p>[\/et_pb_text][\/et_pb_column][\/et_pb_row][et_pb_row column_structure=&#8221;1_3,1_3,1_3&#8243; disabled_on=&#8221;off|off|off&#8221; module_class=&#8221;et-show-more-content&#8221; _builder_version=&#8221;4.19.4&#8243; width=&#8221;89%&#8221; width_tablet=&#8221;80%&#8221; width_phone=&#8221;&#8221; width_last_edited=&#8221;on|desktop&#8221; max_width=&#8221;89%&#8221; max_width_tablet=&#8221;80%&#8221; max_width_phone=&#8221;&#8221; max_width_last_edited=&#8221;on|desktop&#8221; custom_margin=&#8221;||0px||false|false&#8221; custom_padding=&#8221;||0px||false|false&#8221; make_fullwidth=&#8221;on&#8221; global_colors_info=&#8221;{}&#8221;][et_pb_column type=&#8221;1_3&#8243; module_class=&#8221;dfc-fedme&#8221; _builder_version=&#8221;4.16.0&#8243; custom_padding=&#8221;0px||0px||false|false&#8221; global_colors_info=&#8221;{}&#8221; custom_padding__hover=&#8221;|||&#8221;][et_pb_video src=&#8221;https:\/\/vimeo.com\/571173375&#8243; image_src=&#8221;\/\/i.vimeocdn.com\/video\/1181347237-6be3a716f4f0d5c5957572d91afa2329c8f6fe05c96128dc551dbd8f698a2839-d_960&#8243; _builder_version=&#8221;4.16&#8243; _module_preset=&#8221;default&#8221; custom_margin=&#8221;||0px||false|false&#8221; custom_padding=&#8221;||0px||false|false&#8221; global_colors_info=&#8221;{}&#8221;][\/et_pb_video][et_pb_text _builder_version=&#8221;4.16&#8243; _module_preset=&#8221;default&#8221; header_6_text_color=&#8221;#b5b5b5&#8243; header_6_font_size=&#8221;11px&#8221; custom_margin=&#8221;10px||0px||false|false&#8221; custom_padding=&#8221;||0px||false|false&#8221; global_colors_info=&#8221;{}&#8221; custom_padding__hover=&#8221;|||&#8221;]<\/p>\n<h4><strong>CxM &#8211; Campeonato de Espa\u00f1a KM Vertical<\/strong><br \/>\n<strong>(Sierra Nevada, Granada)<\/strong><\/h4>\n<p>&#x1f3a5; Guillem Calatrava \/ Diego Escobedo<br \/>\n&#x1f5a5; Guillem Calatrava<\/p>\n<h6 style=\"text-align: right;\">FEDME \/ Playground Visual Movement<\/h6>\n<p>[\/et_pb_text][\/et_pb_column][et_pb_column type=&#8221;1_3&#8243; module_class=&#8221;dfc-fedme&#8221; _builder_version=&#8221;4.16&#8243; custom_padding=&#8221;0px||0px||false|false&#8221; global_colors_info=&#8221;{}&#8221; custom_padding__hover=&#8221;|||&#8221;][et_pb_video src=&#8221;https:\/\/vimeo.com\/632875903&#8243; image_src=&#8221;\/\/i.vimeocdn.com\/video\/1275211475-76fcb831aed4e9baa7284bc9af03129ea125e32d156492b7b_960&#8243; _builder_version=&#8221;4.16&#8243; _module_preset=&#8221;default&#8221; custom_margin=&#8221;||0px||false|false&#8221; custom_padding=&#8221;||0px||false|false&#8221; global_colors_info=&#8221;{}&#8221;][\/et_pb_video][et_pb_text _builder_version=&#8221;4.16&#8243; _module_preset=&#8221;default&#8221; header_6_text_color=&#8221;#b5b5b5&#8243; header_6_font_size=&#8221;11px&#8221; custom_margin=&#8221;10px||0px||false|false&#8221; custom_padding=&#8221;||0px||false|false&#8221; global_colors_info=&#8221;{}&#8221; custom_padding__hover=&#8221;|||&#8221;]<\/p>\n<h4><strong>NON STOP 2016 Vies Braves<\/strong><\/h4>\n<p>&#x1f3a5; Guillem Calatrava<br \/>\n&#x1f5a5; Guillem Calatrava<\/p>\n<h6 style=\"text-align: right;\">Vies Braves<\/h6>\n<p>[\/et_pb_text][\/et_pb_column][et_pb_column type=&#8221;1_3&#8243; module_class=&#8221;dfc-fedme&#8221; _builder_version=&#8221;4.16&#8243; custom_padding=&#8221;0px||0px||false|false&#8221; global_colors_info=&#8221;{}&#8221; custom_padding__hover=&#8221;|||&#8221;][\/et_pb_column][\/et_pb_row][et_pb_row _builder_version=&#8221;4.16&#8243; _module_preset=&#8221;default&#8221; global_colors_info=&#8221;{}&#8221;][et_pb_column type=&#8221;4_4&#8243; _builder_version=&#8221;4.16&#8243; _module_preset=&#8221;default&#8221; global_colors_info=&#8221;{}&#8221;][et_pb_button button_text=&#8221;Veure m\u00e9s&#8230;&#8221; button_alignment=&#8221;center&#8221; module_class=&#8221;et-show-more-toggle&#8221; _builder_version=&#8221;4.19.4&#8243; _module_preset=&#8221;default&#8221; custom_button=&#8221;on&#8221; button_text_size=&#8221;14px&#8221; button_text_color=&#8221;#5e5e5e&#8221; button_bg_use_color_gradient=&#8221;on&#8221; button_bg_color_gradient_stops=&#8221;#fcfcfc 0%|#f8f8f8 100%&#8221; button_border_width=&#8221;1px&#8221; button_border_color=&#8221;#d3d3d3&#8243; button_border_radius=&#8221;0px&#8221; button_use_icon=&#8221;off&#8221; custom_padding=&#8221;10px|50px|10px|50px|false|false&#8221; box_shadow_style=&#8221;preset1&#8243; box_shadow_vertical=&#8221;0px&#8221; box_shadow_blur=&#8221;7px&#8221; box_shadow_color=&#8221;rgba(0,0,0,0.18)&#8221; global_colors_info=&#8221;{}&#8221; button_text_color__hover_enabled=&#8221;on|desktop&#8221; button_bg_color__hover_enabled=&#8221;on|hover&#8221; button_bg_color_gradient_stops__hover=&#8221;#f2f2f2 0%|#ededed 100%|#d8d8d8 100%&#8221; button_bg_use_color_gradient__hover=&#8221;on&#8221; button_text_color__hover=&#8221;#5e5e5e&#8221;][\/et_pb_button][et_pb_code _builder_version=&#8221;4.19.4&#8243; _module_preset=&#8221;default&#8221; global_colors_info=&#8221;{}&#8221;]<pee>\n<style><!-- [et_pb_line_break_holder] -->  .et-show-more-content {<!-- [et_pb_line_break_holder] -->    display:none;<!-- [et_pb_line_break_holder] -->  }<!-- [et_pb_line_break_holder] -->  .et-fb .et-show-more-content {<!-- [et_pb_line_break_holder] -->    display:block;<!-- [et_pb_line_break_holder] -->  }<!-- [et_pb_line_break_holder] -->.et-show-more-toggle {<!-- [et_pb_line_break_holder] -->    cursor:pointer;<!-- [et_pb_line_break_holder] -->  }<!-- [et_pb_line_break_holder] --><\/style>\n<\/pee><!\u2013- [et_pb_br_holder] -\u2013><!-- [et_pb_line_break_holder] --><!-- [et_pb_line_break_holder] --><!\u2013- [et_pb_br_holder] -\u2013><pee><script><!-- [et_pb_line_break_holder] -->(function($) {<!-- [et_pb_line_break_holder] -->    $(document).ready(function(){<!-- [et_pb_line_break_holder] -->        $('.et-show-more-toggle').on('click', function(e) {<!-- [et_pb_line_break_holder] -->            e.preventDefault();<!-- [et_pb_line_break_holder] -->            $(e.target).closest('.et-show-more-container').children('.et-show-more-content').slideToggle(\"300\");<!-- [et_pb_line_break_holder] -->            $(this).toggleClass('et-show-more-toggle_active');<!-- [et_pb_line_break_holder] -->            if ($(this).hasClass('et-show-more-toggle_active')) {<!-- [et_pb_line_break_holder] -->                $(this).text('Ver menos.');<!-- [et_pb_line_break_holder] -->            } else {<!-- [et_pb_line_break_holder] -->                $(this).text('Ver m\u00e1s...');<!-- [et_pb_line_break_holder] -->            }<!-- [et_pb_line_break_holder] -->        });<!-- [et_pb_line_break_holder] -->    });<!-- [et_pb_line_break_holder] -->})(jQuery);<!-- [et_pb_line_break_holder] --><\/script><\/pee>[\/et_pb_code][\/et_pb_column][\/et_pb_row][\/et_pb_section]<\/p>\n","protected":false},"excerpt":{"rendered":"<p>&nbsp;La fotografia i el v\u00eddeo s\u00f3n fonamentals per a la documentaci\u00f3 d\u2019esdeveniments esportius.Les imatges fixes o en moviment permeten reviure els moments m\u00e9s emocionants i recordats de l\u2019esdeveniment.S\u00f3n eines essencials per a la promoci\u00f3 i difusi\u00f3 d\u2019esdeveniments esportius a nivell mundial, tant en premsa com en xarxes socials.Els esports, tant si es practiquen en plena [&hellip;]<\/p>\n","protected":false},"author":2,"featured_media":0,"parent":0,"menu_order":0,"comment_status":"closed","ping_status":"closed","template":"","meta":{"_et_pb_use_builder":"on","_et_pb_old_content":"","_et_gb_content_width":"","ngg_post_thumbnail":0,"footnotes":""},"class_list":["post-9383","page","type-page","status-publish","hentry"],"_links":{"self":[{"href":"https:\/\/guillemcalatrava.com\/ca\/wp-json\/wp\/v2\/pages\/9383","targetHints":{"allow":["GET"]}}],"collection":[{"href":"https:\/\/guillemcalatrava.com\/ca\/wp-json\/wp\/v2\/pages"}],"about":[{"href":"https:\/\/guillemcalatrava.com\/ca\/wp-json\/wp\/v2\/types\/page"}],"author":[{"embeddable":true,"href":"https:\/\/guillemcalatrava.com\/ca\/wp-json\/wp\/v2\/users\/2"}],"replies":[{"embeddable":true,"href":"https:\/\/guillemcalatrava.com\/ca\/wp-json\/wp\/v2\/comments?post=9383"}],"version-history":[{"count":12,"href":"https:\/\/guillemcalatrava.com\/ca\/wp-json\/wp\/v2\/pages\/9383\/revisions"}],"predecessor-version":[{"id":237553,"href":"https:\/\/guillemcalatrava.com\/ca\/wp-json\/wp\/v2\/pages\/9383\/revisions\/237553"}],"wp:attachment":[{"href":"https:\/\/guillemcalatrava.com\/ca\/wp-json\/wp\/v2\/media?parent=9383"}],"curies":[{"name":"wp","href":"https:\/\/api.w.org\/{rel}","templated":true}]}}