{"id":7407,"date":"2019-05-23T12:37:00","date_gmt":"2019-05-23T10:37:00","guid":{"rendered":"https:\/\/www.guillemcalatrava.com\/acerca-de-mi\/"},"modified":"2025-09-26T13:03:24","modified_gmt":"2025-09-26T11:03:24","slug":"sobre-mi","status":"publish","type":"page","link":"https:\/\/guillemcalatrava.com\/ca\/sobre-mi\/","title":{"rendered":"Sobre mi"},"content":{"rendered":"<p>[et_pb_section fb_built=&#8221;1&#8243; _builder_version=&#8221;4.16&#8243; background_image=&#8221;https:\/\/guillemcalatrava.com\/wp-content\/uploads\/XT2F1788.jpg&#8221; background_position=&#8221;center_right&#8221; background_blend=&#8221;darken&#8221; z_index_tablet=&#8221;500&#8243; global_colors_info=&#8221;{}&#8221;][et_pb_row column_structure=&#8221;3_5,2_5&#8243; _builder_version=&#8221;4.16&#8243; width=&#8221;89%&#8221; max_width=&#8221;89%&#8221; z_index_tablet=&#8221;500&#8243; global_colors_info=&#8221;{}&#8221;][et_pb_column type=&#8221;3_5&#8243; _builder_version=&#8221;4.16&#8243; custom_padding=&#8221;|||&#8221; global_colors_info=&#8221;{}&#8221; custom_padding__hover=&#8221;|||&#8221;][et_pb_text _builder_version=&#8221;4.16&#8243; background_layout=&#8221;dark&#8221; z_index_tablet=&#8221;500&#8243; box_shadow_horizontal_tablet=&#8221;0px&#8221; box_shadow_vertical_tablet=&#8221;0px&#8221; box_shadow_blur_tablet=&#8221;40px&#8221; box_shadow_spread_tablet=&#8221;0px&#8221; global_colors_info=&#8221;{}&#8221;]<\/p>\n<h1 class=\"et_pb_module_header\" style=\"text-align: left;\"><strong>Cerques un fot\u00f2graf que solucioni&nbsp;<\/strong><br \/><strong>les teves necessitats audiovisuals?<\/strong><\/h1>\n<p>[\/et_pb_text][et_pb_text _builder_version=&#8221;4.16&#8243; background_layout=&#8221;dark&#8221; z_index_tablet=&#8221;500&#8243; box_shadow_horizontal_tablet=&#8221;0px&#8221; box_shadow_vertical_tablet=&#8221;0px&#8221; box_shadow_blur_tablet=&#8221;40px&#8221; box_shadow_spread_tablet=&#8221;0px&#8221; global_colors_info=&#8221;{}&#8221;]<\/p>\n<h4 style=\"text-align: left;\"><strong>Deixa de buscar, m&#8217;has trobat.<\/strong><\/h4>\n<h4>&nbsp;<\/h4>\n<h4 style=\"text-align: left;\"><strong>Explica&#8217;m quin projecte tens en ment, jo t&#8217;ho resolc.<\/strong>&nbsp;<br \/>Fotos d&#8217;un esdeveniment, muntar un photocall, impressi\u00f3 al moment, fotos de producte, enregistrament de v\u00eddeo, fotografia o v\u00eddeo amb dron, etc..<\/h4>\n<h4>&nbsp;<\/h4>\n<h4 style=\"text-align: left;\"><strong>Digue&#8217;m on cal anar a treballar i cap all\u00e0 que vaig.<\/strong> <br \/>Tot i que s\u00f3c un fot\u00f2graf amb base a Barcelona, despla\u00e7ar-me i viatjar no \u00e9s cap problema.<\/h4>\n<h4>&nbsp;<\/h4>\n<h4 style=\"text-align: left;\"><strong>Les teves fotos quan les necessitis.<\/strong>&nbsp;<br \/>La majoria de treballs els lliuro l&#8217;endem\u00e0 ja editats\/retocats.<\/h4>\n<p>[\/et_pb_text][et_pb_button button_url=&#8221;#contacto&#8221; button_text=&#8221;Posa&#8217;t en contacte amb mi&#8221; _builder_version=&#8221;4.16&#8243; background_layout=&#8221;dark&#8221; z_index_tablet=&#8221;500&#8243; box_shadow_horizontal_tablet=&#8221;0px&#8221; box_shadow_vertical_tablet=&#8221;0px&#8221; box_shadow_blur_tablet=&#8221;40px&#8221; box_shadow_spread_tablet=&#8221;0px&#8221; global_colors_info=&#8221;{}&#8221;][\/et_pb_button][\/et_pb_column][et_pb_column type=&#8221;2_5&#8243; _builder_version=&#8221;4.16&#8243; custom_padding=&#8221;|||&#8221; global_colors_info=&#8221;{}&#8221; custom_padding__hover=&#8221;|||&#8221;][\/et_pb_column][\/et_pb_row][\/et_pb_section][et_pb_section fb_built=&#8221;1&#8243; _builder_version=&#8221;4.16&#8243; z_index_tablet=&#8221;500&#8243; global_colors_info=&#8221;{}&#8221;][et_pb_row column_structure=&#8221;2_3,1_3&#8243; _builder_version=&#8221;4.16&#8243; width=&#8221;89%&#8221; max_width=&#8221;89%&#8221; z_index_tablet=&#8221;500&#8243; global_colors_info=&#8221;{}&#8221;][et_pb_column type=&#8221;2_3&#8243; _builder_version=&#8221;4.16&#8243; custom_padding=&#8221;|||&#8221; global_colors_info=&#8221;{}&#8221; custom_padding__hover=&#8221;|||&#8221;][et_pb_text _builder_version=&#8221;4.16&#8243; z_index_tablet=&#8221;500&#8243; global_colors_info=&#8221;{}&#8221;]<\/p>\n<h1>SOBRE MI<\/h1>\n<p>[\/et_pb_text][\/et_pb_column][et_pb_column type=&#8221;1_3&#8243; _builder_version=&#8221;4.16&#8243; custom_padding=&#8221;|||&#8221; global_colors_info=&#8221;{}&#8221; custom_padding__hover=&#8221;|||&#8221;][\/et_pb_column][\/et_pb_row][et_pb_row column_structure=&#8221;2_3,1_3&#8243; _builder_version=&#8221;4.16&#8243; width=&#8221;89%&#8221; max_width=&#8221;89%&#8221; z_index_tablet=&#8221;500&#8243; global_colors_info=&#8221;{}&#8221;][et_pb_column type=&#8221;2_3&#8243; _builder_version=&#8221;4.16&#8243; custom_padding=&#8221;|||&#8221; global_colors_info=&#8221;{}&#8221; custom_padding__hover=&#8221;|||&#8221;][et_pb_text admin_label=&#8221;Intro&#8221; _builder_version=&#8221;4.27.4&#8243; hover_enabled=&#8221;0&#8243; z_index_tablet=&#8221;500&#8243; box_shadow_horizontal_tablet=&#8221;0px&#8221; box_shadow_vertical_tablet=&#8221;0px&#8221; box_shadow_blur_tablet=&#8221;40px&#8221; box_shadow_spread_tablet=&#8221;0px&#8221; global_colors_info=&#8221;{}&#8221; sticky_enabled=&#8221;0&#8243;]<\/p>\n<h3 data-start=\"464\" data-end=\"499\">Una passi\u00f3 que va comen\u00e7ar de petit<\/h3>\n<p data-start=\"500\" data-end=\"790\">Soc <strong data-start=\"504\" data-end=\"525\">Guillem Calatrava<\/strong>, fot\u00f2graf i creador de contingut audiovisual. La meva relaci\u00f3 amb la fotografia va comen\u00e7ar ben aviat: als 6 anys, quan la meva \u00e0via em va regalar una Kodak Ektralite de carrets 110 que encara conservo. Des de llavors, les imatges m\u2019han acompanyat en cada etapa de la meva vida.<\/p>\n<p data-start=\"792\" data-end=\"1127\">Durant el batxillerat art\u00edstic vaig confirmar que aquest era el meu cam\u00ed, construint la meva primera c\u00e0mera estenopeica i descobrint la m\u00e0gia del laboratori. M\u00e9s endavant em vaig formar com a fot\u00f2graf a la <strong data-start=\"986\" data-end=\"993\">UPC<\/strong> i vaig obtenir el <strong data-start=\"1006\" data-end=\"1059\">Grau en Fotografia i Creaci\u00f3 Digital al CITM<\/strong>, cosa que em va permetre fer el salt definitiu al m\u00f3n professional.<\/p>\n<h4 data-start=\"1134\" data-end=\"1172\">&nbsp;<\/h4>\n<h3 data-start=\"1134\" data-end=\"1172\">Fotografia i v\u00eddeo: el meu dia a dia<\/h3>\n<p data-start=\"1173\" data-end=\"1554\">Avui em dedico a la fotografia i al v\u00eddeo en m\u00faltiples \u00e0mbits. La meva feina em porta des d\u2019<strong data-start=\"1262\" data-end=\"1286\">esdeveniments corporatius<\/strong> fins a <strong data-start=\"1293\" data-end=\"1327\">bodes i celebracions privades<\/strong>, creant records i continguts \u00fanics per a cada ocasi\u00f3. Tamb\u00e9 col\u00b7laboro amb <strong data-start=\"1407\" data-end=\"1440\">empreses i marques de renom<\/strong> com <strong data-start=\"1446\" data-end=\"1481\">Audi o el Futbol Club Barcelona<\/strong>, on he aportat la meva visi\u00f3 audiovisual en projectes de gran impacte.<\/p>\n<p data-start=\"1556\" data-end=\"1834\">En paral\u00b7lel, soc fot\u00f2graf habitual de <strong data-start=\"1595\" data-end=\"1605\">MotoGP<\/strong>, on documento el paddock, el pit lane, el podi i el VIP Village. Aquesta feina m\u2019ha donat l\u2019oportunitat de viatjar per tot el m\u00f3n i captar moments \u00fanics al costat de pilots de primer nivell com Marc M\u00e1rquez o \u00c1lex M\u00e1rquez.<\/p>\n<h4 data-start=\"1841\" data-end=\"1873\">&nbsp;<\/h4>\n<h3 data-start=\"1841\" data-end=\"1873\">Experi\u00e8ncia i col\u00b7laboraci\u00f3<\/h3>\n<p data-start=\"1874\" data-end=\"2213\">Amb els anys he apr\u00e8s que la fotografia i el v\u00eddeo no s\u00f3n nom\u00e9s una q\u00fcesti\u00f3 de t\u00e8cnica, sin\u00f3 tamb\u00e9 d\u2019explicar hist\u00f2ries i transmetre emocions. Per aix\u00f2 m\u2019agrada treballar tant en <strong data-start=\"2054\" data-end=\"2080\">projectes individuals<\/strong> com en <strong data-start=\"2089\" data-end=\"2140\">col\u00b7laboraci\u00f3 amb altres fot\u00f2grafs i vide\u00f2grafs<\/strong>, formant equips capa\u00e7os d\u2019abastar produccions de qualsevol mida.<\/p>\n<p data-start=\"2215\" data-end=\"2392\">El meu enfocament combina <strong data-start=\"2234\" data-end=\"2273\">experi\u00e8ncia, creativitat i proximitat<\/strong>, sempre amb la il\u00b7lusi\u00f3 de continuar aprenent i d\u2019entregar resultats que superin les expectatives de cada client.<\/p>\n<p>[\/et_pb_text][\/et_pb_column][et_pb_column type=&#8221;1_3&#8243; _builder_version=&#8221;4.16&#8243; custom_padding=&#8221;|||&#8221; global_colors_info=&#8221;{}&#8221; custom_padding__hover=&#8221;|||&#8221;][et_pb_image src=&#8221;https:\/\/guillemcalatrava.com\/wp-content\/uploads\/Guillem-Calatrava-1.jpg&#8221; title_text=&#8221;\u00a9 Guillem Calatrava&#8221; align_tablet=&#8221;center&#8221; align_phone=&#8221;&#8221; align_last_edited=&#8221;on|desktop&#8221; _builder_version=&#8221;4.27.4&#8243; hover_enabled=&#8221;0&#8243; z_index_tablet=&#8221;500&#8243; global_colors_info=&#8221;{}&#8221; sticky_enabled=&#8221;0&#8243;][\/et_pb_image][\/et_pb_column][\/et_pb_row][\/et_pb_section][et_pb_section fb_built=&#8221;1&#8243; module_id=&#8221;naturpixel&#8221; _builder_version=&#8221;4.16&#8243; background_color=&#8221;rgba(221,221,221,0.15)&#8221; z_index_tablet=&#8221;500&#8243; box_shadow_horizontal_tablet=&#8221;0px&#8221; box_shadow_vertical_tablet=&#8221;0px&#8221; box_shadow_blur_tablet=&#8221;40px&#8221; box_shadow_spread_tablet=&#8221;0px&#8221; global_colors_info=&#8221;{}&#8221;][et_pb_row column_structure=&#8221;1_2,1_2&#8243; _builder_version=&#8221;4.16&#8243; width=&#8221;89%&#8221; max_width=&#8221;89%&#8221; z_index_tablet=&#8221;500&#8243; box_shadow_horizontal_tablet=&#8221;0px&#8221; box_shadow_vertical_tablet=&#8221;0px&#8221; box_shadow_blur_tablet=&#8221;40px&#8221; box_shadow_spread_tablet=&#8221;0px&#8221; global_colors_info=&#8221;{}&#8221;][et_pb_column type=&#8221;1_2&#8243; _builder_version=&#8221;4.16&#8243; custom_padding=&#8221;|||&#8221; global_colors_info=&#8221;{}&#8221; custom_padding__hover=&#8221;|||&#8221;][et_pb_text _builder_version=&#8221;4.16&#8243; z_index_tablet=&#8221;500&#8243; box_shadow_horizontal_tablet=&#8221;0px&#8221; box_shadow_vertical_tablet=&#8221;0px&#8221; box_shadow_blur_tablet=&#8221;40px&#8221; box_shadow_spread_tablet=&#8221;0px&#8221; global_colors_info=&#8221;{}&#8221;]<\/p>\n<h1>TAMB\u00c9 EM TROBAR\u00c0S A NATURPIXEL<\/h1>\n<p>[\/et_pb_text][\/et_pb_column][et_pb_column type=&#8221;1_2&#8243; _builder_version=&#8221;4.16&#8243; custom_padding=&#8221;|||&#8221; global_colors_info=&#8221;{}&#8221; custom_padding__hover=&#8221;|||&#8221;][\/et_pb_column][\/et_pb_row][et_pb_row column_structure=&#8221;1_2,1_2&#8243; _builder_version=&#8221;4.16&#8243; width=&#8221;89%&#8221; max_width=&#8221;89%&#8221; z_index_tablet=&#8221;500&#8243; box_shadow_horizontal_tablet=&#8221;0px&#8221; box_shadow_vertical_tablet=&#8221;0px&#8221; box_shadow_blur_tablet=&#8221;40px&#8221; box_shadow_spread_tablet=&#8221;0px&#8221; global_colors_info=&#8221;{}&#8221;][et_pb_column type=&#8221;1_2&#8243; _builder_version=&#8221;4.16&#8243; custom_padding=&#8221;|||&#8221; global_colors_info=&#8221;{}&#8221; custom_padding__hover=&#8221;|||&#8221;][et_pb_text _builder_version=&#8221;4.16&#8243; z_index_tablet=&#8221;500&#8243; box_shadow_horizontal_tablet=&#8221;0px&#8221; box_shadow_vertical_tablet=&#8221;0px&#8221; box_shadow_blur_tablet=&#8221;40px&#8221; box_shadow_spread_tablet=&#8221;0px&#8221; global_colors_info=&#8221;{}&#8221;]<\/p>\n<p><a href=\"https:\/\/naturpixel.com\/\" target=\"_blank\" rel=\"noopener\">Naturpixel<\/a> neix al 2.008 amb la intenci\u00f3 d&#8217;ensenyar fotografia de forma f\u00e0cil, divertida i pr\u00e0ctica.<\/p>\n<p>Vam comen\u00e7ar amb els <a href=\"https:\/\/aula.naturpixel.com\/cursos-de-fotografia-online-presenciales\/\" target=\"_blank\" rel=\"noopener\">cursos de fotografia presencials<\/a> que vam anomenar Fotowalk. Cursos de fotografia de 4 hores de durada.<\/p>\n<p>Pels nostres cursos presencials ja han passat m\u00e9s de 1.500 alumnes al llarg d&#8217;aquests m\u00e9s de 15 anys de formaci\u00f3.<\/p>\n<p>Al 2.018 vol\u00edem arribar a m\u00e9s gent amb la formaci\u00f3, i decidim crear els <a href=\"https:\/\/aula.naturpixel.com\/cursos-de-fotografia-online-presenciales\/\" target=\"_blank\" rel=\"noopener\">cursos de fotografia online<\/a> que bategem com Fotoclass. Un curs amb una durada de 5 setmanes i completament tutoritzat.<\/p>\n<p>En 3 anys van realitzar els nostres cursos m\u00e9s de 2.000 alumnes.<\/p>\n<p>Al 2021 comen\u00e7o el meu cam\u00ed en solitari amb la formaci\u00f3 online i presencial, seguint amb el sistema de cursos mitjan\u00e7ant l&#8217;<a href=\"https:\/\/aula.naturpixel.com\/cursos-de-fotografia-online-presenciales\/\" target=\"_blank\" rel=\"noopener\">Aula Virtual de Naturpixel<\/a>.<\/p>\n<p>Tamb\u00e9 publiquem peri\u00f2dicament en l&#8217;apartat de blog. Des de proves de producte fotogr\u00e0fic o programari, not\u00edcies sobre nous productes del sector fotogr\u00e0fic, o realitzant un sense fi de videotutorials formatius, tant fotogr\u00e0fics com d&#8217;edici\u00f3 fotogr\u00e0fica.<\/p>\n<p>Des de 2.008 ja hem publicat m\u00e9s de 3.000 articles, convertint-nos en un mitj\u00e0 referent del sector fotogr\u00e0fic tant a nivell nacional com en pa\u00efsos de parla hispana.<\/p>\n<p>[\/et_pb_text][\/et_pb_column][et_pb_column type=&#8221;1_2&#8243; _builder_version=&#8221;4.16&#8243; custom_padding=&#8221;|||&#8221; global_colors_info=&#8221;{}&#8221; custom_padding__hover=&#8221;|||&#8221;][et_pb_image src=&#8221;https:\/\/guillemcalatrava.com\/wp-content\/uploads\/005.jpg&#8221; title_text=&#8221;Guillem-Calatrava-Joan-Vendrell_001&#8243; align_tablet=&#8221;center&#8221; align_phone=&#8221;&#8221; align_last_edited=&#8221;on|desktop&#8221; _builder_version=&#8221;4.19.4&#8243; z_index_tablet=&#8221;500&#8243; global_colors_info=&#8221;{}&#8221;][\/et_pb_image][\/et_pb_column][\/et_pb_row][\/et_pb_section]<\/p>\n","protected":false},"excerpt":{"rendered":"<p>Cerques un fot\u00f2graf que solucioni&nbsp;les teves necessitats audiovisuals? Deixa de buscar, m&#8217;has trobat.&nbsp;Explica&#8217;m quin projecte tens en ment, jo t&#8217;ho resolc.&nbsp;Fotos d&#8217;un esdeveniment, muntar un photocall, impressi\u00f3 al moment, fotos de producte, enregistrament de v\u00eddeo, fotografia o v\u00eddeo amb dron, etc..&nbsp;Digue&#8217;m on cal anar a treballar i cap all\u00e0 que vaig. Tot i que s\u00f3c [&hellip;]<\/p>\n","protected":false},"author":2,"featured_media":0,"parent":0,"menu_order":0,"comment_status":"closed","ping_status":"closed","template":"","meta":{"_et_pb_use_builder":"on","_et_pb_old_content":"","_et_gb_content_width":"","ngg_post_thumbnail":0,"footnotes":""},"class_list":["post-7407","page","type-page","status-publish","hentry"],"_links":{"self":[{"href":"https:\/\/guillemcalatrava.com\/ca\/wp-json\/wp\/v2\/pages\/7407","targetHints":{"allow":["GET"]}}],"collection":[{"href":"https:\/\/guillemcalatrava.com\/ca\/wp-json\/wp\/v2\/pages"}],"about":[{"href":"https:\/\/guillemcalatrava.com\/ca\/wp-json\/wp\/v2\/types\/page"}],"author":[{"embeddable":true,"href":"https:\/\/guillemcalatrava.com\/ca\/wp-json\/wp\/v2\/users\/2"}],"replies":[{"embeddable":true,"href":"https:\/\/guillemcalatrava.com\/ca\/wp-json\/wp\/v2\/comments?post=7407"}],"version-history":[{"count":2,"href":"https:\/\/guillemcalatrava.com\/ca\/wp-json\/wp\/v2\/pages\/7407\/revisions"}],"predecessor-version":[{"id":237602,"href":"https:\/\/guillemcalatrava.com\/ca\/wp-json\/wp\/v2\/pages\/7407\/revisions\/237602"}],"wp:attachment":[{"href":"https:\/\/guillemcalatrava.com\/ca\/wp-json\/wp\/v2\/media?parent=7407"}],"curies":[{"name":"wp","href":"https:\/\/api.w.org\/{rel}","templated":true}]}}