{"id":236358,"date":"2023-02-13T11:21:33","date_gmt":"2023-02-13T10:21:33","guid":{"rendered":"https:\/\/guillemcalatrava.com\/fotografia-corporativa\/"},"modified":"2023-02-13T12:23:57","modified_gmt":"2023-02-13T11:23:57","slug":"fotografia-corporativa","status":"publish","type":"page","link":"https:\/\/guillemcalatrava.com\/ca\/fotografia-corporativa\/","title":{"rendered":"Fotografia Corporativa"},"content":{"rendered":"<p>[et_pb_section fb_built=&#8221;1&#8243; fullwidth=&#8221;on&#8221; _builder_version=&#8221;4.16&#8243; animation_style=&#8221;slide&#8221; animation_direction=&#8221;top&#8221; animation_intensity_slide=&#8221;2%&#8221; animation_starting_opacity=&#8221;100%&#8221; global_colors_info=&#8221;{}&#8221;][et_pb_fullwidth_header title=&#8221;Fotografia Corporativa&#8221; content_max_width=&#8221;700px&#8221; _builder_version=&#8221;4.19.4&#8243; title_font=&#8221;Lato||||||||&#8221; title_font_size=&#8221;59px&#8221; title_line_height=&#8221;1.2em&#8221; content_font=&#8221;||||||||&#8221; content_font_size=&#8221;20px&#8221; content_line_height=&#8221;1.8em&#8221; background_color=&#8221;rgba(255, 255, 255, 0)&#8221; use_background_color_gradient=&#8221;on&#8221; background_color_gradient_direction=&#8221;90deg&#8221; background_color_gradient_stops=&#8221;rgba(0,0,0,0.75) 0%|rgba(0,0,0,0) 100%&#8221; background_color_gradient_overlays_image=&#8221;on&#8221; background_color_gradient_start=&#8221;rgba(0,0,0,0.75)&#8221; background_color_gradient_end=&#8221;rgba(0,0,0,0)&#8221; background_image=&#8221;https:\/\/guillemcalatrava.com\/wp-content\/gallery\/portrait\/Ofertia_004.jpg&#8221; custom_button_one=&#8221;on&#8221; button_one_text_size=&#8221;18px&#8221; button_one_bg_color=&#8221;#02d002&#8243; button_one_border_width=&#8221;8px&#8221; button_one_border_color=&#8221;#02d002&#8243; button_one_border_radius=&#8221;0px&#8221; button_one_letter_spacing=&#8221;1px&#8221; button_one_font=&#8221;Lato|700|||||||&#8221; button_one_use_icon=&#8221;off&#8221; custom_button_two=&#8221;on&#8221; button_two_text_size=&#8221;18px&#8221; button_two_text_color=&#8221;#353740&#8243; button_two_bg_color=&#8221;#ffffff&#8221; button_two_border_width=&#8221;8px&#8221; button_two_border_color=&#8221;#ffffff&#8221; button_two_border_radius=&#8221;0px&#8221; button_two_letter_spacing=&#8221;1px&#8221; button_two_font=&#8221;Lato|700|||||||&#8221; button_two_use_icon=&#8221;off&#8221; custom_margin=&#8221;|||&#8221; custom_padding=&#8221;12%||12%|&#8221; title_font_size_tablet=&#8221;&#8221; title_font_size_phone=&#8221;51px&#8221; title_font_size_last_edited=&#8221;on|phone&#8221; background_last_edited=&#8221;on|phone&#8221; background_position_phone=&#8221;center_right&#8221; background_horizontal_offset_phone=&#8221;27%&#8221; button_one_letter_spacing_hover=&#8221;1px&#8221; button_two_letter_spacing_hover=&#8221;1px&#8221; global_colors_info=&#8221;{}&#8221; button_one_text_size__hover_enabled=&#8221;off&#8221; button_two_text_size__hover_enabled=&#8221;off&#8221; button_one_text_color__hover_enabled=&#8221;off&#8221; button_two_text_color__hover_enabled=&#8221;off&#8221; button_one_border_width__hover_enabled=&#8221;off&#8221; button_two_border_width__hover_enabled=&#8221;off&#8221; button_one_border_color__hover_enabled=&#8221;off&#8221; button_two_border_color__hover_enabled=&#8221;off&#8221; button_one_border_radius__hover_enabled=&#8221;off&#8221; button_two_border_radius__hover_enabled=&#8221;off&#8221; button_one_letter_spacing__hover_enabled=&#8221;on&#8221; button_one_letter_spacing__hover=&#8221;1px&#8221; button_two_letter_spacing__hover_enabled=&#8221;on&#8221; button_two_letter_spacing__hover=&#8221;1px&#8221; button_one_bg_color__hover_enabled=&#8221;off&#8221; button_two_bg_color__hover_enabled=&#8221;off&#8221;]<\/p>\n<p>&nbsp;<\/p>\n<p>La fotografia corporativa engloba diversos tipus de fotografia, sigui de la pr\u00f2pia empresa, de les seves instal\u00b7lacions, dels seus serveis, dels seus productes o dels seus empleats.<\/p>\n<p>El meu objectiu \u00e9s reflectir la identitat i la cultura de l&#8217;empresa, i proporcionar una imatge professional i de confian\u00e7a per als clients i el p\u00fablic en general.<\/p>\n<p>[\/et_pb_fullwidth_header][\/et_pb_section][et_pb_section fb_built=&#8221;1&#8243; admin_label=&#8221;Text 1&#8243; _builder_version=&#8221;4.19.4&#8243; custom_padding=&#8221;100px||||false|false&#8221; collapsed=&#8221;off&#8221; global_colors_info=&#8221;{}&#8221;][et_pb_row _builder_version=&#8221;4.19.4&#8243; _module_preset=&#8221;default&#8221; global_colors_info=&#8221;{}&#8221;][et_pb_column type=&#8221;4_4&#8243; _builder_version=&#8221;4.19.4&#8243; _module_preset=&#8221;default&#8221; global_colors_info=&#8221;{}&#8221;][et_pb_text _builder_version=&#8221;4.19.4&#8243; text_font=&#8221;||||||||&#8221; text_font_size=&#8221;16px&#8221; text_line_height=&#8221;1.8em&#8221; header_font=&#8221;||||||||&#8221; animation_style=&#8221;flip&#8221; animation_direction=&#8221;left&#8221; animation_intensity_flip=&#8221;20%&#8221; animation_starting_opacity=&#8221;100%&#8221; global_colors_info=&#8221;{}&#8221;]<\/p>\n<p>La fotografia corporativa \u00e9s un aspecte crucial de la identitat d&#8217;una empresa o organitzaci\u00f3. \u00c9s m\u00e9s que una simple fotografia d&#8217;un edifici o un producte; \u00e9s una representaci\u00f3 visual de l&#8217;empresa.<\/p>\n<p>\u00c9s important tenir en compte que cada imatge ha de ser cuidadosament planificada i executada per garantir que compleixi amb els objectius de l&#8217;empresa i la seva estrat\u00e8gia de marca.<\/p>\n<p>[\/et_pb_text][\/et_pb_column][\/et_pb_row][et_pb_row admin_label=&#8221;Market Information Title Area&#8221; _builder_version=&#8221;4.16&#8243; max_width=&#8221;2560px&#8221; custom_padding=&#8221;40px|0px|40px|0px&#8221; global_colors_info=&#8221;{}&#8221;][et_pb_column type=&#8221;4_4&#8243; _builder_version=&#8221;4.16&#8243; custom_padding=&#8221;|||&#8221; global_colors_info=&#8221;{}&#8221; custom_padding__hover=&#8221;|||&#8221;][et_pb_text admin_label=&#8221;Title&#8221; _builder_version=&#8221;4.19.4&#8243; text_font=&#8221;||||||||&#8221; header_font=&#8221;||||||||&#8221; header_2_font=&#8221;Lato||||||||&#8221; header_2_font_size=&#8221;36px&#8221; header_2_line_height=&#8221;1.5em&#8221; custom_padding=&#8221;|||&#8221; animation_direction=&#8221;left&#8221; global_colors_info=&#8221;{}&#8221;]<\/p>\n<h2>Fotografia de l&#8217;empresa (interiors i arquitectura)<\/h2>\n<p>[\/et_pb_text][et_pb_text _builder_version=&#8221;4.19.4&#8243; text_font=&#8221;||||||||&#8221; text_font_size=&#8221;16px&#8221; text_line_height=&#8221;1.8em&#8221; header_font=&#8221;||||||||&#8221; animation_style=&#8221;flip&#8221; animation_direction=&#8221;left&#8221; animation_intensity_flip=&#8221;20%&#8221; animation_starting_opacity=&#8221;100%&#8221; global_colors_info=&#8221;{}&#8221;]<\/p>\n<p>La fotografia d&#8217;interiors i arquitectura \u00e9s una branca important de la fotografia corporativa que pot ajudar a millorar la imatge d&#8217;una empresa o organitzaci\u00f3. Aquesta forma de fotografia s&#8217;utilitza per capturar imatges dels interiors d&#8217;un edifici, com ara oficines, instal\u00b7lacions industrials i comercials, i per mostrar l&#8217;arquitectura i el disseny d&#8217;un edifici o estructura.<\/p>\n<p>La fotografia d&#8217;interiors i arquitectura \u00e9s una forma efectiva de mostrar la qualitat i la professionalitat d&#8217;una empresa. Les imatges d&#8217;alta qualitat dels interiors d&#8217;un edifici poden ser un reflex de l&#8217;efici\u00e8ncia i l&#8217;organitzaci\u00f3 de l&#8217;empresa, i poden ser una eina valuosa per atraure a nous clients i augmentar la confian\u00e7a en la marca.<\/p>\n<p>A m\u00e9s, la fotografia d&#8217;interiors i arquitectura tamb\u00e9 pot ser una eina valuosa per a la planificaci\u00f3 d&#8217;esdeveniments i la promoci\u00f3 d&#8217;instal\u00b7lacions. Les imatges dels interiors d&#8217;un edifici poden ser utilitzades per promocionar una instal\u00b7laci\u00f3 o per ajudar a planificar un esdeveniment, com ara una confer\u00e8ncia o una exhibici\u00f3.<\/p>\n<p>[\/et_pb_text][et_pb_text _builder_version=&#8221;4.19.4&#8243; _module_preset=&#8221;default&#8221; global_colors_info=&#8221;{}&#8221;]<\/p>\n<div id=\"jig1\" class=\"justified-image-grid jig-c0ae551ae0f67dede50b01f2a75048ef jig-preset-global jig-source-nextgen\"><div class=\"jig-clearfix\"><\/div><noscript id=\"jig1-html\" class=\"justified-image-grid-html\" data-lazy-src=\"skiplazyload\" data-src=\"skipunveillazyload\"><ul><li><a href=\"https:\/\/guillemcalatrava.com\/wp-content\/gallery\/interior\/Finques-Carbonell_007.jpg\"><img loading=\"lazy\" decoding=\"async\" src=\"https:\/\/guillemcalatrava.com\/wp-content\/plugins\/justified-image-grid\/timthumb.php?src=https%3A%2F%2Fguillemcalatrava.com%2Fwp-content%2Fgallery%2Finterior%2FFinques-Carbonell_007.jpg&amp;h=280&amp;q=90&amp;f=.jpg\" alt=\"Fotografies de les oficines de Finques Carbonell per a la seva web\" width=\"420\" height=\"280\" \/><\/a><p class=\"jig-HTMLdescription\">Fotografies de les oficines de Finques Carbonell per a la seva web<\/p><\/li><li><a href=\"https:\/\/guillemcalatrava.com\/wp-content\/gallery\/interior\/Masia-Cal-Ros_008.jpg\"><img loading=\"lazy\" decoding=\"async\" src=\"https:\/\/guillemcalatrava.com\/wp-content\/plugins\/justified-image-grid\/timthumb.php?src=https%3A%2F%2Fguillemcalatrava.com%2Fwp-content%2Fgallery%2Finterior%2FMasia-Cal-Ros_008.jpg&amp;h=280&amp;q=90&amp;f=.jpg\" alt=\"Fotografies de la Masia Cal Ros per a la seva web\" width=\"420\" height=\"280\" \/><\/a><p class=\"jig-HTMLdescription\">Fotografies de la Masia Cal Ros per a la seva web<\/p><\/li><li><a href=\"https:\/\/guillemcalatrava.com\/wp-content\/gallery\/interior\/Masia-Cal-Ros_003.jpg\"><img loading=\"lazy\" decoding=\"async\" src=\"https:\/\/guillemcalatrava.com\/wp-content\/plugins\/justified-image-grid\/timthumb.php?src=https%3A%2F%2Fguillemcalatrava.com%2Fwp-content%2Fgallery%2Finterior%2FMasia-Cal-Ros_003.jpg&amp;h=280&amp;q=90&amp;f=.jpg\" alt=\"Fotografies de la Masia Cal Ros per a la seva web\" width=\"420\" height=\"280\" \/><\/a><p class=\"jig-HTMLdescription\">Fotografies de la Masia Cal Ros per a la seva web<\/p><\/li><li><a href=\"https:\/\/guillemcalatrava.com\/wp-content\/gallery\/interior\/hand-therapy-bcn-interior_001.jpg\"><img loading=\"lazy\" decoding=\"async\" src=\"https:\/\/guillemcalatrava.com\/wp-content\/plugins\/justified-image-grid\/timthumb.php?src=https%3A%2F%2Fguillemcalatrava.com%2Fwp-content%2Fgallery%2Finterior%2Fhand-therapy-bcn-interior_001.jpg&amp;h=280&amp;q=90&amp;f=.jpg\" alt=\"Despatx de fisioterapia Hand Therapy BCN\" width=\"420\" height=\"280\" \/><\/a><p class=\"jig-HTMLdescription\">Despatx de fisioterapia Hand Therapy BCN<\/p><\/li><li><a href=\"https:\/\/guillemcalatrava.com\/wp-content\/gallery\/interior\/hand-therapy-bcn-interior_006.jpg\"><img loading=\"lazy\" decoding=\"async\" src=\"https:\/\/guillemcalatrava.com\/wp-content\/plugins\/justified-image-grid\/timthumb.php?src=https%3A%2F%2Fguillemcalatrava.com%2Fwp-content%2Fgallery%2Finterior%2Fhand-therapy-bcn-interior_006.jpg&amp;h=280&amp;q=90&amp;f=.jpg\" alt=\"Despatx de fisioterapia Hand Therapy BCN\" width=\"420\" height=\"280\" \/><\/a><p class=\"jig-HTMLdescription\">Despatx de fisioterapia Hand Therapy BCN<\/p><\/li><li><a href=\"https:\/\/guillemcalatrava.com\/wp-content\/gallery\/interior\/BBraun_001.jpg\" title=\"BBraun_001\"><img loading=\"lazy\" decoding=\"async\" src=\"https:\/\/guillemcalatrava.com\/wp-content\/plugins\/justified-image-grid\/timthumb.php?src=https%3A%2F%2Fguillemcalatrava.com%2Fwp-content%2Fgallery%2Finterior%2FBBraun_001.jpg&amp;h=280&amp;q=90&amp;f=.jpg\" alt=\"Fotografies de les oficines BBraun il\u00b7luminades per Deltalight\" width=\"420\" height=\"280\" \/><\/a><p class=\"jig-HTMLdescription\">Fotografies de les oficines BBraun il\u00b7luminades per Deltalight<br\/>BBraun_001<\/p><\/li><li><a href=\"https:\/\/guillemcalatrava.com\/wp-content\/gallery\/interior\/BBraun_002.jpg\" title=\"BBraun_002\"><img loading=\"lazy\" decoding=\"async\" src=\"https:\/\/guillemcalatrava.com\/wp-content\/plugins\/justified-image-grid\/timthumb.php?src=https%3A%2F%2Fguillemcalatrava.com%2Fwp-content%2Fgallery%2Finterior%2FBBraun_002.jpg&amp;h=280&amp;q=90&amp;f=.jpg\" alt=\"Fotografies de les oficines BBraun il\u00b7luminades per Deltalight\" width=\"420\" height=\"280\" \/><\/a><p class=\"jig-HTMLdescription\">Fotografies de les oficines BBraun il\u00b7luminades per Deltalight<br\/>BBraun_002<\/p><\/li><li><a href=\"https:\/\/guillemcalatrava.com\/wp-content\/gallery\/interior\/Masia-Cal-Ros_007.jpg\"><img loading=\"lazy\" decoding=\"async\" src=\"https:\/\/guillemcalatrava.com\/wp-content\/plugins\/justified-image-grid\/timthumb.php?src=https%3A%2F%2Fguillemcalatrava.com%2Fwp-content%2Fgallery%2Finterior%2FMasia-Cal-Ros_007.jpg&amp;h=280&amp;q=90&amp;f=.jpg\" alt=\"Fotografies de la Masia Cal Ros per a la seva web\" width=\"420\" height=\"280\" \/><\/a><p class=\"jig-HTMLdescription\">Fotografies de la Masia Cal Ros per a la seva web<\/p><\/li><li><a href=\"https:\/\/guillemcalatrava.com\/wp-content\/gallery\/interior\/hand-therapy-bcn-interior_002.jpg\"><img loading=\"lazy\" decoding=\"async\" src=\"https:\/\/guillemcalatrava.com\/wp-content\/plugins\/justified-image-grid\/timthumb.php?src=https%3A%2F%2Fguillemcalatrava.com%2Fwp-content%2Fgallery%2Finterior%2Fhand-therapy-bcn-interior_002.jpg&amp;h=280&amp;q=90&amp;f=.jpg\" alt=\"Despatx de fisioterapia Hand Therapy BCN\" width=\"420\" height=\"280\" \/><\/a><p class=\"jig-HTMLdescription\">Despatx de fisioterapia Hand Therapy BCN<\/p><\/li><li><a href=\"https:\/\/guillemcalatrava.com\/wp-content\/gallery\/interior\/BBraun_003.jpg\" title=\"BBraun_003\"><img loading=\"lazy\" decoding=\"async\" src=\"https:\/\/guillemcalatrava.com\/wp-content\/plugins\/justified-image-grid\/timthumb.php?src=https%3A%2F%2Fguillemcalatrava.com%2Fwp-content%2Fgallery%2Finterior%2FBBraun_003.jpg&amp;h=280&amp;q=90&amp;f=.jpg\" alt=\"Fotografies de les oficines BBraun il\u00b7luminades per Deltalight\" width=\"419\" height=\"280\" \/><\/a><p class=\"jig-HTMLdescription\">Fotografies de les oficines BBraun il\u00b7luminades per Deltalight<br\/>BBraun_003<\/p><\/li><li><a href=\"https:\/\/guillemcalatrava.com\/wp-content\/gallery\/interior\/Masia-Cal-Ros_006.jpg\"><img loading=\"lazy\" decoding=\"async\" src=\"https:\/\/guillemcalatrava.com\/wp-content\/plugins\/justified-image-grid\/timthumb.php?src=https%3A%2F%2Fguillemcalatrava.com%2Fwp-content%2Fgallery%2Finterior%2FMasia-Cal-Ros_006.jpg&amp;h=280&amp;q=90&amp;f=.jpg\" alt=\"Fotografies de la Masia Cal Ros per a la seva web\" width=\"420\" height=\"280\" \/><\/a><p class=\"jig-HTMLdescription\">Fotografies de la Masia Cal Ros per a la seva web<\/p><\/li><li><a href=\"https:\/\/guillemcalatrava.com\/wp-content\/gallery\/interior\/BBraun_006.jpg\" title=\"BBraun_006\"><img loading=\"lazy\" decoding=\"async\" src=\"https:\/\/guillemcalatrava.com\/wp-content\/plugins\/justified-image-grid\/timthumb.php?src=https%3A%2F%2Fguillemcalatrava.com%2Fwp-content%2Fgallery%2Finterior%2FBBraun_006.jpg&amp;h=280&amp;q=90&amp;f=.jpg\" alt=\"Fotografies de les oficines BBraun il\u00b7luminades per Deltalight\" width=\"420\" height=\"280\" \/><\/a><p class=\"jig-HTMLdescription\">Fotografies de les oficines BBraun il\u00b7luminades per Deltalight<br\/>BBraun_006<\/p><\/li><li><a href=\"https:\/\/guillemcalatrava.com\/wp-content\/gallery\/interior\/Masia-Cal-Ros_002.jpg\"><img loading=\"lazy\" decoding=\"async\" src=\"https:\/\/guillemcalatrava.com\/wp-content\/plugins\/justified-image-grid\/timthumb.php?src=https%3A%2F%2Fguillemcalatrava.com%2Fwp-content%2Fgallery%2Finterior%2FMasia-Cal-Ros_002.jpg&amp;h=280&amp;q=90&amp;f=.jpg\" alt=\"Fotografies de la Masia Cal Ros per a la seva web\" width=\"420\" height=\"280\" \/><\/a><p class=\"jig-HTMLdescription\">Fotografies de la Masia Cal Ros per a la seva web<\/p><\/li><li><a href=\"https:\/\/guillemcalatrava.com\/wp-content\/gallery\/interior\/Finques-Carbonell_004.jpg\"><img loading=\"lazy\" decoding=\"async\" src=\"https:\/\/guillemcalatrava.com\/wp-content\/plugins\/justified-image-grid\/timthumb.php?src=https%3A%2F%2Fguillemcalatrava.com%2Fwp-content%2Fgallery%2Finterior%2FFinques-Carbonell_004.jpg&amp;h=280&amp;q=90&amp;f=.jpg\" alt=\"Fotografies de les oficines de Finques Carbonell per a la seva web\" width=\"420\" height=\"280\" \/><\/a><p class=\"jig-HTMLdescription\">Fotografies de les oficines de Finques Carbonell per a la seva web<\/p><\/li><li><a href=\"https:\/\/guillemcalatrava.com\/wp-content\/gallery\/interior\/hand-therapy-bcn-interior_003.jpg\"><img loading=\"lazy\" decoding=\"async\" src=\"https:\/\/guillemcalatrava.com\/wp-content\/plugins\/justified-image-grid\/timthumb.php?src=https%3A%2F%2Fguillemcalatrava.com%2Fwp-content%2Fgallery%2Finterior%2Fhand-therapy-bcn-interior_003.jpg&amp;h=280&amp;q=90&amp;f=.jpg\" alt=\"Despatx de fisioterapia Hand Therapy BCN\" width=\"420\" height=\"280\" \/><\/a><p class=\"jig-HTMLdescription\">Despatx de fisioterapia Hand Therapy BCN<\/p><\/li><li><a href=\"https:\/\/guillemcalatrava.com\/wp-content\/gallery\/interior\/Masia-Cal-Ros_009.jpg\"><img loading=\"lazy\" decoding=\"async\" src=\"https:\/\/guillemcalatrava.com\/wp-content\/plugins\/justified-image-grid\/timthumb.php?src=https%3A%2F%2Fguillemcalatrava.com%2Fwp-content%2Fgallery%2Finterior%2FMasia-Cal-Ros_009.jpg&amp;h=280&amp;q=90&amp;f=.jpg\" alt=\"Fotografies de la Masia Cal Ros per a la seva web\" width=\"420\" height=\"280\" \/><\/a><p class=\"jig-HTMLdescription\">Fotografies de la Masia Cal Ros per a la seva web<\/p><\/li><li><a href=\"https:\/\/guillemcalatrava.com\/wp-content\/gallery\/interior\/Masia-Cal-Ros_001.jpg\"><img loading=\"lazy\" decoding=\"async\" src=\"https:\/\/guillemcalatrava.com\/wp-content\/plugins\/justified-image-grid\/timthumb.php?src=https%3A%2F%2Fguillemcalatrava.com%2Fwp-content%2Fgallery%2Finterior%2FMasia-Cal-Ros_001.jpg&amp;h=280&amp;q=90&amp;f=.jpg\" alt=\"Fotografies de la Masia Cal Ros per a la seva web\" width=\"420\" height=\"280\" \/><\/a><p class=\"jig-HTMLdescription\">Fotografies de la Masia Cal Ros per a la seva web<\/p><\/li><li><a href=\"https:\/\/guillemcalatrava.com\/wp-content\/gallery\/interior\/Finques-Carbonell_009.jpg\"><img loading=\"lazy\" decoding=\"async\" src=\"https:\/\/guillemcalatrava.com\/wp-content\/plugins\/justified-image-grid\/timthumb.php?src=https%3A%2F%2Fguillemcalatrava.com%2Fwp-content%2Fgallery%2Finterior%2FFinques-Carbonell_009.jpg&amp;h=280&amp;q=90&amp;f=.jpg\" alt=\"Fotografies de les oficines de Finques Carbonell per a la seva web\" width=\"420\" height=\"280\" \/><\/a><p class=\"jig-HTMLdescription\">Fotografies de les oficines de Finques Carbonell per a la seva web<\/p><\/li><li><a href=\"https:\/\/guillemcalatrava.com\/wp-content\/gallery\/interior\/hand-therapy-bcn-interior_005.jpg\"><img loading=\"lazy\" decoding=\"async\" src=\"https:\/\/guillemcalatrava.com\/wp-content\/plugins\/justified-image-grid\/timthumb.php?src=https%3A%2F%2Fguillemcalatrava.com%2Fwp-content%2Fgallery%2Finterior%2Fhand-therapy-bcn-interior_005.jpg&amp;h=280&amp;q=90&amp;f=.jpg\" alt=\"Despatx de fisioterapia Hand Therapy BCN\" width=\"420\" height=\"280\" \/><\/a><p class=\"jig-HTMLdescription\">Despatx de fisioterapia Hand Therapy BCN<\/p><\/li><li><a href=\"https:\/\/guillemcalatrava.com\/wp-content\/gallery\/interior\/Finques-Carbonell_006.jpg\"><img loading=\"lazy\" decoding=\"async\" src=\"https:\/\/guillemcalatrava.com\/wp-content\/plugins\/justified-image-grid\/timthumb.php?src=https%3A%2F%2Fguillemcalatrava.com%2Fwp-content%2Fgallery%2Finterior%2FFinques-Carbonell_006.jpg&amp;h=280&amp;q=90&amp;f=.jpg\" alt=\"Fotografies de les oficines de Finques Carbonell per a la seva web\" width=\"420\" height=\"280\" \/><\/a><p class=\"jig-HTMLdescription\">Fotografies de les oficines de Finques Carbonell per a la seva web<\/p><\/li><li><a href=\"https:\/\/guillemcalatrava.com\/wp-content\/gallery\/interior\/Finques-Carbonell_005.jpg\"><img loading=\"lazy\" decoding=\"async\" src=\"https:\/\/guillemcalatrava.com\/wp-content\/plugins\/justified-image-grid\/timthumb.php?src=https%3A%2F%2Fguillemcalatrava.com%2Fwp-content%2Fgallery%2Finterior%2FFinques-Carbonell_005.jpg&amp;h=280&amp;q=90&amp;f=.jpg\" alt=\"Fotografies de les oficines de Finques Carbonell per a la seva web\" width=\"420\" height=\"280\" \/><\/a><p class=\"jig-HTMLdescription\">Fotografies de les oficines de Finques Carbonell per a la seva web<\/p><\/li><li><a href=\"https:\/\/guillemcalatrava.com\/wp-content\/gallery\/interior\/BBraun_004.jpg\" title=\"BBraun_004\"><img loading=\"lazy\" decoding=\"async\" src=\"https:\/\/guillemcalatrava.com\/wp-content\/plugins\/justified-image-grid\/timthumb.php?src=https%3A%2F%2Fguillemcalatrava.com%2Fwp-content%2Fgallery%2Finterior%2FBBraun_004.jpg&amp;h=280&amp;q=90&amp;f=.jpg\" alt=\"Fotografies de les oficines BBraun il\u00b7luminades per Deltalight\" width=\"420\" height=\"280\" \/><\/a><p class=\"jig-HTMLdescription\">Fotografies de les oficines BBraun il\u00b7luminades per Deltalight<br\/>BBraun_004<\/p><\/li><li><a href=\"https:\/\/guillemcalatrava.com\/wp-content\/gallery\/interior\/BBraun_007.jpg\" title=\"BBraun_007\"><img loading=\"lazy\" decoding=\"async\" src=\"https:\/\/guillemcalatrava.com\/wp-content\/plugins\/justified-image-grid\/timthumb.php?src=https%3A%2F%2Fguillemcalatrava.com%2Fwp-content%2Fgallery%2Finterior%2FBBraun_007.jpg&amp;h=280&amp;q=90&amp;f=.jpg\" alt=\"Fotografies de les oficines BBraun il\u00b7luminades per Deltalight\" width=\"417\" height=\"280\" \/><\/a><p class=\"jig-HTMLdescription\">Fotografies de les oficines BBraun il\u00b7luminades per Deltalight<br\/>BBraun_007<\/p><\/li><li><a href=\"https:\/\/guillemcalatrava.com\/wp-content\/gallery\/interior\/Finques-Carbonell_008.jpg\"><img loading=\"lazy\" decoding=\"async\" src=\"https:\/\/guillemcalatrava.com\/wp-content\/plugins\/justified-image-grid\/timthumb.php?src=https%3A%2F%2Fguillemcalatrava.com%2Fwp-content%2Fgallery%2Finterior%2FFinques-Carbonell_008.jpg&amp;h=280&amp;q=90&amp;f=.jpg\" alt=\"Fotografies de les oficines de Finques Carbonell per a la seva web\" width=\"420\" height=\"280\" \/><\/a><p class=\"jig-HTMLdescription\">Fotografies de les oficines de Finques Carbonell per a la seva web<\/p><\/li><li><a href=\"https:\/\/guillemcalatrava.com\/wp-content\/gallery\/interior\/hand-therapy-bcn-interior_007.jpg\"><img loading=\"lazy\" decoding=\"async\" src=\"https:\/\/guillemcalatrava.com\/wp-content\/plugins\/justified-image-grid\/timthumb.php?src=https%3A%2F%2Fguillemcalatrava.com%2Fwp-content%2Fgallery%2Finterior%2Fhand-therapy-bcn-interior_007.jpg&amp;h=280&amp;q=90&amp;f=.jpg\" alt=\"Despatx de fisioterapia Hand Therapy BCN\" width=\"420\" height=\"280\" \/><\/a><p class=\"jig-HTMLdescription\">Despatx de fisioterapia Hand Therapy BCN<\/p><\/li><li><a href=\"https:\/\/guillemcalatrava.com\/wp-content\/gallery\/interior\/Finques-Carbonell_002.jpg\"><img loading=\"lazy\" decoding=\"async\" src=\"https:\/\/guillemcalatrava.com\/wp-content\/plugins\/justified-image-grid\/timthumb.php?src=https%3A%2F%2Fguillemcalatrava.com%2Fwp-content%2Fgallery%2Finterior%2FFinques-Carbonell_002.jpg&amp;h=280&amp;q=90&amp;f=.jpg\" alt=\"Fotografies de les oficines de Finques Carbonell per a la seva web\" width=\"420\" height=\"280\" \/><\/a><p class=\"jig-HTMLdescription\">Fotografies de les oficines de Finques Carbonell per a la seva web<\/p><\/li><li><a href=\"https:\/\/guillemcalatrava.com\/wp-content\/gallery\/interior\/BBraun_005.jpg\" title=\"BBraun_005\"><img loading=\"lazy\" decoding=\"async\" src=\"https:\/\/guillemcalatrava.com\/wp-content\/plugins\/justified-image-grid\/timthumb.php?src=https%3A%2F%2Fguillemcalatrava.com%2Fwp-content%2Fgallery%2Finterior%2FBBraun_005.jpg&amp;h=280&amp;q=90&amp;f=.jpg\" alt=\"Fotografies de les oficines BBraun il\u00b7luminades per Deltalight\" width=\"420\" height=\"280\" \/><\/a><p class=\"jig-HTMLdescription\">Fotografies de les oficines BBraun il\u00b7luminades per Deltalight<br\/>BBraun_005<\/p><\/li><li><a href=\"https:\/\/guillemcalatrava.com\/wp-content\/gallery\/interior\/hand-therapy-bcn-interior_004.jpg\"><img loading=\"lazy\" decoding=\"async\" src=\"https:\/\/guillemcalatrava.com\/wp-content\/plugins\/justified-image-grid\/timthumb.php?src=https%3A%2F%2Fguillemcalatrava.com%2Fwp-content%2Fgallery%2Finterior%2Fhand-therapy-bcn-interior_004.jpg&amp;h=280&amp;q=90&amp;f=.jpg\" alt=\"Despatx de fisioterapia Hand Therapy BCN\" width=\"420\" height=\"280\" \/><\/a><p class=\"jig-HTMLdescription\">Despatx de fisioterapia Hand Therapy BCN<\/p><\/li><li><a href=\"https:\/\/guillemcalatrava.com\/wp-content\/gallery\/interior\/Masia-Cal-Ros_005.jpg\"><img loading=\"lazy\" decoding=\"async\" src=\"https:\/\/guillemcalatrava.com\/wp-content\/plugins\/justified-image-grid\/timthumb.php?src=https%3A%2F%2Fguillemcalatrava.com%2Fwp-content%2Fgallery%2Finterior%2FMasia-Cal-Ros_005.jpg&amp;h=280&amp;q=90&amp;f=.jpg\" alt=\"Fotografies de la Masia Cal Ros per a la seva web\" width=\"420\" height=\"280\" \/><\/a><p class=\"jig-HTMLdescription\">Fotografies de la Masia Cal Ros per a la seva web<\/p><\/li><li><a href=\"https:\/\/guillemcalatrava.com\/wp-content\/gallery\/interior\/Finques-Carbonell_001.jpg\"><img loading=\"lazy\" decoding=\"async\" src=\"https:\/\/guillemcalatrava.com\/wp-content\/plugins\/justified-image-grid\/timthumb.php?src=https%3A%2F%2Fguillemcalatrava.com%2Fwp-content%2Fgallery%2Finterior%2FFinques-Carbonell_001.jpg&amp;h=280&amp;q=90&amp;f=.jpg\" alt=\"Fotografies de les oficines de Finques Carbonell per a la seva web\" width=\"420\" height=\"280\" \/><\/a><p class=\"jig-HTMLdescription\">Fotografies de les oficines de Finques Carbonell per a la seva web<\/p><\/li><li><a href=\"https:\/\/guillemcalatrava.com\/wp-content\/gallery\/interior\/Finques-Carbonell_003.jpg\"><img loading=\"lazy\" decoding=\"async\" src=\"https:\/\/guillemcalatrava.com\/wp-content\/plugins\/justified-image-grid\/timthumb.php?src=https%3A%2F%2Fguillemcalatrava.com%2Fwp-content%2Fgallery%2Finterior%2FFinques-Carbonell_003.jpg&amp;h=280&amp;q=90&amp;f=.jpg\" alt=\"Fotografies de les oficines de Finques Carbonell per a la seva web\" width=\"420\" height=\"280\" \/><\/a><p class=\"jig-HTMLdescription\">Fotografies de les oficines de Finques Carbonell per a la seva web<\/p><\/li><li><a href=\"https:\/\/guillemcalatrava.com\/wp-content\/gallery\/interior\/Masia-Cal-Ros_004.jpg\"><img loading=\"lazy\" decoding=\"async\" src=\"https:\/\/guillemcalatrava.com\/wp-content\/plugins\/justified-image-grid\/timthumb.php?src=https%3A%2F%2Fguillemcalatrava.com%2Fwp-content%2Fgallery%2Finterior%2FMasia-Cal-Ros_004.jpg&amp;h=280&amp;q=90&amp;f=.jpg\" alt=\"Fotografies de la Masia Cal Ros per a la seva web\" width=\"420\" height=\"280\" \/><\/a><p class=\"jig-HTMLdescription\">Fotografies de la Masia Cal Ros per a la seva web<\/p><\/li><\/ul><\/noscript><\/div>\n<p>[\/et_pb_text][\/et_pb_column][\/et_pb_row][et_pb_row admin_label=&#8221;Market Information Title Area&#8221; _builder_version=&#8221;4.16&#8243; max_width=&#8221;2560px&#8221; custom_padding=&#8221;40px|0px|40px|0px&#8221; global_colors_info=&#8221;{}&#8221;][et_pb_column type=&#8221;4_4&#8243; _builder_version=&#8221;4.16&#8243; custom_padding=&#8221;|||&#8221; global_colors_info=&#8221;{}&#8221; custom_padding__hover=&#8221;|||&#8221;][et_pb_text admin_label=&#8221;Title&#8221; _builder_version=&#8221;4.19.4&#8243; text_font=&#8221;||||||||&#8221; header_font=&#8221;||||||||&#8221; header_2_font=&#8221;Lato||||||||&#8221; header_2_font_size=&#8221;36px&#8221; header_2_line_height=&#8221;1.5em&#8221; custom_padding=&#8221;|||&#8221; animation_direction=&#8221;left&#8221; global_colors_info=&#8221;{}&#8221;]<\/p>\n<h2>Fotografia de retrats corporatius<\/h2>\n<p>[\/et_pb_text][et_pb_text _builder_version=&#8221;4.19.4&#8243; text_font=&#8221;||||||||&#8221; text_font_size=&#8221;16px&#8221; text_line_height=&#8221;1.8em&#8221; header_font=&#8221;||||||||&#8221; animation_style=&#8221;flip&#8221; animation_direction=&#8221;left&#8221; animation_intensity_flip=&#8221;20%&#8221; animation_starting_opacity=&#8221;100%&#8221; global_colors_info=&#8221;{}&#8221;]<\/p>\n<p>Dins de la fotografia corporativa, els retrats s\u00f3n una forma important de representaci\u00f3 visual d&#8217;una empresa. Aquests retrats es poden utilitzar en contextos professionals, com en p\u00e0gines web, fullets publicitaris i perfils de xarxes socials com Linkedin, i tenen com a objectiu presentar una imatge professional i de confian\u00e7a.<\/p>\n<p>\u00c9s important que m&#8217;expliqueu el context en qu\u00e8 s&#8217;utilitzar\u00e0 la foto, aix\u00ed com la imatge que l&#8217;empresa o individu vol projectar.<\/p>\n<p>El quadre i la composici\u00f3 s\u00f3n factors clau en la fotografia de retrats corporatius. A m\u00e9s de la t\u00e8cnica fotogr\u00e0fica, tamb\u00e9 \u00e9s important considerar la edici\u00f3 de la imatge. Aix\u00f2 inclou petits retocs, ajustos de color i correcci\u00f3 d&#8217;ombres i llums. La edici\u00f3 pot millorar la qualitat de la imatge i ajudar a destacar les caracter\u00edstiques m\u00e9s positives del subjecte.<\/p>\n<p>[\/et_pb_text][et_pb_text _builder_version=&#8221;4.19.4&#8243; _module_preset=&#8221;default&#8221; global_colors_info=&#8221;{}&#8221;]<\/p>\n<div id=\"jig2\" class=\"justified-image-grid jig-84bbc21689b3e993a356fb688aa62467 jig-preset-global jig-source-nextgen\"><div class=\"jig-clearfix\"><\/div><noscript id=\"jig2-html\" class=\"justified-image-grid-html\" data-lazy-src=\"skiplazyload\" data-src=\"skipunveillazyload\"><ul><li><a href=\"https:\/\/guillemcalatrava.com\/wp-content\/gallery\/portrait\/nextdoor-retratos_002.jpg\"><img loading=\"lazy\" decoding=\"async\" src=\"https:\/\/guillemcalatrava.com\/wp-content\/plugins\/justified-image-grid\/timthumb.php?src=https%3A%2F%2Fguillemcalatrava.com%2Fwp-content%2Fgallery%2Fportrait%2Fnextdoor-retratos_002.jpg&amp;h=280&amp;q=90&amp;f=.jpg\" alt=\"Sessi\u00f3 de retrats a Sarah Friar, CEO de Nextdoor\" width=\"186\" height=\"280\" \/><\/a><p class=\"jig-HTMLdescription\">Sessi\u00f3 de retrats a Sarah Friar, CEO de Nextdoor<\/p><\/li><li><a href=\"https:\/\/guillemcalatrava.com\/wp-content\/gallery\/portrait\/Robotics_007.jpg\" title=\"Robotics_007\"><img loading=\"lazy\" decoding=\"async\" src=\"https:\/\/guillemcalatrava.com\/wp-content\/plugins\/justified-image-grid\/timthumb.php?src=https%3A%2F%2Fguillemcalatrava.com%2Fwp-content%2Fgallery%2Fportrait%2FRobotics_007.jpg&amp;h=280&amp;q=90&amp;f=.jpg\" alt=\"Fotografies corporatives per l&#039;empresa Robotics\" width=\"420\" height=\"280\" \/><\/a><p class=\"jig-HTMLdescription\">Fotografies corporatives per l'empresa Robotics<br\/>Robotics_007<\/p><\/li><li><a href=\"https:\/\/guillemcalatrava.com\/wp-content\/gallery\/portrait\/Raypa_074.jpg\" title=\"Raypa_074\"><img loading=\"lazy\" decoding=\"async\" src=\"https:\/\/guillemcalatrava.com\/wp-content\/plugins\/justified-image-grid\/timthumb.php?src=https%3A%2F%2Fguillemcalatrava.com%2Fwp-content%2Fgallery%2Fportrait%2FRaypa_074.jpg&amp;h=280&amp;q=90&amp;f=.jpg\" alt=\"Retrats corporatius per a l&#039;empresa Raypa de Terrassa\" width=\"420\" height=\"280\" \/><\/a><p class=\"jig-HTMLdescription\">Retrats corporatius per a l'empresa Raypa de Terrassa<br\/>Raypa_074<\/p><\/li><li><a href=\"https:\/\/guillemcalatrava.com\/wp-content\/gallery\/portrait\/Dynatrace-retratos_006.jpg\"><img loading=\"lazy\" decoding=\"async\" src=\"https:\/\/guillemcalatrava.com\/wp-content\/plugins\/justified-image-grid\/timthumb.php?src=https%3A%2F%2Fguillemcalatrava.com%2Fwp-content%2Fgallery%2Fportrait%2FDynatrace-retratos_006.jpg&amp;h=280&amp;q=90&amp;f=.jpg\" alt=\"Retrats corporatius divertits a empleats de Dynatrace Barcelona\" width=\"280\" height=\"280\" \/><\/a><p class=\"jig-HTMLdescription\">Retrats corporatius divertits a empleats de Dynatrace Barcelona<\/p><\/li><li><a href=\"https:\/\/guillemcalatrava.com\/wp-content\/gallery\/portrait\/Robotics_006.jpg\" title=\"Robotics_006\"><img loading=\"lazy\" decoding=\"async\" src=\"https:\/\/guillemcalatrava.com\/wp-content\/plugins\/justified-image-grid\/timthumb.php?src=https%3A%2F%2Fguillemcalatrava.com%2Fwp-content%2Fgallery%2Fportrait%2FRobotics_006.jpg&amp;h=280&amp;q=90&amp;f=.jpg\" alt=\"Fotografies corporatives per l&#039;empresa Robotics\" width=\"420\" height=\"280\" \/><\/a><p class=\"jig-HTMLdescription\">Fotografies corporatives per l'empresa Robotics<br\/>Robotics_006<\/p><\/li><li><a href=\"https:\/\/guillemcalatrava.com\/wp-content\/gallery\/portrait\/nextdoor-retratos_003.jpg\"><img loading=\"lazy\" decoding=\"async\" src=\"https:\/\/guillemcalatrava.com\/wp-content\/plugins\/justified-image-grid\/timthumb.php?src=https%3A%2F%2Fguillemcalatrava.com%2Fwp-content%2Fgallery%2Fportrait%2Fnextdoor-retratos_003.jpg&amp;h=280&amp;q=90&amp;f=.jpg\" alt=\"Sessi\u00f3 de retrats a Joana Caminal, responsable de Nextdoor a Espanya\" width=\"186\" height=\"280\" \/><\/a><p class=\"jig-HTMLdescription\">Sessi\u00f3 de retrats a Joana Caminal, responsable de Nextdoor a Espanya<\/p><\/li><li><a href=\"https:\/\/guillemcalatrava.com\/wp-content\/gallery\/portrait\/Clinica-Ribe_001.jpg\"><img loading=\"lazy\" decoding=\"async\" src=\"https:\/\/guillemcalatrava.com\/wp-content\/plugins\/justified-image-grid\/timthumb.php?src=https%3A%2F%2Fguillemcalatrava.com%2Fwp-content%2Fgallery%2Fportrait%2FClinica-Ribe_001.jpg&amp;h=280&amp;q=90&amp;f=.jpg\" alt=\"Fotografies corporatives a Dra. Adriana Rib\u00e9 de Rib\u00e9 Clinic\" width=\"186\" height=\"280\" \/><\/a><p class=\"jig-HTMLdescription\">Fotografies corporatives a Dra. Adriana Rib\u00e9 de Rib\u00e9 Clinic<\/p><\/li><li><a href=\"https:\/\/guillemcalatrava.com\/wp-content\/gallery\/portrait\/RAYPA_107.jpg\" title=\"RAYPA_107\"><img loading=\"lazy\" decoding=\"async\" src=\"https:\/\/guillemcalatrava.com\/wp-content\/plugins\/justified-image-grid\/timthumb.php?src=https%3A%2F%2Fguillemcalatrava.com%2Fwp-content%2Fgallery%2Fportrait%2FRAYPA_107.jpg&amp;h=280&amp;q=90&amp;f=.jpg\" alt=\"Retrats corporatius en situaci\u00f3 per a l&#039;empresa Raypa de Terrassa\" width=\"420\" height=\"280\" \/><\/a><p class=\"jig-HTMLdescription\">Retrats corporatius en situaci\u00f3 per a l'empresa Raypa de Terrassa<br\/>RAYPA_107<\/p><\/li><li><a href=\"https:\/\/guillemcalatrava.com\/wp-content\/gallery\/portrait\/Ofertia_001.jpg\" title=\"Ofertia_001\"><img loading=\"lazy\" decoding=\"async\" src=\"https:\/\/guillemcalatrava.com\/wp-content\/plugins\/justified-image-grid\/timthumb.php?src=https%3A%2F%2Fguillemcalatrava.com%2Fwp-content%2Fgallery%2Fportrait%2FOfertia_001.jpg&amp;h=280&amp;q=90&amp;f=.jpg\" alt=\"Sessi\u00f3 de fotografies corporatives a Jaume Betrian i Thomas Roggendorf, fundadors d&#039;Ofertia\" width=\"420\" height=\"280\" \/><\/a><p class=\"jig-HTMLdescription\">Sessi\u00f3 de fotografies corporatives a Jaume Betrian i Thomas Roggendorf, fundadors d'Ofertia<br\/>Ofertia_001<\/p><\/li><li><a href=\"https:\/\/guillemcalatrava.com\/wp-content\/gallery\/portrait\/nextdoor-retratos_005.jpg\"><img loading=\"lazy\" decoding=\"async\" src=\"https:\/\/guillemcalatrava.com\/wp-content\/plugins\/justified-image-grid\/timthumb.php?src=https%3A%2F%2Fguillemcalatrava.com%2Fwp-content%2Fgallery%2Fportrait%2Fnextdoor-retratos_005.jpg&amp;h=280&amp;q=90&amp;f=.jpg\" alt=\"Sessi\u00f3 de retrats a Sarah Friar (CEO de Nextdoor) i Joana Caminal (responsable de Nextdoor a Espanya)\" width=\"186\" height=\"280\" \/><\/a><p class=\"jig-HTMLdescription\">Sessi\u00f3 de retrats a Sarah Friar (CEO de Nextdoor) i Joana Caminal (responsable de Nextdoor a Espanya)<\/p><\/li><li><a href=\"https:\/\/guillemcalatrava.com\/wp-content\/gallery\/portrait\/Clinica-Ribe_003.jpg\"><img loading=\"lazy\" decoding=\"async\" src=\"https:\/\/guillemcalatrava.com\/wp-content\/plugins\/justified-image-grid\/timthumb.php?src=https%3A%2F%2Fguillemcalatrava.com%2Fwp-content%2Fgallery%2Fportrait%2FClinica-Ribe_003.jpg&amp;h=280&amp;q=90&amp;f=.jpg\" alt=\"Fotografies corporatives a Dra. Adriana Rib\u00e9 de Rib\u00e9 Clinic\" width=\"420\" height=\"280\" \/><\/a><p class=\"jig-HTMLdescription\">Fotografies corporatives a Dra. Adriana Rib\u00e9 de Rib\u00e9 Clinic<\/p><\/li><li><a href=\"https:\/\/guillemcalatrava.com\/wp-content\/gallery\/portrait\/Prologis_007.jpg\" title=\"Prologis_007\"><img loading=\"lazy\" decoding=\"async\" src=\"https:\/\/guillemcalatrava.com\/wp-content\/plugins\/justified-image-grid\/timthumb.php?src=https%3A%2F%2Fguillemcalatrava.com%2Fwp-content%2Fgallery%2Fportrait%2FPrologis_007.jpg&amp;h=280&amp;q=90&amp;f=.jpg\" alt=\"Fotografies corporatives per l&#039;empresa Prologis\" width=\"420\" height=\"280\" \/><\/a><p class=\"jig-HTMLdescription\">Fotografies corporatives per l'empresa Prologis<br\/>Prologis_007<\/p><\/li><li><a href=\"https:\/\/guillemcalatrava.com\/wp-content\/gallery\/portrait\/Raypa_057.jpg\" title=\"Raypa_057\"><img loading=\"lazy\" decoding=\"async\" src=\"https:\/\/guillemcalatrava.com\/wp-content\/plugins\/justified-image-grid\/timthumb.php?src=https%3A%2F%2Fguillemcalatrava.com%2Fwp-content%2Fgallery%2Fportrait%2FRaypa_057.jpg&amp;h=280&amp;q=90&amp;f=.jpg\" alt=\"Retrats corporatius per a l&#039;empresa Raypa de Terrassa\" width=\"420\" height=\"280\" \/><\/a><p class=\"jig-HTMLdescription\">Retrats corporatius per a l'empresa Raypa de Terrassa<br\/>Raypa_057<\/p><\/li><li><a href=\"https:\/\/guillemcalatrava.com\/wp-content\/gallery\/portrait\/RAYPA_084.jpg\" title=\"RAYPA_084\"><img loading=\"lazy\" decoding=\"async\" src=\"https:\/\/guillemcalatrava.com\/wp-content\/plugins\/justified-image-grid\/timthumb.php?src=https%3A%2F%2Fguillemcalatrava.com%2Fwp-content%2Fgallery%2Fportrait%2FRAYPA_084.jpg&amp;h=280&amp;q=90&amp;f=.jpg\" alt=\"Retrats corporatius en situaci\u00f3 per a l&#039;empresa Raypa de Terrassa\" width=\"420\" height=\"280\" \/><\/a><p class=\"jig-HTMLdescription\">Retrats corporatius en situaci\u00f3 per a l'empresa Raypa de Terrassa<br\/>RAYPA_084<\/p><\/li><li><a href=\"https:\/\/guillemcalatrava.com\/wp-content\/gallery\/portrait\/RAYPA_134.jpg\" title=\"RAYPA_134\"><img loading=\"lazy\" decoding=\"async\" src=\"https:\/\/guillemcalatrava.com\/wp-content\/plugins\/justified-image-grid\/timthumb.php?src=https%3A%2F%2Fguillemcalatrava.com%2Fwp-content%2Fgallery%2Fportrait%2FRAYPA_134.jpg&amp;h=280&amp;q=90&amp;f=.jpg\" alt=\"Retrats corporatius en situaci\u00f3 per a l&#039;empresa Raypa de Terrassa\" width=\"420\" height=\"280\" \/><\/a><p class=\"jig-HTMLdescription\">Retrats corporatius en situaci\u00f3 per a l'empresa Raypa de Terrassa<br\/>RAYPA_134<\/p><\/li><li><a href=\"https:\/\/guillemcalatrava.com\/wp-content\/gallery\/portrait\/RAYPA_142.jpg\" title=\"RAYPA_142\"><img loading=\"lazy\" decoding=\"async\" src=\"https:\/\/guillemcalatrava.com\/wp-content\/plugins\/justified-image-grid\/timthumb.php?src=https%3A%2F%2Fguillemcalatrava.com%2Fwp-content%2Fgallery%2Fportrait%2FRAYPA_142.jpg&amp;h=280&amp;q=90&amp;f=.jpg\" alt=\"Retrats corporatius en situaci\u00f3 per a l&#039;empresa Raypa de Terrassa\" width=\"420\" height=\"280\" \/><\/a><p class=\"jig-HTMLdescription\">Retrats corporatius en situaci\u00f3 per a l'empresa Raypa de Terrassa<br\/>RAYPA_142<\/p><\/li><li><a href=\"https:\/\/guillemcalatrava.com\/wp-content\/gallery\/portrait\/Prologis_008.jpg\" title=\"Prologis_008\"><img loading=\"lazy\" decoding=\"async\" src=\"https:\/\/guillemcalatrava.com\/wp-content\/plugins\/justified-image-grid\/timthumb.php?src=https%3A%2F%2Fguillemcalatrava.com%2Fwp-content%2Fgallery%2Fportrait%2FPrologis_008.jpg&amp;h=280&amp;q=90&amp;f=.jpg\" alt=\"Fotografies corporatives per l&#039;empresa Prologis\" width=\"420\" height=\"280\" \/><\/a><p class=\"jig-HTMLdescription\">Fotografies corporatives per l'empresa Prologis<br\/>Prologis_008<\/p><\/li><li><a href=\"https:\/\/guillemcalatrava.com\/wp-content\/gallery\/portrait\/Eduard-Farga-Director-General-Seidor_004.jpg\"><img loading=\"lazy\" decoding=\"async\" src=\"https:\/\/guillemcalatrava.com\/wp-content\/plugins\/justified-image-grid\/timthumb.php?src=https%3A%2F%2Fguillemcalatrava.com%2Fwp-content%2Fgallery%2Fportrait%2FEduard-Farga-Director-General-Seidor_004.jpg&amp;h=280&amp;q=90&amp;f=.jpg\" alt=\"Fotografies corporatives a Eduard Farga, Director General de Seidor\" width=\"420\" height=\"280\" \/><\/a><p class=\"jig-HTMLdescription\">Fotografies corporatives a Eduard Farga, Director General de Seidor<\/p><\/li><li><a href=\"https:\/\/guillemcalatrava.com\/wp-content\/gallery\/portrait\/Robotics_008.jpg\" title=\"Robotics_008\"><img loading=\"lazy\" decoding=\"async\" src=\"https:\/\/guillemcalatrava.com\/wp-content\/plugins\/justified-image-grid\/timthumb.php?src=https%3A%2F%2Fguillemcalatrava.com%2Fwp-content%2Fgallery%2Fportrait%2FRobotics_008.jpg&amp;h=280&amp;q=90&amp;f=.jpg\" alt=\"Fotografies corporatives per l&#039;empresa Robotics\" width=\"420\" height=\"280\" \/><\/a><p class=\"jig-HTMLdescription\">Fotografies corporatives per l'empresa Robotics<br\/>Robotics_008<\/p><\/li><li><a href=\"https:\/\/guillemcalatrava.com\/wp-content\/gallery\/portrait\/Eduard-Farga-Director-General-Seidor_002.jpg\"><img loading=\"lazy\" decoding=\"async\" src=\"https:\/\/guillemcalatrava.com\/wp-content\/plugins\/justified-image-grid\/timthumb.php?src=https%3A%2F%2Fguillemcalatrava.com%2Fwp-content%2Fgallery%2Fportrait%2FEduard-Farga-Director-General-Seidor_002.jpg&amp;h=280&amp;q=90&amp;f=.jpg\" alt=\"Fotografies corporatives a Eduard Farga, Director General de Seidor\" width=\"420\" height=\"280\" \/><\/a><p class=\"jig-HTMLdescription\">Fotografies corporatives a Eduard Farga, Director General de Seidor<\/p><\/li><li><a href=\"https:\/\/guillemcalatrava.com\/wp-content\/gallery\/portrait\/bimanan_004.jpg\" title=\"bimanan_004\"><img loading=\"lazy\" decoding=\"async\" src=\"https:\/\/guillemcalatrava.com\/wp-content\/plugins\/justified-image-grid\/timthumb.php?src=https%3A%2F%2Fguillemcalatrava.com%2Fwp-content%2Fgallery%2Fportrait%2Fbimanan_004.jpg&amp;h=280&amp;q=90&amp;f=.jpg\" alt=\"Fotografies corporatives per biMan\u00e1n (Nutrition &amp; Sant\u00e9 Iberia SL)\" width=\"420\" height=\"280\" \/><\/a><p class=\"jig-HTMLdescription\">Fotografies corporatives per biMan\u00e1n (Nutrition & Sant\u00e9 Iberia SL)<br\/>bimanan_004<\/p><\/li><li><a href=\"https:\/\/guillemcalatrava.com\/wp-content\/gallery\/portrait\/RAYPA_151.jpg\" title=\"RAYPA_151\"><img loading=\"lazy\" decoding=\"async\" src=\"https:\/\/guillemcalatrava.com\/wp-content\/plugins\/justified-image-grid\/timthumb.php?src=https%3A%2F%2Fguillemcalatrava.com%2Fwp-content%2Fgallery%2Fportrait%2FRAYPA_151.jpg&amp;h=280&amp;q=90&amp;f=.jpg\" alt=\"Retrats corporatius en situaci\u00f3 per a l&#039;empresa Raypa de Terrassa\" width=\"420\" height=\"280\" \/><\/a><p class=\"jig-HTMLdescription\">Retrats corporatius en situaci\u00f3 per a l'empresa Raypa de Terrassa<br\/>RAYPA_151<\/p><\/li><li><a href=\"https:\/\/guillemcalatrava.com\/wp-content\/gallery\/portrait\/Dynatrace-retratos_002.jpg\"><img loading=\"lazy\" decoding=\"async\" src=\"https:\/\/guillemcalatrava.com\/wp-content\/plugins\/justified-image-grid\/timthumb.php?src=https%3A%2F%2Fguillemcalatrava.com%2Fwp-content%2Fgallery%2Fportrait%2FDynatrace-retratos_002.jpg&amp;h=280&amp;q=90&amp;f=.jpg\" alt=\"Retrats corporatius divertits a empleats de Dynatrace Barcelona\" width=\"280\" height=\"280\" \/><\/a><p class=\"jig-HTMLdescription\">Retrats corporatius divertits a empleats de Dynatrace Barcelona<\/p><\/li><li><a href=\"https:\/\/guillemcalatrava.com\/wp-content\/gallery\/portrait\/Dynatrace-retratos_008.jpg\"><img loading=\"lazy\" decoding=\"async\" src=\"https:\/\/guillemcalatrava.com\/wp-content\/plugins\/justified-image-grid\/timthumb.php?src=https%3A%2F%2Fguillemcalatrava.com%2Fwp-content%2Fgallery%2Fportrait%2FDynatrace-retratos_008.jpg&amp;h=280&amp;q=90&amp;f=.jpg\" alt=\"Retrats corporatius divertits a empleats de Dynatrace Barcelona\" width=\"280\" height=\"280\" \/><\/a><p class=\"jig-HTMLdescription\">Retrats corporatius divertits a empleats de Dynatrace Barcelona<\/p><\/li><li><a href=\"https:\/\/guillemcalatrava.com\/wp-content\/gallery\/portrait\/Eduard-Farga-Director-General-Seidor_003.jpg\"><img loading=\"lazy\" decoding=\"async\" src=\"https:\/\/guillemcalatrava.com\/wp-content\/plugins\/justified-image-grid\/timthumb.php?src=https%3A%2F%2Fguillemcalatrava.com%2Fwp-content%2Fgallery%2Fportrait%2FEduard-Farga-Director-General-Seidor_003.jpg&amp;h=280&amp;q=90&amp;f=.jpg\" alt=\"Fotografies corporatives a Eduard Farga, Director General de Seidor\" width=\"420\" height=\"280\" \/><\/a><p class=\"jig-HTMLdescription\">Fotografies corporatives a Eduard Farga, Director General de Seidor<\/p><\/li><li><a href=\"https:\/\/guillemcalatrava.com\/wp-content\/gallery\/portrait\/bimanan_003.jpg\" title=\"bimanan_003\"><img loading=\"lazy\" decoding=\"async\" src=\"https:\/\/guillemcalatrava.com\/wp-content\/plugins\/justified-image-grid\/timthumb.php?src=https%3A%2F%2Fguillemcalatrava.com%2Fwp-content%2Fgallery%2Fportrait%2Fbimanan_003.jpg&amp;h=280&amp;q=90&amp;f=.jpg\" alt=\"Fotografies corporatives per biMan\u00e1n (Nutrition &amp; Sant\u00e9 Iberia SL)\" width=\"420\" height=\"280\" \/><\/a><p class=\"jig-HTMLdescription\">Fotografies corporatives per biMan\u00e1n (Nutrition & Sant\u00e9 Iberia SL)<br\/>bimanan_003<\/p><\/li><li><a href=\"https:\/\/guillemcalatrava.com\/wp-content\/gallery\/portrait\/Raypa_079.jpg\" title=\"Raypa_079\"><img loading=\"lazy\" decoding=\"async\" src=\"https:\/\/guillemcalatrava.com\/wp-content\/plugins\/justified-image-grid\/timthumb.php?src=https%3A%2F%2Fguillemcalatrava.com%2Fwp-content%2Fgallery%2Fportrait%2FRaypa_079.jpg&amp;h=280&amp;q=90&amp;f=.jpg\" alt=\"Retrats corporatius per a l&#039;empresa Raypa de Terrassa\" width=\"420\" height=\"280\" \/><\/a><p class=\"jig-HTMLdescription\">Retrats corporatius per a l'empresa Raypa de Terrassa<br\/>Raypa_079<\/p><\/li><li><a href=\"https:\/\/guillemcalatrava.com\/wp-content\/gallery\/portrait\/Prologis_006.jpg\" title=\"Prologis_006\"><img loading=\"lazy\" decoding=\"async\" src=\"https:\/\/guillemcalatrava.com\/wp-content\/plugins\/justified-image-grid\/timthumb.php?src=https%3A%2F%2Fguillemcalatrava.com%2Fwp-content%2Fgallery%2Fportrait%2FPrologis_006.jpg&amp;h=280&amp;q=90&amp;f=.jpg\" alt=\"Fotografies corporatives per l&#039;empresa Prologis\" width=\"186\" height=\"280\" \/><\/a><p class=\"jig-HTMLdescription\">Fotografies corporatives per l'empresa Prologis<br\/>Prologis_006<\/p><\/li><li><a href=\"https:\/\/guillemcalatrava.com\/wp-content\/gallery\/portrait\/Dynatrace-retratos_001.jpg\"><img loading=\"lazy\" decoding=\"async\" src=\"https:\/\/guillemcalatrava.com\/wp-content\/plugins\/justified-image-grid\/timthumb.php?src=https%3A%2F%2Fguillemcalatrava.com%2Fwp-content%2Fgallery%2Fportrait%2FDynatrace-retratos_001.jpg&amp;h=280&amp;q=90&amp;f=.jpg\" alt=\"Retrats corporatius a empleats de Dynatrace Barcelona\" width=\"280\" height=\"280\" \/><\/a><p class=\"jig-HTMLdescription\">Retrats corporatius a empleats de Dynatrace Barcelona<\/p><\/li><li><a href=\"https:\/\/guillemcalatrava.com\/wp-content\/gallery\/portrait\/Clinica-Ribe_002.jpg\"><img loading=\"lazy\" decoding=\"async\" src=\"https:\/\/guillemcalatrava.com\/wp-content\/plugins\/justified-image-grid\/timthumb.php?src=https%3A%2F%2Fguillemcalatrava.com%2Fwp-content%2Fgallery%2Fportrait%2FClinica-Ribe_002.jpg&amp;h=280&amp;q=90&amp;f=.jpg\" alt=\"Fotografies corporatives a Dra. Adriana Rib\u00e9 de Rib\u00e9 Clinic\" width=\"420\" height=\"280\" \/><\/a><p class=\"jig-HTMLdescription\">Fotografies corporatives a Dra. Adriana Rib\u00e9 de Rib\u00e9 Clinic<\/p><\/li><li><a href=\"https:\/\/guillemcalatrava.com\/wp-content\/gallery\/portrait\/nextdoor-retratos_007.jpg\"><img loading=\"lazy\" decoding=\"async\" src=\"https:\/\/guillemcalatrava.com\/wp-content\/plugins\/justified-image-grid\/timthumb.php?src=https%3A%2F%2Fguillemcalatrava.com%2Fwp-content%2Fgallery%2Fportrait%2Fnextdoor-retratos_007.jpg&amp;h=280&amp;q=90&amp;f=.jpg\" alt=\"Sessi\u00f3 de retrats a Sarah Friar (CEO de Nextdoor) i Joana Caminal (responsable de Nextdoor a Espanya)\" width=\"420\" height=\"280\" \/><\/a><p class=\"jig-HTMLdescription\">Sessi\u00f3 de retrats a Sarah Friar (CEO de Nextdoor) i Joana Caminal (responsable de Nextdoor a Espanya)<\/p><\/li><li><a href=\"https:\/\/guillemcalatrava.com\/wp-content\/gallery\/portrait\/RAYPA_131.jpg\" title=\"RAYPA_131\"><img loading=\"lazy\" decoding=\"async\" src=\"https:\/\/guillemcalatrava.com\/wp-content\/plugins\/justified-image-grid\/timthumb.php?src=https%3A%2F%2Fguillemcalatrava.com%2Fwp-content%2Fgallery%2Fportrait%2FRAYPA_131.jpg&amp;h=280&amp;q=90&amp;f=.jpg\" alt=\"\u00a9 Guillem Calatrava\" width=\"420\" height=\"280\" \/><\/a><p class=\"jig-HTMLdescription\">\u00a9 Guillem Calatrava<br\/>RAYPA_131<\/p><\/li><li><a href=\"https:\/\/guillemcalatrava.com\/wp-content\/gallery\/portrait\/nextdoor-retratos_001.jpg\"><img loading=\"lazy\" decoding=\"async\" src=\"https:\/\/guillemcalatrava.com\/wp-content\/plugins\/justified-image-grid\/timthumb.php?src=https%3A%2F%2Fguillemcalatrava.com%2Fwp-content%2Fgallery%2Fportrait%2Fnextdoor-retratos_001.jpg&amp;h=280&amp;q=90&amp;f=.jpg\" alt=\"Sessi\u00f3 de retrats a Sarah Friar, CEO de Nextdoor\" width=\"420\" height=\"280\" \/><\/a><p class=\"jig-HTMLdescription\">Sessi\u00f3 de retrats a Sarah Friar, CEO de Nextdoor<\/p><\/li><li><a href=\"https:\/\/guillemcalatrava.com\/wp-content\/gallery\/portrait\/nextdoor-retratos_004.jpg\"><img loading=\"lazy\" decoding=\"async\" src=\"https:\/\/guillemcalatrava.com\/wp-content\/plugins\/justified-image-grid\/timthumb.php?src=https%3A%2F%2Fguillemcalatrava.com%2Fwp-content%2Fgallery%2Fportrait%2Fnextdoor-retratos_004.jpg&amp;h=280&amp;q=90&amp;f=.jpg\" alt=\"Sessi\u00f3 de retrats a Joana Caminal, responsable de Nextdoor a Espanya\" width=\"420\" height=\"280\" \/><\/a><p class=\"jig-HTMLdescription\">Sessi\u00f3 de retrats a Joana Caminal, responsable de Nextdoor a Espanya<\/p><\/li><li><a href=\"https:\/\/guillemcalatrava.com\/wp-content\/gallery\/portrait\/Ofertia_003.jpg\" title=\"Ofertia_003\"><img loading=\"lazy\" decoding=\"async\" src=\"https:\/\/guillemcalatrava.com\/wp-content\/plugins\/justified-image-grid\/timthumb.php?src=https%3A%2F%2Fguillemcalatrava.com%2Fwp-content%2Fgallery%2Fportrait%2FOfertia_003.jpg&amp;h=280&amp;q=90&amp;f=.jpg\" alt=\"Thomas Roggendorf, cofundador d&#039;Ofertia\" width=\"420\" height=\"280\" \/><\/a><p class=\"jig-HTMLdescription\">Thomas Roggendorf, cofundador d'Ofertia<br\/>Ofertia_003<\/p><\/li><li><a href=\"https:\/\/guillemcalatrava.com\/wp-content\/gallery\/portrait\/Dynatrace-retratos_003.jpg\"><img loading=\"lazy\" decoding=\"async\" src=\"https:\/\/guillemcalatrava.com\/wp-content\/plugins\/justified-image-grid\/timthumb.php?src=https%3A%2F%2Fguillemcalatrava.com%2Fwp-content%2Fgallery%2Fportrait%2FDynatrace-retratos_003.jpg&amp;h=280&amp;q=90&amp;f=.jpg\" alt=\"Retrats corporatius a empleats de Dynatrace Barcelona\" width=\"280\" height=\"280\" \/><\/a><p class=\"jig-HTMLdescription\">Retrats corporatius a empleats de Dynatrace Barcelona<\/p><\/li><li><a href=\"https:\/\/guillemcalatrava.com\/wp-content\/gallery\/portrait\/Clinica-Ribe_005.jpg\"><img loading=\"lazy\" decoding=\"async\" src=\"https:\/\/guillemcalatrava.com\/wp-content\/plugins\/justified-image-grid\/timthumb.php?src=https%3A%2F%2Fguillemcalatrava.com%2Fwp-content%2Fgallery%2Fportrait%2FClinica-Ribe_005.jpg&amp;h=280&amp;q=90&amp;f=.jpg\" alt=\"Fotografies corporatives a Dra. Adriana Rib\u00e9 de Rib\u00e9 Clinic\" width=\"420\" height=\"280\" \/><\/a><p class=\"jig-HTMLdescription\">Fotografies corporatives a Dra. Adriana Rib\u00e9 de Rib\u00e9 Clinic<\/p><\/li><li><a href=\"https:\/\/guillemcalatrava.com\/wp-content\/gallery\/portrait\/Ofertia_004.jpg\" title=\"Ofertia_004\"><img loading=\"lazy\" decoding=\"async\" src=\"https:\/\/guillemcalatrava.com\/wp-content\/plugins\/justified-image-grid\/timthumb.php?src=https%3A%2F%2Fguillemcalatrava.com%2Fwp-content%2Fgallery%2Fportrait%2FOfertia_004.jpg&amp;h=280&amp;q=90&amp;f=.jpg\" alt=\"Sessi\u00f3 de fotografies corporatives a Jaume Betrian i Thomas Roggendorf, fundadors d&#039;Ofertia\" width=\"420\" height=\"280\" \/><\/a><p class=\"jig-HTMLdescription\">Sessi\u00f3 de fotografies corporatives a Jaume Betrian i Thomas Roggendorf, fundadors d'Ofertia<br\/>Ofertia_004<\/p><\/li><li><a href=\"https:\/\/guillemcalatrava.com\/wp-content\/gallery\/portrait\/RAYPA_116.jpg\" title=\"RAYPA_116\"><img loading=\"lazy\" decoding=\"async\" src=\"https:\/\/guillemcalatrava.com\/wp-content\/plugins\/justified-image-grid\/timthumb.php?src=https%3A%2F%2Fguillemcalatrava.com%2Fwp-content%2Fgallery%2Fportrait%2FRAYPA_116.jpg&amp;h=280&amp;q=90&amp;f=.jpg\" alt=\"\u00a9 Guillem Calatrava\" width=\"420\" height=\"280\" \/><\/a><p class=\"jig-HTMLdescription\">\u00a9 Guillem Calatrava<br\/>RAYPA_116<\/p><\/li><li><a href=\"https:\/\/guillemcalatrava.com\/wp-content\/gallery\/portrait\/Dynatrace-retratos_005.jpg\"><img loading=\"lazy\" decoding=\"async\" src=\"https:\/\/guillemcalatrava.com\/wp-content\/plugins\/justified-image-grid\/timthumb.php?src=https%3A%2F%2Fguillemcalatrava.com%2Fwp-content%2Fgallery%2Fportrait%2FDynatrace-retratos_005.jpg&amp;h=280&amp;q=90&amp;f=.jpg\" alt=\"Retrats corporatius a empleats de Dynatrace Barcelona\" width=\"280\" height=\"280\" \/><\/a><p class=\"jig-HTMLdescription\">Retrats corporatius a empleats de Dynatrace Barcelona<\/p><\/li><li><a href=\"https:\/\/guillemcalatrava.com\/wp-content\/gallery\/portrait\/Clinica-Ribe_006.jpg\"><img loading=\"lazy\" decoding=\"async\" src=\"https:\/\/guillemcalatrava.com\/wp-content\/plugins\/justified-image-grid\/timthumb.php?src=https%3A%2F%2Fguillemcalatrava.com%2Fwp-content%2Fgallery%2Fportrait%2FClinica-Ribe_006.jpg&amp;h=280&amp;q=90&amp;f=.jpg\" alt=\"Fotografies corporatives a Dra. Adriana Rib\u00e9 de Rib\u00e9 Clinic\" width=\"420\" height=\"280\" \/><\/a><p class=\"jig-HTMLdescription\">Fotografies corporatives a Dra. Adriana Rib\u00e9 de Rib\u00e9 Clinic<\/p><\/li><li><a href=\"https:\/\/guillemcalatrava.com\/wp-content\/gallery\/portrait\/Ofertia_006.jpg\" title=\"Ofertia_006\"><img loading=\"lazy\" decoding=\"async\" src=\"https:\/\/guillemcalatrava.com\/wp-content\/plugins\/justified-image-grid\/timthumb.php?src=https%3A%2F%2Fguillemcalatrava.com%2Fwp-content%2Fgallery%2Fportrait%2FOfertia_006.jpg&amp;h=280&amp;q=90&amp;f=.jpg\" alt=\"Sessi\u00f3 de fotografies corporatives a Jaume Betrian i Thomas Roggendorf, fundadors d&#039;Ofertia\" width=\"420\" height=\"280\" \/><\/a><p class=\"jig-HTMLdescription\">Sessi\u00f3 de fotografies corporatives a Jaume Betrian i Thomas Roggendorf, fundadors d'Ofertia<br\/>Ofertia_006<\/p><\/li><li><a href=\"https:\/\/guillemcalatrava.com\/wp-content\/gallery\/portrait\/Prologis_005.jpg\" title=\"Prologis_005\"><img loading=\"lazy\" decoding=\"async\" src=\"https:\/\/guillemcalatrava.com\/wp-content\/plugins\/justified-image-grid\/timthumb.php?src=https%3A%2F%2Fguillemcalatrava.com%2Fwp-content%2Fgallery%2Fportrait%2FPrologis_005.jpg&amp;h=280&amp;q=90&amp;f=.jpg\" alt=\"Fotografies corporatives per l&#039;empresa Prologis\" width=\"186\" height=\"280\" \/><\/a><p class=\"jig-HTMLdescription\">Fotografies corporatives per l'empresa Prologis<br\/>Prologis_005<\/p><\/li><li><a href=\"https:\/\/guillemcalatrava.com\/wp-content\/gallery\/portrait\/nextdoor-retratos_006.jpg\"><img loading=\"lazy\" decoding=\"async\" src=\"https:\/\/guillemcalatrava.com\/wp-content\/plugins\/justified-image-grid\/timthumb.php?src=https%3A%2F%2Fguillemcalatrava.com%2Fwp-content%2Fgallery%2Fportrait%2Fnextdoor-retratos_006.jpg&amp;h=280&amp;q=90&amp;f=.jpg\" alt=\"Sessi\u00f3 de retrats a Sarah Friar (CEO de Nextdoor) i Joana Caminal (responsable de Nextdoor a Espanya)\" width=\"420\" height=\"280\" \/><\/a><p class=\"jig-HTMLdescription\">Sessi\u00f3 de retrats a Sarah Friar (CEO de Nextdoor) i Joana Caminal (responsable de Nextdoor a Espanya)<\/p><\/li><li><a href=\"https:\/\/guillemcalatrava.com\/wp-content\/gallery\/portrait\/Raypa_045.jpg\" title=\"Raypa_045\"><img loading=\"lazy\" decoding=\"async\" src=\"https:\/\/guillemcalatrava.com\/wp-content\/plugins\/justified-image-grid\/timthumb.php?src=https%3A%2F%2Fguillemcalatrava.com%2Fwp-content%2Fgallery%2Fportrait%2FRaypa_045.jpg&amp;h=280&amp;q=90&amp;f=.jpg\" alt=\"Retrats corporatius per a l&#039;empresa Raypa de Terrassa\" width=\"420\" height=\"280\" \/><\/a><p class=\"jig-HTMLdescription\">Retrats corporatius per a l'empresa Raypa de Terrassa<br\/>Raypa_045<\/p><\/li><li><a href=\"https:\/\/guillemcalatrava.com\/wp-content\/gallery\/portrait\/Robotics_010.jpg\" title=\"Robotics_010\"><img loading=\"lazy\" decoding=\"async\" src=\"https:\/\/guillemcalatrava.com\/wp-content\/plugins\/justified-image-grid\/timthumb.php?src=https%3A%2F%2Fguillemcalatrava.com%2Fwp-content%2Fgallery%2Fportrait%2FRobotics_010.jpg&amp;h=280&amp;q=90&amp;f=.jpg\" alt=\"Fotografies corporatives per l&#039;empresa Robotics\" width=\"420\" height=\"280\" \/><\/a><p class=\"jig-HTMLdescription\">Fotografies corporatives per l'empresa Robotics<br\/>Robotics_010<\/p><\/li><li><a href=\"https:\/\/guillemcalatrava.com\/wp-content\/gallery\/portrait\/Dynatrace-retratos_004.jpg\"><img loading=\"lazy\" decoding=\"async\" src=\"https:\/\/guillemcalatrava.com\/wp-content\/plugins\/justified-image-grid\/timthumb.php?src=https%3A%2F%2Fguillemcalatrava.com%2Fwp-content%2Fgallery%2Fportrait%2FDynatrace-retratos_004.jpg&amp;h=280&amp;q=90&amp;f=.jpg\" alt=\"Retrats corporatius divertits a empleats de Dynatrace Barcelona\" width=\"280\" height=\"280\" \/><\/a><p class=\"jig-HTMLdescription\">Retrats corporatius divertits a empleats de Dynatrace Barcelona<\/p><\/li><li><a href=\"https:\/\/guillemcalatrava.com\/wp-content\/gallery\/portrait\/Prologis_004.jpg\" title=\"Prologis_004\"><img loading=\"lazy\" decoding=\"async\" src=\"https:\/\/guillemcalatrava.com\/wp-content\/plugins\/justified-image-grid\/timthumb.php?src=https%3A%2F%2Fguillemcalatrava.com%2Fwp-content%2Fgallery%2Fportrait%2FPrologis_004.jpg&amp;h=280&amp;q=90&amp;f=.jpg\" alt=\"Fotografies corporatives per l&#039;empresa Prologis\" width=\"186\" height=\"280\" \/><\/a><p class=\"jig-HTMLdescription\">Fotografies corporatives per l'empresa Prologis<br\/>Prologis_004<\/p><\/li><li><a href=\"https:\/\/guillemcalatrava.com\/wp-content\/gallery\/portrait\/Prologis_009.jpg\" title=\"Prologis_009\"><img loading=\"lazy\" decoding=\"async\" src=\"https:\/\/guillemcalatrava.com\/wp-content\/plugins\/justified-image-grid\/timthumb.php?src=https%3A%2F%2Fguillemcalatrava.com%2Fwp-content%2Fgallery%2Fportrait%2FPrologis_009.jpg&amp;h=280&amp;q=90&amp;f=.jpg\" alt=\"Fotografies corporatives per l&#039;empresa Prologis\" width=\"420\" height=\"280\" \/><\/a><p class=\"jig-HTMLdescription\">Fotografies corporatives per l'empresa Prologis<br\/>Prologis_009<\/p><\/li><li><a href=\"https:\/\/guillemcalatrava.com\/wp-content\/gallery\/portrait\/Clinica-Ribe_004.jpg\"><img loading=\"lazy\" decoding=\"async\" src=\"https:\/\/guillemcalatrava.com\/wp-content\/plugins\/justified-image-grid\/timthumb.php?src=https%3A%2F%2Fguillemcalatrava.com%2Fwp-content%2Fgallery%2Fportrait%2FClinica-Ribe_004.jpg&amp;h=280&amp;q=90&amp;f=.jpg\" alt=\"Fotografies corporatives a Dra. Adriana Rib\u00e9 de Rib\u00e9 Clinic\" width=\"420\" height=\"280\" \/><\/a><p class=\"jig-HTMLdescription\">Fotografies corporatives a Dra. Adriana Rib\u00e9 de Rib\u00e9 Clinic<\/p><\/li><li><a href=\"https:\/\/guillemcalatrava.com\/wp-content\/gallery\/portrait\/RAYPA_091.jpg\" title=\"RAYPA_091\"><img loading=\"lazy\" decoding=\"async\" src=\"https:\/\/guillemcalatrava.com\/wp-content\/plugins\/justified-image-grid\/timthumb.php?src=https%3A%2F%2Fguillemcalatrava.com%2Fwp-content%2Fgallery%2Fportrait%2FRAYPA_091.jpg&amp;h=280&amp;q=90&amp;f=.jpg\" alt=\"Retrats corporatius en situaci\u00f3 per a l&#039;empresa Raypa de Terrassa\" width=\"420\" height=\"280\" \/><\/a><p class=\"jig-HTMLdescription\">Retrats corporatius en situaci\u00f3 per a l'empresa Raypa de Terrassa<br\/>RAYPA_091<\/p><\/li><li><a href=\"https:\/\/guillemcalatrava.com\/wp-content\/gallery\/portrait\/Eduard-Farga-Director-General-Seidor_001.jpg\"><img loading=\"lazy\" decoding=\"async\" src=\"https:\/\/guillemcalatrava.com\/wp-content\/plugins\/justified-image-grid\/timthumb.php?src=https%3A%2F%2Fguillemcalatrava.com%2Fwp-content%2Fgallery%2Fportrait%2FEduard-Farga-Director-General-Seidor_001.jpg&amp;h=280&amp;q=90&amp;f=.jpg\" alt=\"Fotografies corporatives a Eduard Farga, Director General de Seidor\" width=\"420\" height=\"280\" \/><\/a><p class=\"jig-HTMLdescription\">Fotografies corporatives a Eduard Farga, Director General de Seidor<\/p><\/li><li><a href=\"https:\/\/guillemcalatrava.com\/wp-content\/gallery\/portrait\/bimanan_001.jpg\" title=\"bimanan_001\"><img loading=\"lazy\" decoding=\"async\" src=\"https:\/\/guillemcalatrava.com\/wp-content\/plugins\/justified-image-grid\/timthumb.php?src=https%3A%2F%2Fguillemcalatrava.com%2Fwp-content%2Fgallery%2Fportrait%2Fbimanan_001.jpg&amp;h=280&amp;q=90&amp;f=.jpg\" alt=\"Fotografies corporatives per biMan\u00e1n (Nutrition &amp; Sant\u00e9 Iberia SL)\" width=\"420\" height=\"280\" \/><\/a><p class=\"jig-HTMLdescription\">Fotografies corporatives per biMan\u00e1n (Nutrition & Sant\u00e9 Iberia SL)<br\/>bimanan_001<\/p><\/li><li><a href=\"https:\/\/guillemcalatrava.com\/wp-content\/gallery\/portrait\/Prologis_001.jpg\" title=\"Prologis_001\"><img loading=\"lazy\" decoding=\"async\" src=\"https:\/\/guillemcalatrava.com\/wp-content\/plugins\/justified-image-grid\/timthumb.php?src=https%3A%2F%2Fguillemcalatrava.com%2Fwp-content%2Fgallery%2Fportrait%2FPrologis_001.jpg&amp;h=280&amp;q=90&amp;f=.jpg\" alt=\"Fotografies corporatives per l&#039;empresa Prologis\" width=\"186\" height=\"280\" \/><\/a><p class=\"jig-HTMLdescription\">Fotografies corporatives per l'empresa Prologis<br\/>Prologis_001<\/p><\/li><li><a href=\"https:\/\/guillemcalatrava.com\/wp-content\/gallery\/portrait\/Prologis_003.jpg\" title=\"Prologis_003\"><img loading=\"lazy\" decoding=\"async\" src=\"https:\/\/guillemcalatrava.com\/wp-content\/plugins\/justified-image-grid\/timthumb.php?src=https%3A%2F%2Fguillemcalatrava.com%2Fwp-content%2Fgallery%2Fportrait%2FPrologis_003.jpg&amp;h=280&amp;q=90&amp;f=.jpg\" alt=\"Fotografies corporatives per l&#039;empresa Prologis\" width=\"186\" height=\"280\" \/><\/a><p class=\"jig-HTMLdescription\">Fotografies corporatives per l'empresa Prologis<br\/>Prologis_003<\/p><\/li><li><a href=\"https:\/\/guillemcalatrava.com\/wp-content\/gallery\/portrait\/Dynatrace-retratos_007.jpg\"><img loading=\"lazy\" decoding=\"async\" src=\"https:\/\/guillemcalatrava.com\/wp-content\/plugins\/justified-image-grid\/timthumb.php?src=https%3A%2F%2Fguillemcalatrava.com%2Fwp-content%2Fgallery%2Fportrait%2FDynatrace-retratos_007.jpg&amp;h=280&amp;q=90&amp;f=.jpg\" alt=\"Retrats corporatius a empleats de Dynatrace Barcelona\" width=\"280\" height=\"280\" \/><\/a><p class=\"jig-HTMLdescription\">Retrats corporatius a empleats de Dynatrace Barcelona<\/p><\/li><li><a href=\"https:\/\/guillemcalatrava.com\/wp-content\/gallery\/portrait\/Prologis_002.jpg\" title=\"Prologis_002\"><img loading=\"lazy\" decoding=\"async\" src=\"https:\/\/guillemcalatrava.com\/wp-content\/plugins\/justified-image-grid\/timthumb.php?src=https%3A%2F%2Fguillemcalatrava.com%2Fwp-content%2Fgallery%2Fportrait%2FPrologis_002.jpg&amp;h=280&amp;q=90&amp;f=.jpg\" alt=\"Fotografies corporatives per l&#039;empresa Prologis\" width=\"186\" height=\"280\" \/><\/a><p class=\"jig-HTMLdescription\">Fotografies corporatives per l'empresa Prologis<br\/>Prologis_002<\/p><\/li><li><a href=\"https:\/\/guillemcalatrava.com\/wp-content\/gallery\/portrait\/Ofertia_002.jpg\" title=\"Ofertia_002\"><img loading=\"lazy\" decoding=\"async\" src=\"https:\/\/guillemcalatrava.com\/wp-content\/plugins\/justified-image-grid\/timthumb.php?src=https%3A%2F%2Fguillemcalatrava.com%2Fwp-content%2Fgallery%2Fportrait%2FOfertia_002.jpg&amp;h=280&amp;q=90&amp;f=.jpg\" alt=\"Jaume Betrian, cofundador d&#039;Ofertia\" width=\"420\" height=\"280\" \/><\/a><p class=\"jig-HTMLdescription\">Jaume Betrian, cofundador d'Ofertia<br\/>Ofertia_002<\/p><\/li><li><a href=\"https:\/\/guillemcalatrava.com\/wp-content\/gallery\/portrait\/Robotics_009.jpg\" title=\"Robotics_009\"><img loading=\"lazy\" decoding=\"async\" src=\"https:\/\/guillemcalatrava.com\/wp-content\/plugins\/justified-image-grid\/timthumb.php?src=https%3A%2F%2Fguillemcalatrava.com%2Fwp-content%2Fgallery%2Fportrait%2FRobotics_009.jpg&amp;h=280&amp;q=90&amp;f=.jpg\" alt=\"Fotografies corporatives per l&#039;empresa Robotics\" width=\"420\" height=\"280\" \/><\/a><p class=\"jig-HTMLdescription\">Fotografies corporatives per l'empresa Robotics<br\/>Robotics_009<\/p><\/li><li><a href=\"https:\/\/guillemcalatrava.com\/wp-content\/gallery\/portrait\/bimanan_002.jpg\" title=\"bimanan_002\"><img loading=\"lazy\" decoding=\"async\" src=\"https:\/\/guillemcalatrava.com\/wp-content\/plugins\/justified-image-grid\/timthumb.php?src=https%3A%2F%2Fguillemcalatrava.com%2Fwp-content%2Fgallery%2Fportrait%2Fbimanan_002.jpg&amp;h=280&amp;q=90&amp;f=.jpg\" alt=\"Fotografies corporatives per biMan\u00e1n (Nutrition &amp; Sant\u00e9 Iberia SL)\" width=\"420\" height=\"280\" \/><\/a><p class=\"jig-HTMLdescription\">Fotografies corporatives per biMan\u00e1n (Nutrition & Sant\u00e9 Iberia SL)<br\/>bimanan_002<\/p><\/li><li><a href=\"https:\/\/guillemcalatrava.com\/wp-content\/gallery\/portrait\/Ofertia_005.jpg\" title=\"Ofertia_005\"><img loading=\"lazy\" decoding=\"async\" src=\"https:\/\/guillemcalatrava.com\/wp-content\/plugins\/justified-image-grid\/timthumb.php?src=https%3A%2F%2Fguillemcalatrava.com%2Fwp-content%2Fgallery%2Fportrait%2FOfertia_005.jpg&amp;h=280&amp;q=90&amp;f=.jpg\" alt=\"Sessi\u00f3 de fotografies corporatives a Jaume Betrian i Thomas Roggendorf, fundadors d&#039;Ofertia\" width=\"420\" height=\"280\" \/><\/a><p class=\"jig-HTMLdescription\">Sessi\u00f3 de fotografies corporatives a Jaume Betrian i Thomas Roggendorf, fundadors d'Ofertia<br\/>Ofertia_005<\/p><\/li><li><a href=\"https:\/\/guillemcalatrava.com\/wp-content\/gallery\/portrait\/RAYPA_110.jpg\" title=\"RAYPA_110\"><img loading=\"lazy\" decoding=\"async\" src=\"https:\/\/guillemcalatrava.com\/wp-content\/plugins\/justified-image-grid\/timthumb.php?src=https%3A%2F%2Fguillemcalatrava.com%2Fwp-content%2Fgallery%2Fportrait%2FRAYPA_110.jpg&amp;h=280&amp;q=90&amp;f=.jpg\" alt=\"Retrats corporatius en situaci\u00f3 per a l&#039;empresa Raypa de Terrassa\" width=\"420\" height=\"280\" \/><\/a><p class=\"jig-HTMLdescription\">Retrats corporatius en situaci\u00f3 per a l'empresa Raypa de Terrassa<br\/>RAYPA_110<\/p><\/li><\/ul><\/noscript><\/div>\n<p>[\/et_pb_text][\/et_pb_column][\/et_pb_row][et_pb_row admin_label=&#8221;Market Information Title Area&#8221; _builder_version=&#8221;4.16&#8243; max_width=&#8221;2560px&#8221; custom_padding=&#8221;40px|0px|40px|0px&#8221; global_colors_info=&#8221;{}&#8221;][et_pb_column type=&#8221;4_4&#8243; _builder_version=&#8221;4.16&#8243; custom_padding=&#8221;|||&#8221; global_colors_info=&#8221;{}&#8221; custom_padding__hover=&#8221;|||&#8221;][et_pb_text admin_label=&#8221;Title&#8221; _builder_version=&#8221;4.19.4&#8243; text_font=&#8221;||||||||&#8221; header_font=&#8221;||||||||&#8221; header_2_font=&#8221;Lato||||||||&#8221; header_2_font_size=&#8221;36px&#8221; header_2_line_height=&#8221;1.5em&#8221; custom_padding=&#8221;|||&#8221; animation_direction=&#8221;left&#8221; global_colors_info=&#8221;{}&#8221;]<\/p>\n<h2>Fotografia de producte<\/h2>\n<p>[\/et_pb_text][et_pb_text _builder_version=&#8221;4.19.4&#8243; text_font=&#8221;||||||||&#8221; text_font_size=&#8221;16px&#8221; text_line_height=&#8221;1.8em&#8221; header_font=&#8221;||||||||&#8221; animation_style=&#8221;flip&#8221; animation_direction=&#8221;left&#8221; animation_intensity_flip=&#8221;20%&#8221; animation_starting_opacity=&#8221;100%&#8221; global_colors_info=&#8221;{}&#8221;]<\/p>\n<p>La fotografia de producte \u00e9s una part fonamental de la fotografia corporativa i juga un paper clau en la promoci\u00f3 de productes i marques. La qualitat i la presentaci\u00f3 visual de les imatges de productes s\u00f3n crucials per cridar l&#8217;atenci\u00f3 dels consumidors i transmetre una imatge positiva de la marca.<\/p>\n<p>La fotografia de productes permet als consumidors veure i entendre el producte d&#8217;una manera detallada, ja sigui en un cat\u00e0leg de productes o en una p\u00e0gina web. Al veure imatges detallades, els consumidors poden comprendre les caracter\u00edstiques, la qualitat i l&#8217;aparen\u00e7a del producte, el que augmenta la probabilitat que comprin el producte.<\/p>\n<p>A m\u00e9s, la fotografia de productes tamb\u00e9 \u00e9s \u00fatil per destacar l&#8217;est\u00e8tica i el disseny d&#8217;un producte. Les imatges ben realitzades poden ajudar als consumidors a visualitzar com s&#8217;integrar\u00e0 el producte en la seva vida cotidiana, el que pot augmentar l&#8217;atracci\u00f3 pel producte.<\/p>\n<p>[\/et_pb_text][et_pb_text _builder_version=&#8221;4.19.4&#8243; _module_preset=&#8221;default&#8221; global_colors_info=&#8221;{}&#8221;]<\/p>\n<div id=\"jig3\" class=\"justified-image-grid jig-c7cf54834edfae7fe6e8f0c97bf034a8 jig-preset-global jig-source-nextgen\"><div class=\"jig-clearfix\"><\/div><noscript id=\"jig3-html\" class=\"justified-image-grid-html\" data-lazy-src=\"skiplazyload\" data-src=\"skipunveillazyload\"><ul><li><a href=\"https:\/\/guillemcalatrava.com\/wp-content\/gallery\/product\/Alcampo_001.jpg\" title=\"Alcampo_001\"><img loading=\"lazy\" decoding=\"async\" src=\"https:\/\/guillemcalatrava.com\/wp-content\/plugins\/justified-image-grid\/timthumb.php?src=https%3A%2F%2Fguillemcalatrava.com%2Fwp-content%2Fgallery%2Fproduct%2FAlcampo_001.jpg&amp;h=280&amp;q=90&amp;f=.jpg\" alt=\"Fotografies pel cat\u00e0leg promocional del Alcampo Sant Quirze del Vall\u00e8s\" width=\"420\" height=\"280\" \/><\/a><p class=\"jig-HTMLdescription\">Fotografies pel cat\u00e0leg promocional del Alcampo Sant Quirze del Vall\u00e8s<br\/>Alcampo_001<\/p><\/li><li><a href=\"https:\/\/guillemcalatrava.com\/wp-content\/gallery\/product\/Casa-Fuster-Plats_004.jpg\"><img loading=\"lazy\" decoding=\"async\" src=\"https:\/\/guillemcalatrava.com\/wp-content\/plugins\/justified-image-grid\/timthumb.php?src=https%3A%2F%2Fguillemcalatrava.com%2Fwp-content%2Fgallery%2Fproduct%2FCasa-Fuster-Plats_004.jpg&amp;h=280&amp;q=90&amp;f=.jpg\" alt=\"Fotografies de menjar i plats del restaurant Casa Fuster de Sabadell\" width=\"420\" height=\"280\" \/><\/a><p class=\"jig-HTMLdescription\">Fotografies de menjar i plats del restaurant Casa Fuster de Sabadell<\/p><\/li><li><a href=\"https:\/\/guillemcalatrava.com\/wp-content\/gallery\/product\/MapsTherapy_001.jpg\" title=\"MapsTherapy_001\"><img loading=\"lazy\" decoding=\"async\" src=\"https:\/\/guillemcalatrava.com\/wp-content\/plugins\/justified-image-grid\/timthumb.php?src=https%3A%2F%2Fguillemcalatrava.com%2Fwp-content%2Fgallery%2Fproduct%2FMapsTherapy_001.jpg&amp;h=280&amp;q=90&amp;f=.jpg\" alt=\"Fotografia de taules de treball per fisioterapia de Maps Therapy\" width=\"420\" height=\"280\" \/><\/a><p class=\"jig-HTMLdescription\">Fotografia de taules de treball per fisioterapia de Maps Therapy<br\/>MapsTherapy_001<\/p><\/li><li><a href=\"https:\/\/guillemcalatrava.com\/wp-content\/gallery\/product\/fuji_001.jpg\" title=\"fuji_001\"><img loading=\"lazy\" decoding=\"async\" src=\"https:\/\/guillemcalatrava.com\/wp-content\/plugins\/justified-image-grid\/timthumb.php?src=https%3A%2F%2Fguillemcalatrava.com%2Fwp-content%2Fgallery%2Fproduct%2Ffuji_001.jpg&amp;h=280&amp;q=90&amp;f=.jpg\" alt=\"Fotograf\u00eda d&#039;una m\u00e0quina depuradora de la divisi\u00f3 industrial de Fujifilm\" width=\"280\" height=\"280\" \/><\/a><p class=\"jig-HTMLdescription\">Fotograf\u00eda d'una m\u00e0quina depuradora de la divisi\u00f3 industrial de Fujifilm<br\/>fuji_001<\/p><\/li><li><a href=\"https:\/\/guillemcalatrava.com\/wp-content\/gallery\/product\/Sensilis_004.jpg\" title=\"Sensilis_004\"><img loading=\"lazy\" decoding=\"async\" src=\"https:\/\/guillemcalatrava.com\/wp-content\/plugins\/justified-image-grid\/timthumb.php?src=https%3A%2F%2Fguillemcalatrava.com%2Fwp-content%2Fgallery%2Fproduct%2FSensilis_004.jpg&amp;h=280&amp;q=90&amp;f=.jpg\" alt=\"Fotografia de productes de cosm\u00e8tica per Sensilis\" width=\"420\" height=\"280\" \/><\/a><p class=\"jig-HTMLdescription\">Fotografia de productes de cosm\u00e8tica per Sensilis<br\/>Sensilis_004<\/p><\/li><li><a href=\"https:\/\/guillemcalatrava.com\/wp-content\/gallery\/product\/Sensilis_005.jpg\" title=\"Sensilis_005\"><img loading=\"lazy\" decoding=\"async\" src=\"https:\/\/guillemcalatrava.com\/wp-content\/plugins\/justified-image-grid\/timthumb.php?src=https%3A%2F%2Fguillemcalatrava.com%2Fwp-content%2Fgallery%2Fproduct%2FSensilis_005.jpg&amp;h=280&amp;q=90&amp;f=.jpg\" alt=\"Fotografia de productes de cosm\u00e8tica per Sensilis\" width=\"410\" height=\"280\" \/><\/a><p class=\"jig-HTMLdescription\">Fotografia de productes de cosm\u00e8tica per Sensilis<br\/>Sensilis_005<\/p><\/li><li><a href=\"https:\/\/guillemcalatrava.com\/wp-content\/gallery\/product\/GCM_1831-Editar.jpg\"><img loading=\"lazy\" decoding=\"async\" src=\"https:\/\/guillemcalatrava.com\/wp-content\/plugins\/justified-image-grid\/timthumb.php?src=https%3A%2F%2Fguillemcalatrava.com%2Fwp-content%2Fgallery%2Fproduct%2FGCM_1831-Editar.jpg&amp;h=280&amp;q=90&amp;f=.jpg\" alt=\"Fotografies de c\u00e0meres fotogr\u00e0fiques Fujifilm\" width=\"445\" height=\"280\" \/><\/a><p class=\"jig-HTMLdescription\">Fotografies de c\u00e0meres fotogr\u00e0fiques Fujifilm<\/p><\/li><li><a href=\"https:\/\/guillemcalatrava.com\/wp-content\/gallery\/product\/GCM_1837.jpg\" title=\"GCM_1837\"><img loading=\"lazy\" decoding=\"async\" src=\"https:\/\/guillemcalatrava.com\/wp-content\/plugins\/justified-image-grid\/timthumb.php?src=https%3A%2F%2Fguillemcalatrava.com%2Fwp-content%2Fgallery%2Fproduct%2FGCM_1837.jpg&amp;h=280&amp;q=90&amp;f=.jpg\" alt=\"Fotografies de c\u00e0meres fotogr\u00e0fiques Fujifilm\" width=\"420\" height=\"280\" \/><\/a><p class=\"jig-HTMLdescription\">Fotografies de c\u00e0meres fotogr\u00e0fiques Fujifilm<br\/>GCM_1837<\/p><\/li><li><a href=\"https:\/\/guillemcalatrava.com\/wp-content\/gallery\/product\/Casa-Fuster-Plats_001.jpg\"><img loading=\"lazy\" decoding=\"async\" src=\"https:\/\/guillemcalatrava.com\/wp-content\/plugins\/justified-image-grid\/timthumb.php?src=https%3A%2F%2Fguillemcalatrava.com%2Fwp-content%2Fgallery%2Fproduct%2FCasa-Fuster-Plats_001.jpg&amp;h=280&amp;q=90&amp;f=.jpg\" alt=\"Fotografies de menjar i plats del restaurant Casa Fuster de Sabadell\" width=\"420\" height=\"280\" \/><\/a><p class=\"jig-HTMLdescription\">Fotografies de menjar i plats del restaurant Casa Fuster de Sabadell<\/p><\/li><li><a href=\"https:\/\/guillemcalatrava.com\/wp-content\/gallery\/product\/Casa-Fuster-Plats_003.jpg\"><img loading=\"lazy\" decoding=\"async\" src=\"https:\/\/guillemcalatrava.com\/wp-content\/plugins\/justified-image-grid\/timthumb.php?src=https%3A%2F%2Fguillemcalatrava.com%2Fwp-content%2Fgallery%2Fproduct%2FCasa-Fuster-Plats_003.jpg&amp;h=280&amp;q=90&amp;f=.jpg\" alt=\"Fotografies de menjar i plats del restaurant Casa Fuster de Sabadell\" width=\"420\" height=\"280\" \/><\/a><p class=\"jig-HTMLdescription\">Fotografies de menjar i plats del restaurant Casa Fuster de Sabadell<\/p><\/li><li><a href=\"https:\/\/guillemcalatrava.com\/wp-content\/gallery\/product\/Fujifilm-X20-X30_002.jpg\"><img loading=\"lazy\" decoding=\"async\" src=\"https:\/\/guillemcalatrava.com\/wp-content\/plugins\/justified-image-grid\/timthumb.php?src=https%3A%2F%2Fguillemcalatrava.com%2Fwp-content%2Fgallery%2Fproduct%2FFujifilm-X20-X30_002.jpg&amp;h=280&amp;q=90&amp;f=.jpg\" alt=\"Fotografies de c\u00e0meres fotogr\u00e0fiques Fujifilm\" width=\"420\" height=\"280\" \/><\/a><p class=\"jig-HTMLdescription\">Fotografies de c\u00e0meres fotogr\u00e0fiques Fujifilm<\/p><\/li><li><a href=\"https:\/\/guillemcalatrava.com\/wp-content\/gallery\/product\/GCM13539.jpg\" title=\"GCM13539\"><img loading=\"lazy\" decoding=\"async\" src=\"https:\/\/guillemcalatrava.com\/wp-content\/plugins\/justified-image-grid\/timthumb.php?src=https%3A%2F%2Fguillemcalatrava.com%2Fwp-content%2Fgallery%2Fproduct%2FGCM13539.jpg&amp;h=280&amp;q=90&amp;f=.jpg\" alt=\"Fotografia de plats per la web i boitga online de El Bon Rebost\" width=\"420\" height=\"280\" \/><\/a><p class=\"jig-HTMLdescription\">Fotografia de plats per la web i boitga online de El Bon Rebost<br\/>GCM13539<\/p><\/li><li><a href=\"https:\/\/guillemcalatrava.com\/wp-content\/gallery\/product\/GCM_1832-Editar.jpg\"><img loading=\"lazy\" decoding=\"async\" src=\"https:\/\/guillemcalatrava.com\/wp-content\/plugins\/justified-image-grid\/timthumb.php?src=https%3A%2F%2Fguillemcalatrava.com%2Fwp-content%2Fgallery%2Fproduct%2FGCM_1832-Editar.jpg&amp;h=280&amp;q=90&amp;f=.jpg\" alt=\"Fotografies de c\u00e0meres fotogr\u00e0fiques Fujifilm\" width=\"420\" height=\"280\" \/><\/a><p class=\"jig-HTMLdescription\">Fotografies de c\u00e0meres fotogr\u00e0fiques Fujifilm<\/p><\/li><li><a href=\"https:\/\/guillemcalatrava.com\/wp-content\/gallery\/product\/Fujifilm-X20-X30_005.jpg\"><img loading=\"lazy\" decoding=\"async\" src=\"https:\/\/guillemcalatrava.com\/wp-content\/plugins\/justified-image-grid\/timthumb.php?src=https%3A%2F%2Fguillemcalatrava.com%2Fwp-content%2Fgallery%2Fproduct%2FFujifilm-X20-X30_005.jpg&amp;h=280&amp;q=90&amp;f=.jpg\" alt=\"Fotografies de c\u00e0meres fotogr\u00e0fiques Fujifilm\" width=\"420\" height=\"280\" \/><\/a><p class=\"jig-HTMLdescription\">Fotografies de c\u00e0meres fotogr\u00e0fiques Fujifilm<\/p><\/li><li><a href=\"https:\/\/guillemcalatrava.com\/wp-content\/gallery\/product\/Sensilis_001.jpg\" title=\"Sensilis_001\"><img loading=\"lazy\" decoding=\"async\" src=\"https:\/\/guillemcalatrava.com\/wp-content\/plugins\/justified-image-grid\/timthumb.php?src=https%3A%2F%2Fguillemcalatrava.com%2Fwp-content%2Fgallery%2Fproduct%2FSensilis_001.jpg&amp;h=280&amp;q=90&amp;f=.jpg\" alt=\"Fotografia de productes de cosm\u00e8tica per Sensilis\" width=\"420\" height=\"280\" \/><\/a><p class=\"jig-HTMLdescription\">Fotografia de productes de cosm\u00e8tica per Sensilis<br\/>Sensilis_001<\/p><\/li><li><a href=\"https:\/\/guillemcalatrava.com\/wp-content\/gallery\/product\/Clinica-Ribe_004.jpg\"><img loading=\"lazy\" decoding=\"async\" src=\"https:\/\/guillemcalatrava.com\/wp-content\/plugins\/justified-image-grid\/timthumb.php?src=https%3A%2F%2Fguillemcalatrava.com%2Fwp-content%2Fgallery%2Fproduct%2FClinica-Ribe_004.jpg&amp;h=280&amp;q=90&amp;f=.jpg\" alt=\"Fotografia de productes de cosm\u00e8tica per Cl\u00ednica Rib\u00e9 de Barcelona\" width=\"420\" height=\"280\" \/><\/a><p class=\"jig-HTMLdescription\">Fotografia de productes de cosm\u00e8tica per Cl\u00ednica Rib\u00e9 de Barcelona<\/p><\/li><li><a href=\"https:\/\/guillemcalatrava.com\/wp-content\/gallery\/product\/Fujifilm-X20-X30_003.jpg\"><img loading=\"lazy\" decoding=\"async\" src=\"https:\/\/guillemcalatrava.com\/wp-content\/plugins\/justified-image-grid\/timthumb.php?src=https%3A%2F%2Fguillemcalatrava.com%2Fwp-content%2Fgallery%2Fproduct%2FFujifilm-X20-X30_003.jpg&amp;h=280&amp;q=90&amp;f=.jpg\" alt=\"Fotografies de c\u00e0meres fotogr\u00e0fiques Fujifilm\" width=\"420\" height=\"280\" \/><\/a><p class=\"jig-HTMLdescription\">Fotografies de c\u00e0meres fotogr\u00e0fiques Fujifilm<\/p><\/li><li><a href=\"https:\/\/guillemcalatrava.com\/wp-content\/gallery\/product\/Maps-Therapy_001.jpg\"><img loading=\"lazy\" decoding=\"async\" src=\"https:\/\/guillemcalatrava.com\/wp-content\/plugins\/justified-image-grid\/timthumb.php?src=https%3A%2F%2Fguillemcalatrava.com%2Fwp-content%2Fgallery%2Fproduct%2FMaps-Therapy_001.jpg&amp;h=280&amp;q=90&amp;f=.jpg\" alt=\"Fotografia de taules de treball per fisioterapia de Maps Therapy\" width=\"420\" height=\"280\" \/><\/a><p class=\"jig-HTMLdescription\">Fotografia de taules de treball per fisioterapia de Maps Therapy<\/p><\/li><li><a href=\"https:\/\/guillemcalatrava.com\/wp-content\/gallery\/product\/GCM_1830.jpg\" title=\"GCM_1830\"><img loading=\"lazy\" decoding=\"async\" src=\"https:\/\/guillemcalatrava.com\/wp-content\/plugins\/justified-image-grid\/timthumb.php?src=https%3A%2F%2Fguillemcalatrava.com%2Fwp-content%2Fgallery%2Fproduct%2FGCM_1830.jpg&amp;h=280&amp;q=90&amp;f=.jpg\" alt=\"Fotografies de c\u00e0meres fotogr\u00e0fiques Fujifilm\" width=\"420\" height=\"280\" \/><\/a><p class=\"jig-HTMLdescription\">Fotografies de c\u00e0meres fotogr\u00e0fiques Fujifilm<br\/>GCM_1830<\/p><\/li><li><a href=\"https:\/\/guillemcalatrava.com\/wp-content\/gallery\/product\/Clinica-Ribe_002.jpg\"><img loading=\"lazy\" decoding=\"async\" src=\"https:\/\/guillemcalatrava.com\/wp-content\/plugins\/justified-image-grid\/timthumb.php?src=https%3A%2F%2Fguillemcalatrava.com%2Fwp-content%2Fgallery%2Fproduct%2FClinica-Ribe_002.jpg&amp;h=280&amp;q=90&amp;f=.jpg\" alt=\"Fotografia de productes de cosm\u00e8tica per Cl\u00ednica Rib\u00e9 de Barcelona\" width=\"420\" height=\"280\" \/><\/a><p class=\"jig-HTMLdescription\">Fotografia de productes de cosm\u00e8tica per Cl\u00ednica Rib\u00e9 de Barcelona<\/p><\/li><li><a href=\"https:\/\/guillemcalatrava.com\/wp-content\/gallery\/product\/Fujifilm-X20-X30_004.jpg\"><img loading=\"lazy\" decoding=\"async\" src=\"https:\/\/guillemcalatrava.com\/wp-content\/plugins\/justified-image-grid\/timthumb.php?src=https%3A%2F%2Fguillemcalatrava.com%2Fwp-content%2Fgallery%2Fproduct%2FFujifilm-X20-X30_004.jpg&amp;h=280&amp;q=90&amp;f=.jpg\" alt=\"Fotografies de c\u00e0meres fotogr\u00e0fiques Fujifilm\" width=\"420\" height=\"280\" \/><\/a><p class=\"jig-HTMLdescription\">Fotografies de c\u00e0meres fotogr\u00e0fiques Fujifilm<\/p><\/li><li><a href=\"https:\/\/guillemcalatrava.com\/wp-content\/gallery\/product\/MapsTherapy_002.jpg\" title=\"MapsTherapy_002\"><img loading=\"lazy\" decoding=\"async\" src=\"https:\/\/guillemcalatrava.com\/wp-content\/plugins\/justified-image-grid\/timthumb.php?src=https%3A%2F%2Fguillemcalatrava.com%2Fwp-content%2Fgallery%2Fproduct%2FMapsTherapy_002.jpg&amp;h=280&amp;q=90&amp;f=.jpg\" alt=\"Fotografia de taules de treball per fisioterapia de Maps Therapy\" width=\"420\" height=\"280\" \/><\/a><p class=\"jig-HTMLdescription\">Fotografia de taules de treball per fisioterapia de Maps Therapy<br\/>MapsTherapy_002<\/p><\/li><li><a href=\"https:\/\/guillemcalatrava.com\/wp-content\/gallery\/product\/Sensilis_002.jpg\" title=\"Sensilis_002\"><img loading=\"lazy\" decoding=\"async\" src=\"https:\/\/guillemcalatrava.com\/wp-content\/plugins\/justified-image-grid\/timthumb.php?src=https%3A%2F%2Fguillemcalatrava.com%2Fwp-content%2Fgallery%2Fproduct%2FSensilis_002.jpg&amp;h=280&amp;q=90&amp;f=.jpg\" alt=\"Fotografia de productes de cosm\u00e8tica per Sensilis\" width=\"420\" height=\"280\" \/><\/a><p class=\"jig-HTMLdescription\">Fotografia de productes de cosm\u00e8tica per Sensilis<br\/>Sensilis_002<\/p><\/li><li><a href=\"https:\/\/guillemcalatrava.com\/wp-content\/gallery\/product\/Alcampo_006.jpg\" title=\"Alcampo_006\"><img loading=\"lazy\" decoding=\"async\" src=\"https:\/\/guillemcalatrava.com\/wp-content\/plugins\/justified-image-grid\/timthumb.php?src=https%3A%2F%2Fguillemcalatrava.com%2Fwp-content%2Fgallery%2Fproduct%2FAlcampo_006.jpg&amp;h=280&amp;q=90&amp;f=.jpg\" alt=\"Fotografies pel cat\u00e0leg promocional del Alcampo Sant Quirze del Vall\u00e8s\" width=\"420\" height=\"280\" \/><\/a><p class=\"jig-HTMLdescription\">Fotografies pel cat\u00e0leg promocional del Alcampo Sant Quirze del Vall\u00e8s<br\/>Alcampo_006<\/p><\/li><li><a href=\"https:\/\/guillemcalatrava.com\/wp-content\/gallery\/product\/Casa-Fuster-Plats_002.jpg\"><img loading=\"lazy\" decoding=\"async\" src=\"https:\/\/guillemcalatrava.com\/wp-content\/plugins\/justified-image-grid\/timthumb.php?src=https%3A%2F%2Fguillemcalatrava.com%2Fwp-content%2Fgallery%2Fproduct%2FCasa-Fuster-Plats_002.jpg&amp;h=280&amp;q=90&amp;f=.jpg\" alt=\"Fotografies de menjar i plats del restaurant Casa Fuster de Sabadell\" width=\"420\" height=\"280\" \/><\/a><p class=\"jig-HTMLdescription\">Fotografies de menjar i plats del restaurant Casa Fuster de Sabadell<\/p><\/li><li><a href=\"https:\/\/guillemcalatrava.com\/wp-content\/gallery\/product\/Alcampo_004.jpg\" title=\"Alcampo_004\"><img loading=\"lazy\" decoding=\"async\" src=\"https:\/\/guillemcalatrava.com\/wp-content\/plugins\/justified-image-grid\/timthumb.php?src=https%3A%2F%2Fguillemcalatrava.com%2Fwp-content%2Fgallery%2Fproduct%2FAlcampo_004.jpg&amp;h=280&amp;q=90&amp;f=.jpg\" alt=\"Fotografies pel cat\u00e0leg promocional del Alcampo Sant Quirze del Vall\u00e8s\" width=\"186\" height=\"280\" \/><\/a><p class=\"jig-HTMLdescription\">Fotografies pel cat\u00e0leg promocional del Alcampo Sant Quirze del Vall\u00e8s<br\/>Alcampo_004<\/p><\/li><li><a href=\"https:\/\/guillemcalatrava.com\/wp-content\/gallery\/product\/Alcampo_005.jpg\" title=\"Alcampo_005\"><img loading=\"lazy\" decoding=\"async\" src=\"https:\/\/guillemcalatrava.com\/wp-content\/plugins\/justified-image-grid\/timthumb.php?src=https%3A%2F%2Fguillemcalatrava.com%2Fwp-content%2Fgallery%2Fproduct%2FAlcampo_005.jpg&amp;h=280&amp;q=90&amp;f=.jpg\" alt=\"Fotografies pel cat\u00e0leg promocional del Alcampo Sant Quirze del Vall\u00e8s\" width=\"420\" height=\"280\" \/><\/a><p class=\"jig-HTMLdescription\">Fotografies pel cat\u00e0leg promocional del Alcampo Sant Quirze del Vall\u00e8s<br\/>Alcampo_005<\/p><\/li><li><a href=\"https:\/\/guillemcalatrava.com\/wp-content\/gallery\/product\/MapsTherapy_005.jpg\" title=\"MapsTherapy_005\"><img loading=\"lazy\" decoding=\"async\" src=\"https:\/\/guillemcalatrava.com\/wp-content\/plugins\/justified-image-grid\/timthumb.php?src=https%3A%2F%2Fguillemcalatrava.com%2Fwp-content%2Fgallery%2Fproduct%2FMapsTherapy_005.jpg&amp;h=280&amp;q=90&amp;f=.jpg\" alt=\"Fotografia de taules de treball per fisioterapia de Maps Therapy\" width=\"420\" height=\"280\" \/><\/a><p class=\"jig-HTMLdescription\">Fotografia de taules de treball per fisioterapia de Maps Therapy<br\/>MapsTherapy_005<\/p><\/li><li><a href=\"https:\/\/guillemcalatrava.com\/wp-content\/gallery\/product\/Alcampo_003.jpg\" title=\"Alcampo_003\"><img loading=\"lazy\" decoding=\"async\" src=\"https:\/\/guillemcalatrava.com\/wp-content\/plugins\/justified-image-grid\/timthumb.php?src=https%3A%2F%2Fguillemcalatrava.com%2Fwp-content%2Fgallery%2Fproduct%2FAlcampo_003.jpg&amp;h=280&amp;q=90&amp;f=.jpg\" alt=\"Fotografies pel cat\u00e0leg promocional del Alcampo Sant Quirze del Vall\u00e8s\" width=\"420\" height=\"280\" \/><\/a><p class=\"jig-HTMLdescription\">Fotografies pel cat\u00e0leg promocional del Alcampo Sant Quirze del Vall\u00e8s<br\/>Alcampo_003<\/p><\/li><li><a href=\"https:\/\/guillemcalatrava.com\/wp-content\/gallery\/product\/Fujifilm-X20-X30_001.jpg\"><img loading=\"lazy\" decoding=\"async\" src=\"https:\/\/guillemcalatrava.com\/wp-content\/plugins\/justified-image-grid\/timthumb.php?src=https%3A%2F%2Fguillemcalatrava.com%2Fwp-content%2Fgallery%2Fproduct%2FFujifilm-X20-X30_001.jpg&amp;h=280&amp;q=90&amp;f=.jpg\" alt=\"Fotografies de c\u00e0meres fotogr\u00e0fiques Fujifilm\" width=\"420\" height=\"280\" \/><\/a><p class=\"jig-HTMLdescription\">Fotografies de c\u00e0meres fotogr\u00e0fiques Fujifilm<\/p><\/li><li><a href=\"https:\/\/guillemcalatrava.com\/wp-content\/gallery\/product\/Alcampo_002.jpg\" title=\"Alcampo_002\"><img loading=\"lazy\" decoding=\"async\" src=\"https:\/\/guillemcalatrava.com\/wp-content\/plugins\/justified-image-grid\/timthumb.php?src=https%3A%2F%2Fguillemcalatrava.com%2Fwp-content%2Fgallery%2Fproduct%2FAlcampo_002.jpg&amp;h=280&amp;q=90&amp;f=.jpg\" alt=\"Fotografies pel cat\u00e0leg promocional del Alcampo Sant Quirze del Vall\u00e8s\" width=\"420\" height=\"280\" \/><\/a><p class=\"jig-HTMLdescription\">Fotografies pel cat\u00e0leg promocional del Alcampo Sant Quirze del Vall\u00e8s<br\/>Alcampo_002<\/p><\/li><li><a href=\"https:\/\/guillemcalatrava.com\/wp-content\/gallery\/product\/Casa-Fuster-Plats_005.jpg\"><img loading=\"lazy\" decoding=\"async\" src=\"https:\/\/guillemcalatrava.com\/wp-content\/plugins\/justified-image-grid\/timthumb.php?src=https%3A%2F%2Fguillemcalatrava.com%2Fwp-content%2Fgallery%2Fproduct%2FCasa-Fuster-Plats_005.jpg&amp;h=280&amp;q=90&amp;f=.jpg\" alt=\"Fotografies de menjar i plats del restaurant Casa Fuster de Sabadell\" width=\"420\" height=\"280\" \/><\/a><p class=\"jig-HTMLdescription\">Fotografies de menjar i plats del restaurant Casa Fuster de Sabadell<\/p><\/li><li><a href=\"https:\/\/guillemcalatrava.com\/wp-content\/gallery\/product\/Clinica-Ribe_003.jpg\"><img loading=\"lazy\" decoding=\"async\" src=\"https:\/\/guillemcalatrava.com\/wp-content\/plugins\/justified-image-grid\/timthumb.php?src=https%3A%2F%2Fguillemcalatrava.com%2Fwp-content%2Fgallery%2Fproduct%2FClinica-Ribe_003.jpg&amp;h=280&amp;q=90&amp;f=.jpg\" alt=\"Fotografia de productes de cosm\u00e8tica per Cl\u00ednica Rib\u00e9 de Barcelona\" width=\"420\" height=\"280\" \/><\/a><p class=\"jig-HTMLdescription\">Fotografia de productes de cosm\u00e8tica per Cl\u00ednica Rib\u00e9 de Barcelona<\/p><\/li><li><a href=\"https:\/\/guillemcalatrava.com\/wp-content\/gallery\/product\/Casa-Fuster-Plats_006.jpg\"><img loading=\"lazy\" decoding=\"async\" src=\"https:\/\/guillemcalatrava.com\/wp-content\/plugins\/justified-image-grid\/timthumb.php?src=https%3A%2F%2Fguillemcalatrava.com%2Fwp-content%2Fgallery%2Fproduct%2FCasa-Fuster-Plats_006.jpg&amp;h=280&amp;q=90&amp;f=.jpg\" alt=\"Fotografies de menjar i plats del restaurant Casa Fuster de Sabadell\" width=\"420\" height=\"280\" \/><\/a><p class=\"jig-HTMLdescription\">Fotografies de menjar i plats del restaurant Casa Fuster de Sabadell<\/p><\/li><li><a href=\"https:\/\/guillemcalatrava.com\/wp-content\/gallery\/product\/GCM_1833.jpg\" title=\"GCM_1833\"><img loading=\"lazy\" decoding=\"async\" src=\"https:\/\/guillemcalatrava.com\/wp-content\/plugins\/justified-image-grid\/timthumb.php?src=https%3A%2F%2Fguillemcalatrava.com%2Fwp-content%2Fgallery%2Fproduct%2FGCM_1833.jpg&amp;h=280&amp;q=90&amp;f=.jpg\" alt=\"Fotografies de c\u00e0meres fotogr\u00e0fiques Fujifilm\" width=\"420\" height=\"280\" \/><\/a><p class=\"jig-HTMLdescription\">Fotografies de c\u00e0meres fotogr\u00e0fiques Fujifilm<br\/>GCM_1833<\/p><\/li><li><a href=\"https:\/\/guillemcalatrava.com\/wp-content\/gallery\/product\/Clinica-Ribe_001.jpg\"><img loading=\"lazy\" decoding=\"async\" src=\"https:\/\/guillemcalatrava.com\/wp-content\/plugins\/justified-image-grid\/timthumb.php?src=https%3A%2F%2Fguillemcalatrava.com%2Fwp-content%2Fgallery%2Fproduct%2FClinica-Ribe_001.jpg&amp;h=280&amp;q=90&amp;f=.jpg\" alt=\"Fotografia de productes de cosm\u00e8tica per Cl\u00ednica Rib\u00e9 de Barcelona\" width=\"420\" height=\"280\" \/><\/a><p class=\"jig-HTMLdescription\">Fotografia de productes de cosm\u00e8tica per Cl\u00ednica Rib\u00e9 de Barcelona<\/p><\/li><li><a href=\"https:\/\/guillemcalatrava.com\/wp-content\/gallery\/product\/fuji_002.jpg\" title=\"fuji_002\"><img loading=\"lazy\" decoding=\"async\" src=\"https:\/\/guillemcalatrava.com\/wp-content\/plugins\/justified-image-grid\/timthumb.php?src=https%3A%2F%2Fguillemcalatrava.com%2Fwp-content%2Fgallery%2Fproduct%2Ffuji_002.jpg&amp;h=280&amp;q=90&amp;f=.jpg\" alt=\"Fotograf\u00eda d&#039;una m\u00e0quina depuradora de la divisi\u00f3 industrial de Fujifilm\" width=\"280\" height=\"280\" \/><\/a><p class=\"jig-HTMLdescription\">Fotograf\u00eda d'una m\u00e0quina depuradora de la divisi\u00f3 industrial de Fujifilm<br\/>fuji_002<\/p><\/li><li><a href=\"https:\/\/guillemcalatrava.com\/wp-content\/gallery\/product\/Sensilis_006.jpg\" title=\"Sensilis_006\"><img loading=\"lazy\" decoding=\"async\" src=\"https:\/\/guillemcalatrava.com\/wp-content\/plugins\/justified-image-grid\/timthumb.php?src=https%3A%2F%2Fguillemcalatrava.com%2Fwp-content%2Fgallery%2Fproduct%2FSensilis_006.jpg&amp;h=280&amp;q=90&amp;f=.jpg\" alt=\"Fotografia de productes de cosm\u00e8tica per Sensilis\" width=\"420\" height=\"280\" \/><\/a><p class=\"jig-HTMLdescription\">Fotografia de productes de cosm\u00e8tica per Sensilis<br\/>Sensilis_006<\/p><\/li><li><a href=\"https:\/\/guillemcalatrava.com\/wp-content\/gallery\/product\/Sensilis_003.jpg\" title=\"Sensilis_003\"><img loading=\"lazy\" decoding=\"async\" src=\"https:\/\/guillemcalatrava.com\/wp-content\/plugins\/justified-image-grid\/timthumb.php?src=https%3A%2F%2Fguillemcalatrava.com%2Fwp-content%2Fgallery%2Fproduct%2FSensilis_003.jpg&amp;h=280&amp;q=90&amp;f=.jpg\" alt=\"Fotografia de productes de cosm\u00e8tica per Sensilis\" width=\"420\" height=\"280\" \/><\/a><p class=\"jig-HTMLdescription\">Fotografia de productes de cosm\u00e8tica per Sensilis<br\/>Sensilis_003<\/p><\/li><li><a href=\"https:\/\/guillemcalatrava.com\/wp-content\/gallery\/product\/MapsTherapy_003.jpg\" title=\"MapsTherapy_003\"><img loading=\"lazy\" decoding=\"async\" src=\"https:\/\/guillemcalatrava.com\/wp-content\/plugins\/justified-image-grid\/timthumb.php?src=https%3A%2F%2Fguillemcalatrava.com%2Fwp-content%2Fgallery%2Fproduct%2FMapsTherapy_003.jpg&amp;h=280&amp;q=90&amp;f=.jpg\" alt=\"Fotografia de taules de treball per fisioterapia de Maps Therapy\" width=\"420\" height=\"280\" \/><\/a><p class=\"jig-HTMLdescription\">Fotografia de taules de treball per fisioterapia de Maps Therapy<br\/>MapsTherapy_003<\/p><\/li><li><a href=\"https:\/\/guillemcalatrava.com\/wp-content\/gallery\/product\/Alcampo_007.jpg\" title=\"Alcampo_007\"><img loading=\"lazy\" decoding=\"async\" src=\"https:\/\/guillemcalatrava.com\/wp-content\/plugins\/justified-image-grid\/timthumb.php?src=https%3A%2F%2Fguillemcalatrava.com%2Fwp-content%2Fgallery%2Fproduct%2FAlcampo_007.jpg&amp;h=280&amp;q=90&amp;f=.jpg\" alt=\"Fotografies pel cat\u00e0leg promocional del Alcampo Sant Quirze del Vall\u00e8s\" width=\"420\" height=\"280\" \/><\/a><p class=\"jig-HTMLdescription\">Fotografies pel cat\u00e0leg promocional del Alcampo Sant Quirze del Vall\u00e8s<br\/>Alcampo_007<\/p><\/li><li><a href=\"https:\/\/guillemcalatrava.com\/wp-content\/gallery\/product\/GCM13488.jpg\" title=\"GCM13488\"><img loading=\"lazy\" decoding=\"async\" src=\"https:\/\/guillemcalatrava.com\/wp-content\/plugins\/justified-image-grid\/timthumb.php?src=https%3A%2F%2Fguillemcalatrava.com%2Fwp-content%2Fgallery%2Fproduct%2FGCM13488.jpg&amp;h=280&amp;q=90&amp;f=.jpg\" alt=\"Fotografia de plats per la web i boitga online de El Bon Rebost\" width=\"420\" height=\"280\" \/><\/a><p class=\"jig-HTMLdescription\">Fotografia de plats per la web i boitga online de El Bon Rebost<br\/>GCM13488<\/p><\/li><li><a href=\"https:\/\/guillemcalatrava.com\/wp-content\/gallery\/product\/GCM13569.jpg\" title=\"GCM13569\"><img loading=\"lazy\" decoding=\"async\" src=\"https:\/\/guillemcalatrava.com\/wp-content\/plugins\/justified-image-grid\/timthumb.php?src=https%3A%2F%2Fguillemcalatrava.com%2Fwp-content%2Fgallery%2Fproduct%2FGCM13569.jpg&amp;h=280&amp;q=90&amp;f=.jpg\" alt=\"Fotografia de plats per la web i boitga online de El Bon Rebost\" width=\"420\" height=\"280\" \/><\/a><p class=\"jig-HTMLdescription\">Fotografia de plats per la web i boitga online de El Bon Rebost<br\/>GCM13569<\/p><\/li><\/ul><\/noscript><\/div>\n<p>[\/et_pb_text][\/et_pb_column][\/et_pb_row][\/et_pb_section]<\/p>\n","protected":false},"excerpt":{"rendered":"<p>&nbsp; La fotografia corporativa engloba diversos tipus de fotografia, sigui de la pr\u00f2pia empresa, de les seves instal\u00b7lacions, dels seus serveis, dels seus productes o dels seus empleats. El meu objectiu \u00e9s reflectir la identitat i la cultura de l&#8217;empresa, i proporcionar una imatge professional i de confian\u00e7a per als clients i el p\u00fablic en [&hellip;]<\/p>\n","protected":false},"author":2,"featured_media":0,"parent":0,"menu_order":0,"comment_status":"closed","ping_status":"closed","template":"","meta":{"_et_pb_use_builder":"on","_et_pb_old_content":"","_et_gb_content_width":"","ngg_post_thumbnail":0,"footnotes":""},"class_list":["post-236358","page","type-page","status-publish","hentry"],"_links":{"self":[{"href":"https:\/\/guillemcalatrava.com\/ca\/wp-json\/wp\/v2\/pages\/236358","targetHints":{"allow":["GET"]}}],"collection":[{"href":"https:\/\/guillemcalatrava.com\/ca\/wp-json\/wp\/v2\/pages"}],"about":[{"href":"https:\/\/guillemcalatrava.com\/ca\/wp-json\/wp\/v2\/types\/page"}],"author":[{"embeddable":true,"href":"https:\/\/guillemcalatrava.com\/ca\/wp-json\/wp\/v2\/users\/2"}],"replies":[{"embeddable":true,"href":"https:\/\/guillemcalatrava.com\/ca\/wp-json\/wp\/v2\/comments?post=236358"}],"version-history":[{"count":0,"href":"https:\/\/guillemcalatrava.com\/ca\/wp-json\/wp\/v2\/pages\/236358\/revisions"}],"wp:attachment":[{"href":"https:\/\/guillemcalatrava.com\/ca\/wp-json\/wp\/v2\/media?parent=236358"}],"curies":[{"name":"wp","href":"https:\/\/api.w.org\/{rel}","templated":true}]}}